{"id":1161,"date":"2020-02-03T16:33:35","date_gmt":"2020-02-03T15:33:35","guid":{"rendered":"http:\/\/deco.com.pl\/?page_id=1161"},"modified":"2021-02-21T15:46:22","modified_gmt":"2021-02-21T14:46:22","slug":"dachowki-plaskie","status":"publish","type":"page","link":"https:\/\/deco.com.pl\/index.php\/galeria\/dachowki-plaskie\/","title":{"rendered":"DACH\u00d3WKI P\u0141ASKIE"},"content":{"rendered":"\t\t<div data-elementor-type=\"wp-page\" data-elementor-id=\"1161\" class=\"elementor elementor-1161\" data-elementor-settings=\"[]\">\n\t\t\t<div class=\"elementor-inner\">\n\t\t\t\t<div class=\"elementor-section-wrap\">\n\t\t\t\t\t\t\t<section class=\"elementor-element elementor-element-318cab6f elementor-section-boxed elementor-section-height-default elementor-section-height-default elementor-invisible elementor-section elementor-top-section\" data-id=\"318cab6f\" data-element_type=\"section\" data-settings=\"{&quot;animation&quot;:&quot;fadeIn&quot;}\">\n\t\t\t\t\t\t<div class=\"elementor-container elementor-column-gap-default\">\n\t\t\t\t<div class=\"elementor-row\">\n\t\t\t\t<div class=\"elementor-element elementor-element-54efa4f7 elementor-column elementor-col-100 elementor-top-column\" data-id=\"54efa4f7\" data-element_type=\"column\">\n\t\t\t<div class=\"elementor-column-wrap  elementor-element-populated\">\n\t\t\t\t\t<div class=\"elementor-widget-wrap\">\n\t\t\t\t<div class=\"elementor-element elementor-element-364d0abf gallery-spacing-custom elementor-widget elementor-widget-image-gallery\" data-id=\"364d0abf\" data-element_type=\"widget\" data-widget_type=\"image-gallery.default\">\n\t\t\t\t<div class=\"elementor-widget-container\">\n\t\t\t\t\t<div class=\"elementor-image-gallery\">\n\t\t\t<div id='gallery-1' class='gallery galleryid-1161 gallery-columns-3 gallery-size-full'><figure class='gallery-item'>\n\t\t\t<div class='gallery-icon landscape'>\n\t\t\t\t<a data-elementor-open-lightbox=\"default\" data-elementor-lightbox-slideshow=\"364d0abf\" href='https:\/\/deco.com.pl\/wp-content\/uploads\/2020\/01\/Braas-Teviva-Cisar-grafit-2-scaled.jpg'><img loading=\"lazy\" decoding=\"async\" width=\"2560\" height=\"1244\" src=\"https:\/\/deco.com.pl\/wp-content\/uploads\/2020\/01\/Braas-Teviva-Cisar-grafit-2-scaled.jpg\" class=\"attachment-full size-full\" alt=\"\" aria-describedby=\"gallery-1-957\" srcset=\"https:\/\/deco.com.pl\/wp-content\/uploads\/2020\/01\/Braas-Teviva-Cisar-grafit-2-scaled.jpg 2560w, https:\/\/deco.com.pl\/wp-content\/uploads\/2020\/01\/Braas-Teviva-Cisar-grafit-2-300x146.jpg 300w, https:\/\/deco.com.pl\/wp-content\/uploads\/2020\/01\/Braas-Teviva-Cisar-grafit-2-1024x498.jpg 1024w, https:\/\/deco.com.pl\/wp-content\/uploads\/2020\/01\/Braas-Teviva-Cisar-grafit-2-768x373.jpg 768w, https:\/\/deco.com.pl\/wp-content\/uploads\/2020\/01\/Braas-Teviva-Cisar-grafit-2-1536x747.jpg 1536w, https:\/\/deco.com.pl\/wp-content\/uploads\/2020\/01\/Braas-Teviva-Cisar-grafit-2-2048x996.jpg 2048w\" sizes=\"(max-width: 2560px) 100vw, 2560px\" \/><\/a>\n\t\t\t<\/div>\n\t\t\t\t<figcaption class='wp-caption-text gallery-caption' id='gallery-1-957'>\n\t\t\t\tBraas Teviva Cisar grafit\n\t\t\t\t<\/figcaption><\/figure><figure class='gallery-item'>\n\t\t\t<div class='gallery-icon landscape'>\n\t\t\t\t<a data-elementor-open-lightbox=\"default\" data-elementor-lightbox-slideshow=\"364d0abf\" href='https:\/\/deco.com.pl\/wp-content\/uploads\/2020\/01\/Braas-Teviva-cisar-grafit-scaled.jpg'><img loading=\"lazy\" decoding=\"async\" width=\"2560\" height=\"1244\" src=\"https:\/\/deco.com.pl\/wp-content\/uploads\/2020\/01\/Braas-Teviva-cisar-grafit-scaled.jpg\" class=\"attachment-full size-full\" alt=\"\" aria-describedby=\"gallery-1-958\" srcset=\"https:\/\/deco.com.pl\/wp-content\/uploads\/2020\/01\/Braas-Teviva-cisar-grafit-scaled.jpg 2560w, https:\/\/deco.com.pl\/wp-content\/uploads\/2020\/01\/Braas-Teviva-cisar-grafit-300x146.jpg 300w, https:\/\/deco.com.pl\/wp-content\/uploads\/2020\/01\/Braas-Teviva-cisar-grafit-1024x498.jpg 1024w, https:\/\/deco.com.pl\/wp-content\/uploads\/2020\/01\/Braas-Teviva-cisar-grafit-768x373.jpg 768w, https:\/\/deco.com.pl\/wp-content\/uploads\/2020\/01\/Braas-Teviva-cisar-grafit-1536x747.jpg 1536w, https:\/\/deco.com.pl\/wp-content\/uploads\/2020\/01\/Braas-Teviva-cisar-grafit-2048x996.jpg 2048w\" sizes=\"(max-width: 2560px) 100vw, 2560px\" \/><\/a>\n\t\t\t<\/div>\n\t\t\t\t<figcaption class='wp-caption-text gallery-caption' id='gallery-1-958'>\n\t\t\t\tBraas Teviva cisar grafit\n\t\t\t\t<\/figcaption><\/figure><figure class='gallery-item'>\n\t\t\t<div class='gallery-icon landscape'>\n\t\t\t\t<a data-elementor-open-lightbox=\"default\" data-elementor-lightbox-slideshow=\"364d0abf\" href='https:\/\/deco.com.pl\/wp-content\/uploads\/2020\/01\/Braas-Turmalin-antracyt-scaled.jpg'><img loading=\"lazy\" decoding=\"async\" width=\"2560\" height=\"1244\" src=\"https:\/\/deco.com.pl\/wp-content\/uploads\/2020\/01\/Braas-Turmalin-antracyt-scaled.jpg\" class=\"attachment-full size-full\" alt=\"\" aria-describedby=\"gallery-1-959\" srcset=\"https:\/\/deco.com.pl\/wp-content\/uploads\/2020\/01\/Braas-Turmalin-antracyt-scaled.jpg 2560w, https:\/\/deco.com.pl\/wp-content\/uploads\/2020\/01\/Braas-Turmalin-antracyt-300x146.jpg 300w, https:\/\/deco.com.pl\/wp-content\/uploads\/2020\/01\/Braas-Turmalin-antracyt-1024x498.jpg 1024w, https:\/\/deco.com.pl\/wp-content\/uploads\/2020\/01\/Braas-Turmalin-antracyt-768x373.jpg 768w, https:\/\/deco.com.pl\/wp-content\/uploads\/2020\/01\/Braas-Turmalin-antracyt-1536x747.jpg 1536w, https:\/\/deco.com.pl\/wp-content\/uploads\/2020\/01\/Braas-Turmalin-antracyt-2048x996.jpg 2048w\" sizes=\"(max-width: 2560px) 100vw, 2560px\" \/><\/a>\n\t\t\t<\/div>\n\t\t\t\t<figcaption class='wp-caption-text gallery-caption' id='gallery-1-959'>\n\t\t\t\tBraas Turmalin antracyt\n\t\t\t\t<\/figcaption><\/figure><figure class='gallery-item'>\n\t\t\t<div class='gallery-icon landscape'>\n\t\t\t\t<a data-elementor-open-lightbox=\"default\" data-elementor-lightbox-slideshow=\"364d0abf\" href='https:\/\/deco.com.pl\/wp-content\/uploads\/2020\/01\/Braas-Turmalin-jasnoszara-glazura-scaled.jpg'><img loading=\"lazy\" decoding=\"async\" width=\"2560\" height=\"1440\" src=\"https:\/\/deco.com.pl\/wp-content\/uploads\/2020\/01\/Braas-Turmalin-jasnoszara-glazura-scaled.jpg\" class=\"attachment-full size-full\" alt=\"\" aria-describedby=\"gallery-1-960\" srcset=\"https:\/\/deco.com.pl\/wp-content\/uploads\/2020\/01\/Braas-Turmalin-jasnoszara-glazura-scaled.jpg 2560w, https:\/\/deco.com.pl\/wp-content\/uploads\/2020\/01\/Braas-Turmalin-jasnoszara-glazura-300x169.jpg 300w, https:\/\/deco.com.pl\/wp-content\/uploads\/2020\/01\/Braas-Turmalin-jasnoszara-glazura-1024x576.jpg 1024w, https:\/\/deco.com.pl\/wp-content\/uploads\/2020\/01\/Braas-Turmalin-jasnoszara-glazura-768x432.jpg 768w, https:\/\/deco.com.pl\/wp-content\/uploads\/2020\/01\/Braas-Turmalin-jasnoszara-glazura-1536x864.jpg 1536w, https:\/\/deco.com.pl\/wp-content\/uploads\/2020\/01\/Braas-Turmalin-jasnoszara-glazura-2048x1152.jpg 2048w\" sizes=\"(max-width: 2560px) 100vw, 2560px\" \/><\/a>\n\t\t\t<\/div>\n\t\t\t\t<figcaption class='wp-caption-text gallery-caption' id='gallery-1-960'>\n\t\t\t\tBraas Turmalin jasnoszara \n\t\t\t\t<\/figcaption><\/figure><figure class='gallery-item'>\n\t\t\t<div class='gallery-icon landscape'>\n\t\t\t\t<a data-elementor-open-lightbox=\"default\" data-elementor-lightbox-slideshow=\"364d0abf\" href='https:\/\/deco.com.pl\/wp-content\/uploads\/2020\/01\/Braas-Turmalin-szary-kryszta\u0142-scaled.jpg'><img loading=\"lazy\" decoding=\"async\" width=\"2560\" height=\"1440\" src=\"https:\/\/deco.com.pl\/wp-content\/uploads\/2020\/01\/Braas-Turmalin-szary-kryszta\u0142-scaled.jpg\" class=\"attachment-full size-full\" alt=\"\" aria-describedby=\"gallery-1-961\" srcset=\"https:\/\/deco.com.pl\/wp-content\/uploads\/2020\/01\/Braas-Turmalin-szary-kryszta\u0142-scaled.jpg 2560w, https:\/\/deco.com.pl\/wp-content\/uploads\/2020\/01\/Braas-Turmalin-szary-kryszta\u0142-300x169.jpg 300w, https:\/\/deco.com.pl\/wp-content\/uploads\/2020\/01\/Braas-Turmalin-szary-kryszta\u0142-1024x576.jpg 1024w, https:\/\/deco.com.pl\/wp-content\/uploads\/2020\/01\/Braas-Turmalin-szary-kryszta\u0142-768x432.jpg 768w, https:\/\/deco.com.pl\/wp-content\/uploads\/2020\/01\/Braas-Turmalin-szary-kryszta\u0142-1536x864.jpg 1536w, https:\/\/deco.com.pl\/wp-content\/uploads\/2020\/01\/Braas-Turmalin-szary-kryszta\u0142-2048x1152.jpg 2048w\" sizes=\"(max-width: 2560px) 100vw, 2560px\" \/><\/a>\n\t\t\t<\/div>\n\t\t\t\t<figcaption class='wp-caption-text gallery-caption' id='gallery-1-961'>\n\t\t\t\tBraas Turmalin szary kryszta\u0142\n\t\t\t\t<\/figcaption><\/figure><figure class='gallery-item'>\n\t\t\t<div class='gallery-icon landscape'>\n\t\t\t\t<a data-elementor-open-lightbox=\"default\" data-elementor-lightbox-slideshow=\"364d0abf\" href='https:\/\/deco.com.pl\/wp-content\/uploads\/2020\/01\/Creaton-Domino-czarna-glazura-2-scaled.jpg'><img loading=\"lazy\" decoding=\"async\" width=\"2560\" height=\"1440\" src=\"https:\/\/deco.com.pl\/wp-content\/uploads\/2020\/01\/Creaton-Domino-czarna-glazura-2-scaled.jpg\" class=\"attachment-full size-full\" alt=\"\" aria-describedby=\"gallery-1-962\" srcset=\"https:\/\/deco.com.pl\/wp-content\/uploads\/2020\/01\/Creaton-Domino-czarna-glazura-2-scaled.jpg 2560w, https:\/\/deco.com.pl\/wp-content\/uploads\/2020\/01\/Creaton-Domino-czarna-glazura-2-300x169.jpg 300w, https:\/\/deco.com.pl\/wp-content\/uploads\/2020\/01\/Creaton-Domino-czarna-glazura-2-1024x576.jpg 1024w, https:\/\/deco.com.pl\/wp-content\/uploads\/2020\/01\/Creaton-Domino-czarna-glazura-2-768x432.jpg 768w, https:\/\/deco.com.pl\/wp-content\/uploads\/2020\/01\/Creaton-Domino-czarna-glazura-2-1536x864.jpg 1536w, https:\/\/deco.com.pl\/wp-content\/uploads\/2020\/01\/Creaton-Domino-czarna-glazura-2-2048x1152.jpg 2048w\" sizes=\"(max-width: 2560px) 100vw, 2560px\" \/><\/a>\n\t\t\t<\/div>\n\t\t\t\t<figcaption class='wp-caption-text gallery-caption' id='gallery-1-962'>\n\t\t\t\tCreaton Domino czarna glazura (2)\n\t\t\t\t<\/figcaption><\/figure><figure class='gallery-item'>\n\t\t\t<div class='gallery-icon landscape'>\n\t\t\t\t<a data-elementor-open-lightbox=\"default\" data-elementor-lightbox-slideshow=\"364d0abf\" href='https:\/\/deco.com.pl\/wp-content\/uploads\/2020\/01\/Creaton-Domino-czarna-glazura.jpg'><img loading=\"lazy\" decoding=\"async\" width=\"2361\" height=\"1485\" src=\"https:\/\/deco.com.pl\/wp-content\/uploads\/2020\/01\/Creaton-Domino-czarna-glazura.jpg\" class=\"attachment-full size-full\" alt=\"\" aria-describedby=\"gallery-1-963\" srcset=\"https:\/\/deco.com.pl\/wp-content\/uploads\/2020\/01\/Creaton-Domino-czarna-glazura.jpg 2361w, https:\/\/deco.com.pl\/wp-content\/uploads\/2020\/01\/Creaton-Domino-czarna-glazura-300x189.jpg 300w, https:\/\/deco.com.pl\/wp-content\/uploads\/2020\/01\/Creaton-Domino-czarna-glazura-1024x644.jpg 1024w, https:\/\/deco.com.pl\/wp-content\/uploads\/2020\/01\/Creaton-Domino-czarna-glazura-768x483.jpg 768w, https:\/\/deco.com.pl\/wp-content\/uploads\/2020\/01\/Creaton-Domino-czarna-glazura-1536x966.jpg 1536w, https:\/\/deco.com.pl\/wp-content\/uploads\/2020\/01\/Creaton-Domino-czarna-glazura-2048x1288.jpg 2048w\" sizes=\"(max-width: 2361px) 100vw, 2361px\" \/><\/a>\n\t\t\t<\/div>\n\t\t\t\t<figcaption class='wp-caption-text gallery-caption' id='gallery-1-963'>\n\t\t\t\tCreaton Domino czarna glazura\n\t\t\t\t<\/figcaption><\/figure><figure class='gallery-item'>\n\t\t\t<div class='gallery-icon landscape'>\n\t\t\t\t<a data-elementor-open-lightbox=\"default\" data-elementor-lightbox-slideshow=\"364d0abf\" href='https:\/\/deco.com.pl\/wp-content\/uploads\/2020\/01\/Creaton-Domino-czarny-mat-2-scaled.jpg'><img loading=\"lazy\" decoding=\"async\" width=\"2560\" height=\"1440\" src=\"https:\/\/deco.com.pl\/wp-content\/uploads\/2020\/01\/Creaton-Domino-czarny-mat-2-scaled.jpg\" class=\"attachment-full size-full\" alt=\"\" aria-describedby=\"gallery-1-964\" srcset=\"https:\/\/deco.com.pl\/wp-content\/uploads\/2020\/01\/Creaton-Domino-czarny-mat-2-scaled.jpg 2560w, https:\/\/deco.com.pl\/wp-content\/uploads\/2020\/01\/Creaton-Domino-czarny-mat-2-300x169.jpg 300w, https:\/\/deco.com.pl\/wp-content\/uploads\/2020\/01\/Creaton-Domino-czarny-mat-2-1024x576.jpg 1024w, https:\/\/deco.com.pl\/wp-content\/uploads\/2020\/01\/Creaton-Domino-czarny-mat-2-768x432.jpg 768w, https:\/\/deco.com.pl\/wp-content\/uploads\/2020\/01\/Creaton-Domino-czarny-mat-2-1536x864.jpg 1536w, https:\/\/deco.com.pl\/wp-content\/uploads\/2020\/01\/Creaton-Domino-czarny-mat-2-2048x1152.jpg 2048w\" sizes=\"(max-width: 2560px) 100vw, 2560px\" \/><\/a>\n\t\t\t<\/div>\n\t\t\t\t<figcaption class='wp-caption-text gallery-caption' id='gallery-1-964'>\n\t\t\t\tCreaton Domino czarny mat (2)\n\t\t\t\t<\/figcaption><\/figure><figure class='gallery-item'>\n\t\t\t<div class='gallery-icon landscape'>\n\t\t\t\t<a data-elementor-open-lightbox=\"default\" data-elementor-lightbox-slideshow=\"364d0abf\" href='https:\/\/deco.com.pl\/wp-content\/uploads\/2020\/01\/Creaton-Domino-czarny-mat-3-scaled.jpg'><img loading=\"lazy\" decoding=\"async\" width=\"2560\" height=\"1440\" src=\"https:\/\/deco.com.pl\/wp-content\/uploads\/2020\/01\/Creaton-Domino-czarny-mat-3-scaled.jpg\" class=\"attachment-full size-full\" alt=\"\" aria-describedby=\"gallery-1-965\" srcset=\"https:\/\/deco.com.pl\/wp-content\/uploads\/2020\/01\/Creaton-Domino-czarny-mat-3-scaled.jpg 2560w, https:\/\/deco.com.pl\/wp-content\/uploads\/2020\/01\/Creaton-Domino-czarny-mat-3-300x169.jpg 300w, https:\/\/deco.com.pl\/wp-content\/uploads\/2020\/01\/Creaton-Domino-czarny-mat-3-1024x576.jpg 1024w, https:\/\/deco.com.pl\/wp-content\/uploads\/2020\/01\/Creaton-Domino-czarny-mat-3-768x432.jpg 768w, https:\/\/deco.com.pl\/wp-content\/uploads\/2020\/01\/Creaton-Domino-czarny-mat-3-1536x864.jpg 1536w, https:\/\/deco.com.pl\/wp-content\/uploads\/2020\/01\/Creaton-Domino-czarny-mat-3-2048x1152.jpg 2048w\" sizes=\"(max-width: 2560px) 100vw, 2560px\" \/><\/a>\n\t\t\t<\/div>\n\t\t\t\t<figcaption class='wp-caption-text gallery-caption' id='gallery-1-965'>\n\t\t\t\tCreaton Domino czarny mat (3)\n\t\t\t\t<\/figcaption><\/figure><figure class='gallery-item'>\n\t\t\t<div class='gallery-icon landscape'>\n\t\t\t\t<a data-elementor-open-lightbox=\"default\" data-elementor-lightbox-slideshow=\"364d0abf\" href='https:\/\/deco.com.pl\/wp-content\/uploads\/2020\/01\/Creaton-Domino-czarny-mat-4-scaled.jpg'><img loading=\"lazy\" decoding=\"async\" width=\"2560\" height=\"1244\" src=\"https:\/\/deco.com.pl\/wp-content\/uploads\/2020\/01\/Creaton-Domino-czarny-mat-4-scaled.jpg\" class=\"attachment-full size-full\" alt=\"\" aria-describedby=\"gallery-1-966\" srcset=\"https:\/\/deco.com.pl\/wp-content\/uploads\/2020\/01\/Creaton-Domino-czarny-mat-4-scaled.jpg 2560w, https:\/\/deco.com.pl\/wp-content\/uploads\/2020\/01\/Creaton-Domino-czarny-mat-4-300x146.jpg 300w, https:\/\/deco.com.pl\/wp-content\/uploads\/2020\/01\/Creaton-Domino-czarny-mat-4-1024x498.jpg 1024w, https:\/\/deco.com.pl\/wp-content\/uploads\/2020\/01\/Creaton-Domino-czarny-mat-4-768x373.jpg 768w, https:\/\/deco.com.pl\/wp-content\/uploads\/2020\/01\/Creaton-Domino-czarny-mat-4-1536x747.jpg 1536w, https:\/\/deco.com.pl\/wp-content\/uploads\/2020\/01\/Creaton-Domino-czarny-mat-4-2048x996.jpg 2048w\" sizes=\"(max-width: 2560px) 100vw, 2560px\" \/><\/a>\n\t\t\t<\/div>\n\t\t\t\t<figcaption class='wp-caption-text gallery-caption' id='gallery-1-966'>\n\t\t\t\tCreaton Domino czarny mat (4)\n\t\t\t\t<\/figcaption><\/figure><figure class='gallery-item'>\n\t\t\t<div class='gallery-icon landscape'>\n\t\t\t\t<a data-elementor-open-lightbox=\"default\" data-elementor-lightbox-slideshow=\"364d0abf\" href='https:\/\/deco.com.pl\/wp-content\/uploads\/2020\/01\/Creaton-Domino-czarny-mat-5-scaled.jpg'><img loading=\"lazy\" decoding=\"async\" width=\"2560\" height=\"1439\" src=\"https:\/\/deco.com.pl\/wp-content\/uploads\/2020\/01\/Creaton-Domino-czarny-mat-5-scaled.jpg\" class=\"attachment-full size-full\" alt=\"\" aria-describedby=\"gallery-1-967\" srcset=\"https:\/\/deco.com.pl\/wp-content\/uploads\/2020\/01\/Creaton-Domino-czarny-mat-5-scaled.jpg 2560w, https:\/\/deco.com.pl\/wp-content\/uploads\/2020\/01\/Creaton-Domino-czarny-mat-5-300x169.jpg 300w, https:\/\/deco.com.pl\/wp-content\/uploads\/2020\/01\/Creaton-Domino-czarny-mat-5-1024x576.jpg 1024w, https:\/\/deco.com.pl\/wp-content\/uploads\/2020\/01\/Creaton-Domino-czarny-mat-5-768x432.jpg 768w, https:\/\/deco.com.pl\/wp-content\/uploads\/2020\/01\/Creaton-Domino-czarny-mat-5-1536x864.jpg 1536w, https:\/\/deco.com.pl\/wp-content\/uploads\/2020\/01\/Creaton-Domino-czarny-mat-5-2048x1151.jpg 2048w\" sizes=\"(max-width: 2560px) 100vw, 2560px\" \/><\/a>\n\t\t\t<\/div>\n\t\t\t\t<figcaption class='wp-caption-text gallery-caption' id='gallery-1-967'>\n\t\t\t\tCreaton Domino czarny mat (5)\n\t\t\t\t<\/figcaption><\/figure><figure class='gallery-item'>\n\t\t\t<div class='gallery-icon landscape'>\n\t\t\t\t<a data-elementor-open-lightbox=\"default\" data-elementor-lightbox-slideshow=\"364d0abf\" href='https:\/\/deco.com.pl\/wp-content\/uploads\/2020\/01\/Creaton-Domino-czarny-mat-scaled.jpg'><img loading=\"lazy\" decoding=\"async\" width=\"2560\" height=\"1440\" src=\"https:\/\/deco.com.pl\/wp-content\/uploads\/2020\/01\/Creaton-Domino-czarny-mat-scaled.jpg\" class=\"attachment-full size-full\" alt=\"\" aria-describedby=\"gallery-1-968\" srcset=\"https:\/\/deco.com.pl\/wp-content\/uploads\/2020\/01\/Creaton-Domino-czarny-mat-scaled.jpg 2560w, https:\/\/deco.com.pl\/wp-content\/uploads\/2020\/01\/Creaton-Domino-czarny-mat-300x169.jpg 300w, https:\/\/deco.com.pl\/wp-content\/uploads\/2020\/01\/Creaton-Domino-czarny-mat-1024x576.jpg 1024w, https:\/\/deco.com.pl\/wp-content\/uploads\/2020\/01\/Creaton-Domino-czarny-mat-768x432.jpg 768w, https:\/\/deco.com.pl\/wp-content\/uploads\/2020\/01\/Creaton-Domino-czarny-mat-1536x864.jpg 1536w, https:\/\/deco.com.pl\/wp-content\/uploads\/2020\/01\/Creaton-Domino-czarny-mat-2048x1152.jpg 2048w\" sizes=\"(max-width: 2560px) 100vw, 2560px\" \/><\/a>\n\t\t\t<\/div>\n\t\t\t\t<figcaption class='wp-caption-text gallery-caption' id='gallery-1-968'>\n\t\t\t\tCreaton Domino czarny mat\n\t\t\t\t<\/figcaption><\/figure><figure class='gallery-item'>\n\t\t\t<div class='gallery-icon landscape'>\n\t\t\t\t<a data-elementor-open-lightbox=\"default\" data-elementor-lightbox-slideshow=\"364d0abf\" href='https:\/\/deco.com.pl\/wp-content\/uploads\/2020\/01\/Creaton-Domino-\u0142upek-angoba-scaled.jpg'><img loading=\"lazy\" decoding=\"async\" width=\"2560\" height=\"1244\" src=\"https:\/\/deco.com.pl\/wp-content\/uploads\/2020\/01\/Creaton-Domino-\u0142upek-angoba-scaled.jpg\" class=\"attachment-full size-full\" alt=\"\" aria-describedby=\"gallery-1-969\" srcset=\"https:\/\/deco.com.pl\/wp-content\/uploads\/2020\/01\/Creaton-Domino-\u0142upek-angoba-scaled.jpg 2560w, https:\/\/deco.com.pl\/wp-content\/uploads\/2020\/01\/Creaton-Domino-\u0142upek-angoba-300x146.jpg 300w, https:\/\/deco.com.pl\/wp-content\/uploads\/2020\/01\/Creaton-Domino-\u0142upek-angoba-1024x498.jpg 1024w, https:\/\/deco.com.pl\/wp-content\/uploads\/2020\/01\/Creaton-Domino-\u0142upek-angoba-768x373.jpg 768w, https:\/\/deco.com.pl\/wp-content\/uploads\/2020\/01\/Creaton-Domino-\u0142upek-angoba-1536x747.jpg 1536w, https:\/\/deco.com.pl\/wp-content\/uploads\/2020\/01\/Creaton-Domino-\u0142upek-angoba-2048x996.jpg 2048w\" sizes=\"(max-width: 2560px) 100vw, 2560px\" \/><\/a>\n\t\t\t<\/div>\n\t\t\t\t<figcaption class='wp-caption-text gallery-caption' id='gallery-1-969'>\n\t\t\t\tCreaton Domino \u0142upek angoba\n\t\t\t\t<\/figcaption><\/figure><figure class='gallery-item'>\n\t\t\t<div class='gallery-icon landscape'>\n\t\t\t\t<a data-elementor-open-lightbox=\"default\" data-elementor-lightbox-slideshow=\"364d0abf\" href='https:\/\/deco.com.pl\/wp-content\/uploads\/2020\/01\/Creaton-Domino-\u0141upek-glazura-scaled.jpg'><img loading=\"lazy\" decoding=\"async\" width=\"2560\" height=\"1708\" src=\"https:\/\/deco.com.pl\/wp-content\/uploads\/2020\/01\/Creaton-Domino-\u0141upek-glazura-scaled.jpg\" class=\"attachment-full size-full\" alt=\"\" aria-describedby=\"gallery-1-970\" srcset=\"https:\/\/deco.com.pl\/wp-content\/uploads\/2020\/01\/Creaton-Domino-\u0141upek-glazura-scaled.jpg 2560w, https:\/\/deco.com.pl\/wp-content\/uploads\/2020\/01\/Creaton-Domino-\u0141upek-glazura-300x200.jpg 300w, https:\/\/deco.com.pl\/wp-content\/uploads\/2020\/01\/Creaton-Domino-\u0141upek-glazura-1024x683.jpg 1024w, https:\/\/deco.com.pl\/wp-content\/uploads\/2020\/01\/Creaton-Domino-\u0141upek-glazura-768x512.jpg 768w, https:\/\/deco.com.pl\/wp-content\/uploads\/2020\/01\/Creaton-Domino-\u0141upek-glazura-1536x1025.jpg 1536w, https:\/\/deco.com.pl\/wp-content\/uploads\/2020\/01\/Creaton-Domino-\u0141upek-glazura-2048x1367.jpg 2048w\" sizes=\"(max-width: 2560px) 100vw, 2560px\" \/><\/a>\n\t\t\t<\/div>\n\t\t\t\t<figcaption class='wp-caption-text gallery-caption' id='gallery-1-970'>\n\t\t\t\tCreaton Domino \u0141upek glazura\n\t\t\t\t<\/figcaption><\/figure><figure class='gallery-item'>\n\t\t\t<div class='gallery-icon landscape'>\n\t\t\t\t<a data-elementor-open-lightbox=\"default\" data-elementor-lightbox-slideshow=\"364d0abf\" href='https:\/\/deco.com.pl\/wp-content\/uploads\/2020\/01\/Creaton-Kapstadt-grafit-scaled.jpg'><img loading=\"lazy\" decoding=\"async\" width=\"2560\" height=\"1708\" src=\"https:\/\/deco.com.pl\/wp-content\/uploads\/2020\/01\/Creaton-Kapstadt-grafit-scaled.jpg\" class=\"attachment-full size-full\" alt=\"\" aria-describedby=\"gallery-1-971\" srcset=\"https:\/\/deco.com.pl\/wp-content\/uploads\/2020\/01\/Creaton-Kapstadt-grafit-scaled.jpg 2560w, https:\/\/deco.com.pl\/wp-content\/uploads\/2020\/01\/Creaton-Kapstadt-grafit-300x200.jpg 300w, https:\/\/deco.com.pl\/wp-content\/uploads\/2020\/01\/Creaton-Kapstadt-grafit-1024x683.jpg 1024w, https:\/\/deco.com.pl\/wp-content\/uploads\/2020\/01\/Creaton-Kapstadt-grafit-768x512.jpg 768w, https:\/\/deco.com.pl\/wp-content\/uploads\/2020\/01\/Creaton-Kapstadt-grafit-1536x1025.jpg 1536w, https:\/\/deco.com.pl\/wp-content\/uploads\/2020\/01\/Creaton-Kapstadt-grafit-2048x1367.jpg 2048w\" sizes=\"(max-width: 2560px) 100vw, 2560px\" \/><\/a>\n\t\t\t<\/div>\n\t\t\t\t<figcaption class='wp-caption-text gallery-caption' id='gallery-1-971'>\n\t\t\t\tCreaton Kapstadt grafit\n\t\t\t\t<\/figcaption><\/figure><figure class='gallery-item'>\n\t\t\t<div class='gallery-icon landscape'>\n\t\t\t\t<a data-elementor-open-lightbox=\"default\" data-elementor-lightbox-slideshow=\"364d0abf\" href='https:\/\/deco.com.pl\/wp-content\/uploads\/2020\/01\/Creaton-Simpla-czarny-mat-scaled.jpg'><img loading=\"lazy\" decoding=\"async\" width=\"2560\" height=\"1244\" src=\"https:\/\/deco.com.pl\/wp-content\/uploads\/2020\/01\/Creaton-Simpla-czarny-mat-scaled.jpg\" class=\"attachment-full size-full\" alt=\"\" aria-describedby=\"gallery-1-972\" srcset=\"https:\/\/deco.com.pl\/wp-content\/uploads\/2020\/01\/Creaton-Simpla-czarny-mat-scaled.jpg 2560w, https:\/\/deco.com.pl\/wp-content\/uploads\/2020\/01\/Creaton-Simpla-czarny-mat-300x146.jpg 300w, https:\/\/deco.com.pl\/wp-content\/uploads\/2020\/01\/Creaton-Simpla-czarny-mat-1024x498.jpg 1024w, https:\/\/deco.com.pl\/wp-content\/uploads\/2020\/01\/Creaton-Simpla-czarny-mat-768x373.jpg 768w, https:\/\/deco.com.pl\/wp-content\/uploads\/2020\/01\/Creaton-Simpla-czarny-mat-1536x747.jpg 1536w, https:\/\/deco.com.pl\/wp-content\/uploads\/2020\/01\/Creaton-Simpla-czarny-mat-2048x996.jpg 2048w\" sizes=\"(max-width: 2560px) 100vw, 2560px\" \/><\/a>\n\t\t\t<\/div>\n\t\t\t\t<figcaption class='wp-caption-text gallery-caption' id='gallery-1-972'>\n\t\t\t\tCreaton Simpla czarny mat\n\t\t\t\t<\/figcaption><\/figure><figure class='gallery-item'>\n\t\t\t<div class='gallery-icon landscape'>\n\t\t\t\t<a data-elementor-open-lightbox=\"default\" data-elementor-lightbox-slideshow=\"364d0abf\" href='https:\/\/deco.com.pl\/wp-content\/uploads\/2020\/01\/Erlus-Linea-2-scaled.jpg'><img loading=\"lazy\" decoding=\"async\" width=\"2560\" height=\"1707\" src=\"https:\/\/deco.com.pl\/wp-content\/uploads\/2020\/01\/Erlus-Linea-2-scaled.jpg\" class=\"attachment-full size-full\" alt=\"\" aria-describedby=\"gallery-1-973\" srcset=\"https:\/\/deco.com.pl\/wp-content\/uploads\/2020\/01\/Erlus-Linea-2-scaled.jpg 2560w, https:\/\/deco.com.pl\/wp-content\/uploads\/2020\/01\/Erlus-Linea-2-300x200.jpg 300w, https:\/\/deco.com.pl\/wp-content\/uploads\/2020\/01\/Erlus-Linea-2-1024x683.jpg 1024w, https:\/\/deco.com.pl\/wp-content\/uploads\/2020\/01\/Erlus-Linea-2-768x512.jpg 768w, https:\/\/deco.com.pl\/wp-content\/uploads\/2020\/01\/Erlus-Linea-2-1536x1024.jpg 1536w, https:\/\/deco.com.pl\/wp-content\/uploads\/2020\/01\/Erlus-Linea-2-2048x1365.jpg 2048w\" sizes=\"(max-width: 2560px) 100vw, 2560px\" \/><\/a>\n\t\t\t<\/div>\n\t\t\t\t<figcaption class='wp-caption-text gallery-caption' id='gallery-1-973'>\n\t\t\t\tErlus Linea (2)\n\t\t\t\t<\/figcaption><\/figure><figure class='gallery-item'>\n\t\t\t<div class='gallery-icon landscape'>\n\t\t\t\t<a data-elementor-open-lightbox=\"default\" data-elementor-lightbox-slideshow=\"364d0abf\" href='https:\/\/deco.com.pl\/wp-content\/uploads\/2020\/01\/Erlus-Linea-3-scaled.jpg'><img loading=\"lazy\" decoding=\"async\" width=\"2560\" height=\"2020\" src=\"https:\/\/deco.com.pl\/wp-content\/uploads\/2020\/01\/Erlus-Linea-3-scaled.jpg\" class=\"attachment-full size-full\" alt=\"\" aria-describedby=\"gallery-1-974\" srcset=\"https:\/\/deco.com.pl\/wp-content\/uploads\/2020\/01\/Erlus-Linea-3-scaled.jpg 2560w, https:\/\/deco.com.pl\/wp-content\/uploads\/2020\/01\/Erlus-Linea-3-300x237.jpg 300w, https:\/\/deco.com.pl\/wp-content\/uploads\/2020\/01\/Erlus-Linea-3-1024x808.jpg 1024w, https:\/\/deco.com.pl\/wp-content\/uploads\/2020\/01\/Erlus-Linea-3-768x606.jpg 768w, https:\/\/deco.com.pl\/wp-content\/uploads\/2020\/01\/Erlus-Linea-3-1536x1212.jpg 1536w, https:\/\/deco.com.pl\/wp-content\/uploads\/2020\/01\/Erlus-Linea-3-2048x1616.jpg 2048w\" sizes=\"(max-width: 2560px) 100vw, 2560px\" \/><\/a>\n\t\t\t<\/div>\n\t\t\t\t<figcaption class='wp-caption-text gallery-caption' id='gallery-1-974'>\n\t\t\t\tErlus Linea\n\t\t\t\t<\/figcaption><\/figure><figure class='gallery-item'>\n\t\t\t<div class='gallery-icon landscape'>\n\t\t\t\t<a data-elementor-open-lightbox=\"default\" data-elementor-lightbox-slideshow=\"364d0abf\" href='https:\/\/deco.com.pl\/wp-content\/uploads\/2020\/01\/Erlus-Linea-4-scaled.jpg'><img loading=\"lazy\" decoding=\"async\" width=\"2560\" height=\"1653\" src=\"https:\/\/deco.com.pl\/wp-content\/uploads\/2020\/01\/Erlus-Linea-4-scaled.jpg\" class=\"attachment-full size-full\" alt=\"\" aria-describedby=\"gallery-1-975\" srcset=\"https:\/\/deco.com.pl\/wp-content\/uploads\/2020\/01\/Erlus-Linea-4-scaled.jpg 2560w, https:\/\/deco.com.pl\/wp-content\/uploads\/2020\/01\/Erlus-Linea-4-300x194.jpg 300w, https:\/\/deco.com.pl\/wp-content\/uploads\/2020\/01\/Erlus-Linea-4-1024x661.jpg 1024w, https:\/\/deco.com.pl\/wp-content\/uploads\/2020\/01\/Erlus-Linea-4-768x496.jpg 768w, https:\/\/deco.com.pl\/wp-content\/uploads\/2020\/01\/Erlus-Linea-4-1536x992.jpg 1536w, https:\/\/deco.com.pl\/wp-content\/uploads\/2020\/01\/Erlus-Linea-4-2048x1322.jpg 2048w\" sizes=\"(max-width: 2560px) 100vw, 2560px\" \/><\/a>\n\t\t\t<\/div>\n\t\t\t\t<figcaption class='wp-caption-text gallery-caption' id='gallery-1-975'>\n\t\t\t\tErlus Linea (4)\n\t\t\t\t<\/figcaption><\/figure><figure class='gallery-item'>\n\t\t\t<div class='gallery-icon landscape'>\n\t\t\t\t<a data-elementor-open-lightbox=\"default\" data-elementor-lightbox-slideshow=\"364d0abf\" href='https:\/\/deco.com.pl\/wp-content\/uploads\/2020\/01\/Erlus-Linea-5.jpg'><img loading=\"lazy\" decoding=\"async\" width=\"2463\" height=\"1610\" src=\"https:\/\/deco.com.pl\/wp-content\/uploads\/2020\/01\/Erlus-Linea-5.jpg\" class=\"attachment-full size-full\" alt=\"\" aria-describedby=\"gallery-1-976\" srcset=\"https:\/\/deco.com.pl\/wp-content\/uploads\/2020\/01\/Erlus-Linea-5.jpg 2463w, https:\/\/deco.com.pl\/wp-content\/uploads\/2020\/01\/Erlus-Linea-5-300x196.jpg 300w, https:\/\/deco.com.pl\/wp-content\/uploads\/2020\/01\/Erlus-Linea-5-1024x669.jpg 1024w, https:\/\/deco.com.pl\/wp-content\/uploads\/2020\/01\/Erlus-Linea-5-768x502.jpg 768w, https:\/\/deco.com.pl\/wp-content\/uploads\/2020\/01\/Erlus-Linea-5-1536x1004.jpg 1536w, https:\/\/deco.com.pl\/wp-content\/uploads\/2020\/01\/Erlus-Linea-5-2048x1339.jpg 2048w\" sizes=\"(max-width: 2463px) 100vw, 2463px\" \/><\/a>\n\t\t\t<\/div>\n\t\t\t\t<figcaption class='wp-caption-text gallery-caption' id='gallery-1-976'>\n\t\t\t\tErlus Linea (5)\n\t\t\t\t<\/figcaption><\/figure><figure class='gallery-item'>\n\t\t\t<div class='gallery-icon landscape'>\n\t\t\t\t<a data-elementor-open-lightbox=\"default\" data-elementor-lightbox-slideshow=\"364d0abf\" href='https:\/\/deco.com.pl\/wp-content\/uploads\/2020\/01\/Erlus-Linea-czarny-mat-2.jpg'><img loading=\"lazy\" decoding=\"async\" width=\"2436\" height=\"1841\" src=\"https:\/\/deco.com.pl\/wp-content\/uploads\/2020\/01\/Erlus-Linea-czarny-mat-2.jpg\" class=\"attachment-full size-full\" alt=\"\" aria-describedby=\"gallery-1-977\" srcset=\"https:\/\/deco.com.pl\/wp-content\/uploads\/2020\/01\/Erlus-Linea-czarny-mat-2.jpg 2436w, https:\/\/deco.com.pl\/wp-content\/uploads\/2020\/01\/Erlus-Linea-czarny-mat-2-300x227.jpg 300w, https:\/\/deco.com.pl\/wp-content\/uploads\/2020\/01\/Erlus-Linea-czarny-mat-2-1024x774.jpg 1024w, https:\/\/deco.com.pl\/wp-content\/uploads\/2020\/01\/Erlus-Linea-czarny-mat-2-768x580.jpg 768w, https:\/\/deco.com.pl\/wp-content\/uploads\/2020\/01\/Erlus-Linea-czarny-mat-2-1536x1161.jpg 1536w, https:\/\/deco.com.pl\/wp-content\/uploads\/2020\/01\/Erlus-Linea-czarny-mat-2-2048x1548.jpg 2048w\" sizes=\"(max-width: 2436px) 100vw, 2436px\" \/><\/a>\n\t\t\t<\/div>\n\t\t\t\t<figcaption class='wp-caption-text gallery-caption' id='gallery-1-977'>\n\t\t\t\tErlus Linea czarny mat (2)\n\t\t\t\t<\/figcaption><\/figure><figure class='gallery-item'>\n\t\t\t<div class='gallery-icon landscape'>\n\t\t\t\t<a data-elementor-open-lightbox=\"default\" data-elementor-lightbox-slideshow=\"364d0abf\" href='https:\/\/deco.com.pl\/wp-content\/uploads\/2020\/01\/Erlus-Linea-czarny-mat-3-scaled.jpg'><img loading=\"lazy\" decoding=\"async\" width=\"2560\" height=\"1440\" src=\"https:\/\/deco.com.pl\/wp-content\/uploads\/2020\/01\/Erlus-Linea-czarny-mat-3-scaled.jpg\" class=\"attachment-full size-full\" alt=\"\" aria-describedby=\"gallery-1-978\" srcset=\"https:\/\/deco.com.pl\/wp-content\/uploads\/2020\/01\/Erlus-Linea-czarny-mat-3-scaled.jpg 2560w, https:\/\/deco.com.pl\/wp-content\/uploads\/2020\/01\/Erlus-Linea-czarny-mat-3-300x169.jpg 300w, https:\/\/deco.com.pl\/wp-content\/uploads\/2020\/01\/Erlus-Linea-czarny-mat-3-1024x576.jpg 1024w, https:\/\/deco.com.pl\/wp-content\/uploads\/2020\/01\/Erlus-Linea-czarny-mat-3-768x432.jpg 768w, https:\/\/deco.com.pl\/wp-content\/uploads\/2020\/01\/Erlus-Linea-czarny-mat-3-1536x864.jpg 1536w, https:\/\/deco.com.pl\/wp-content\/uploads\/2020\/01\/Erlus-Linea-czarny-mat-3-2048x1152.jpg 2048w\" sizes=\"(max-width: 2560px) 100vw, 2560px\" \/><\/a>\n\t\t\t<\/div>\n\t\t\t\t<figcaption class='wp-caption-text gallery-caption' id='gallery-1-978'>\n\t\t\t\tErlus Linea czarny mat (3)\n\t\t\t\t<\/figcaption><\/figure><figure class='gallery-item'>\n\t\t\t<div class='gallery-icon landscape'>\n\t\t\t\t<a data-elementor-open-lightbox=\"default\" data-elementor-lightbox-slideshow=\"364d0abf\" href='https:\/\/deco.com.pl\/wp-content\/uploads\/2020\/01\/Erlus-Linea-czarny-mat-4-scaled.jpg'><img loading=\"lazy\" decoding=\"async\" width=\"2560\" height=\"1440\" src=\"https:\/\/deco.com.pl\/wp-content\/uploads\/2020\/01\/Erlus-Linea-czarny-mat-4-scaled.jpg\" class=\"attachment-full size-full\" alt=\"\" aria-describedby=\"gallery-1-979\" srcset=\"https:\/\/deco.com.pl\/wp-content\/uploads\/2020\/01\/Erlus-Linea-czarny-mat-4-scaled.jpg 2560w, https:\/\/deco.com.pl\/wp-content\/uploads\/2020\/01\/Erlus-Linea-czarny-mat-4-300x169.jpg 300w, https:\/\/deco.com.pl\/wp-content\/uploads\/2020\/01\/Erlus-Linea-czarny-mat-4-1024x576.jpg 1024w, https:\/\/deco.com.pl\/wp-content\/uploads\/2020\/01\/Erlus-Linea-czarny-mat-4-768x432.jpg 768w, https:\/\/deco.com.pl\/wp-content\/uploads\/2020\/01\/Erlus-Linea-czarny-mat-4-1536x864.jpg 1536w, https:\/\/deco.com.pl\/wp-content\/uploads\/2020\/01\/Erlus-Linea-czarny-mat-4-2048x1152.jpg 2048w\" sizes=\"(max-width: 2560px) 100vw, 2560px\" \/><\/a>\n\t\t\t<\/div>\n\t\t\t\t<figcaption class='wp-caption-text gallery-caption' id='gallery-1-979'>\n\t\t\t\tErlus Linea czarny mat (4)\n\t\t\t\t<\/figcaption><\/figure><figure class='gallery-item'>\n\t\t\t<div class='gallery-icon landscape'>\n\t\t\t\t<a data-elementor-open-lightbox=\"default\" data-elementor-lightbox-slideshow=\"364d0abf\" href='https:\/\/deco.com.pl\/wp-content\/uploads\/2020\/01\/Erlus-Linea-czarny-mat-5-scaled.jpg'><img loading=\"lazy\" decoding=\"async\" width=\"2560\" height=\"1440\" src=\"https:\/\/deco.com.pl\/wp-content\/uploads\/2020\/01\/Erlus-Linea-czarny-mat-5-scaled.jpg\" class=\"attachment-full size-full\" alt=\"\" aria-describedby=\"gallery-1-980\" srcset=\"https:\/\/deco.com.pl\/wp-content\/uploads\/2020\/01\/Erlus-Linea-czarny-mat-5-scaled.jpg 2560w, https:\/\/deco.com.pl\/wp-content\/uploads\/2020\/01\/Erlus-Linea-czarny-mat-5-300x169.jpg 300w, https:\/\/deco.com.pl\/wp-content\/uploads\/2020\/01\/Erlus-Linea-czarny-mat-5-1024x576.jpg 1024w, https:\/\/deco.com.pl\/wp-content\/uploads\/2020\/01\/Erlus-Linea-czarny-mat-5-768x432.jpg 768w, https:\/\/deco.com.pl\/wp-content\/uploads\/2020\/01\/Erlus-Linea-czarny-mat-5-1536x864.jpg 1536w, https:\/\/deco.com.pl\/wp-content\/uploads\/2020\/01\/Erlus-Linea-czarny-mat-5-2048x1152.jpg 2048w\" sizes=\"(max-width: 2560px) 100vw, 2560px\" \/><\/a>\n\t\t\t<\/div>\n\t\t\t\t<figcaption class='wp-caption-text gallery-caption' id='gallery-1-980'>\n\t\t\t\tErlus Linea czarny mat (5)\n\t\t\t\t<\/figcaption><\/figure><figure class='gallery-item'>\n\t\t\t<div class='gallery-icon landscape'>\n\t\t\t\t<a data-elementor-open-lightbox=\"default\" data-elementor-lightbox-slideshow=\"364d0abf\" href='https:\/\/deco.com.pl\/wp-content\/uploads\/2020\/01\/Erlus-Linea-czarny-mat-6-scaled.jpg'><img loading=\"lazy\" decoding=\"async\" width=\"2560\" height=\"1244\" src=\"https:\/\/deco.com.pl\/wp-content\/uploads\/2020\/01\/Erlus-Linea-czarny-mat-6-scaled.jpg\" class=\"attachment-full size-full\" alt=\"\" aria-describedby=\"gallery-1-981\" srcset=\"https:\/\/deco.com.pl\/wp-content\/uploads\/2020\/01\/Erlus-Linea-czarny-mat-6-scaled.jpg 2560w, https:\/\/deco.com.pl\/wp-content\/uploads\/2020\/01\/Erlus-Linea-czarny-mat-6-300x146.jpg 300w, https:\/\/deco.com.pl\/wp-content\/uploads\/2020\/01\/Erlus-Linea-czarny-mat-6-1024x498.jpg 1024w, https:\/\/deco.com.pl\/wp-content\/uploads\/2020\/01\/Erlus-Linea-czarny-mat-6-768x373.jpg 768w, https:\/\/deco.com.pl\/wp-content\/uploads\/2020\/01\/Erlus-Linea-czarny-mat-6-1536x747.jpg 1536w, https:\/\/deco.com.pl\/wp-content\/uploads\/2020\/01\/Erlus-Linea-czarny-mat-6-2048x996.jpg 2048w\" sizes=\"(max-width: 2560px) 100vw, 2560px\" \/><\/a>\n\t\t\t<\/div>\n\t\t\t\t<figcaption class='wp-caption-text gallery-caption' id='gallery-1-981'>\n\t\t\t\tErlus Linea czarny mat (6)\n\t\t\t\t<\/figcaption><\/figure><figure class='gallery-item'>\n\t\t\t<div class='gallery-icon landscape'>\n\t\t\t\t<a data-elementor-open-lightbox=\"default\" data-elementor-lightbox-slideshow=\"364d0abf\" href='https:\/\/deco.com.pl\/wp-content\/uploads\/2020\/01\/Erlus-Linea-czarny-mat.jpg'><img loading=\"lazy\" decoding=\"async\" width=\"2175\" height=\"1223\" src=\"https:\/\/deco.com.pl\/wp-content\/uploads\/2020\/01\/Erlus-Linea-czarny-mat.jpg\" class=\"attachment-full size-full\" alt=\"\" aria-describedby=\"gallery-1-982\" srcset=\"https:\/\/deco.com.pl\/wp-content\/uploads\/2020\/01\/Erlus-Linea-czarny-mat.jpg 2175w, https:\/\/deco.com.pl\/wp-content\/uploads\/2020\/01\/Erlus-Linea-czarny-mat-300x169.jpg 300w, https:\/\/deco.com.pl\/wp-content\/uploads\/2020\/01\/Erlus-Linea-czarny-mat-1024x576.jpg 1024w, https:\/\/deco.com.pl\/wp-content\/uploads\/2020\/01\/Erlus-Linea-czarny-mat-768x432.jpg 768w, https:\/\/deco.com.pl\/wp-content\/uploads\/2020\/01\/Erlus-Linea-czarny-mat-1536x864.jpg 1536w, https:\/\/deco.com.pl\/wp-content\/uploads\/2020\/01\/Erlus-Linea-czarny-mat-2048x1152.jpg 2048w\" sizes=\"(max-width: 2175px) 100vw, 2175px\" \/><\/a>\n\t\t\t<\/div>\n\t\t\t\t<figcaption class='wp-caption-text gallery-caption' id='gallery-1-982'>\n\t\t\t\tErlus Linea czarny mat\n\t\t\t\t<\/figcaption><\/figure><figure class='gallery-item'>\n\t\t\t<div class='gallery-icon landscape'>\n\t\t\t\t<a data-elementor-open-lightbox=\"default\" data-elementor-lightbox-slideshow=\"364d0abf\" href='https:\/\/deco.com.pl\/wp-content\/uploads\/2020\/01\/Erlus-Linea-scaled.jpg'><img loading=\"lazy\" decoding=\"async\" width=\"2560\" height=\"1244\" src=\"https:\/\/deco.com.pl\/wp-content\/uploads\/2020\/01\/Erlus-Linea-scaled.jpg\" class=\"attachment-full size-full\" alt=\"\" aria-describedby=\"gallery-1-983\" srcset=\"https:\/\/deco.com.pl\/wp-content\/uploads\/2020\/01\/Erlus-Linea-scaled.jpg 2560w, https:\/\/deco.com.pl\/wp-content\/uploads\/2020\/01\/Erlus-Linea-300x146.jpg 300w, https:\/\/deco.com.pl\/wp-content\/uploads\/2020\/01\/Erlus-Linea-1024x498.jpg 1024w, https:\/\/deco.com.pl\/wp-content\/uploads\/2020\/01\/Erlus-Linea-768x373.jpg 768w, https:\/\/deco.com.pl\/wp-content\/uploads\/2020\/01\/Erlus-Linea-1536x747.jpg 1536w, https:\/\/deco.com.pl\/wp-content\/uploads\/2020\/01\/Erlus-Linea-2048x996.jpg 2048w\" sizes=\"(max-width: 2560px) 100vw, 2560px\" \/><\/a>\n\t\t\t<\/div>\n\t\t\t\t<figcaption class='wp-caption-text gallery-caption' id='gallery-1-983'>\n\t\t\t\tErlus Linea\n\t\t\t\t<\/figcaption><\/figure><figure class='gallery-item'>\n\t\t\t<div class='gallery-icon landscape'>\n\t\t\t\t<a data-elementor-open-lightbox=\"default\" data-elementor-lightbox-slideshow=\"364d0abf\" href='https:\/\/deco.com.pl\/wp-content\/uploads\/2020\/01\/Imerys-HP-10-2-scaled.jpg'><img loading=\"lazy\" decoding=\"async\" width=\"2560\" height=\"1707\" src=\"https:\/\/deco.com.pl\/wp-content\/uploads\/2020\/01\/Imerys-HP-10-2-scaled.jpg\" class=\"attachment-full size-full\" alt=\"\" aria-describedby=\"gallery-1-984\" srcset=\"https:\/\/deco.com.pl\/wp-content\/uploads\/2020\/01\/Imerys-HP-10-2-scaled.jpg 2560w, https:\/\/deco.com.pl\/wp-content\/uploads\/2020\/01\/Imerys-HP-10-2-300x200.jpg 300w, https:\/\/deco.com.pl\/wp-content\/uploads\/2020\/01\/Imerys-HP-10-2-1024x683.jpg 1024w, https:\/\/deco.com.pl\/wp-content\/uploads\/2020\/01\/Imerys-HP-10-2-768x512.jpg 768w, https:\/\/deco.com.pl\/wp-content\/uploads\/2020\/01\/Imerys-HP-10-2-1536x1024.jpg 1536w, https:\/\/deco.com.pl\/wp-content\/uploads\/2020\/01\/Imerys-HP-10-2-2048x1366.jpg 2048w\" sizes=\"(max-width: 2560px) 100vw, 2560px\" \/><\/a>\n\t\t\t<\/div>\n\t\t\t\t<figcaption class='wp-caption-text gallery-caption' id='gallery-1-984'>\n\t\t\t\tImerys HP 10 (2)\n\t\t\t\t<\/figcaption><\/figure><figure class='gallery-item'>\n\t\t\t<div class='gallery-icon landscape'>\n\t\t\t\t<a data-elementor-open-lightbox=\"default\" data-elementor-lightbox-slideshow=\"364d0abf\" href='https:\/\/deco.com.pl\/wp-content\/uploads\/2020\/01\/Imerys-HP-10-3-scaled.jpg'><img loading=\"lazy\" decoding=\"async\" width=\"2560\" height=\"856\" src=\"https:\/\/deco.com.pl\/wp-content\/uploads\/2020\/01\/Imerys-HP-10-3-scaled.jpg\" class=\"attachment-full size-full\" alt=\"\" aria-describedby=\"gallery-1-985\" srcset=\"https:\/\/deco.com.pl\/wp-content\/uploads\/2020\/01\/Imerys-HP-10-3-scaled.jpg 2560w, https:\/\/deco.com.pl\/wp-content\/uploads\/2020\/01\/Imerys-HP-10-3-300x100.jpg 300w, https:\/\/deco.com.pl\/wp-content\/uploads\/2020\/01\/Imerys-HP-10-3-1024x342.jpg 1024w, https:\/\/deco.com.pl\/wp-content\/uploads\/2020\/01\/Imerys-HP-10-3-768x257.jpg 768w, https:\/\/deco.com.pl\/wp-content\/uploads\/2020\/01\/Imerys-HP-10-3-1536x513.jpg 1536w, https:\/\/deco.com.pl\/wp-content\/uploads\/2020\/01\/Imerys-HP-10-3-2048x685.jpg 2048w\" sizes=\"(max-width: 2560px) 100vw, 2560px\" \/><\/a>\n\t\t\t<\/div>\n\t\t\t\t<figcaption class='wp-caption-text gallery-caption' id='gallery-1-985'>\n\t\t\t\tImerys HP 10 (3)\n\t\t\t\t<\/figcaption><\/figure><figure class='gallery-item'>\n\t\t\t<div class='gallery-icon landscape'>\n\t\t\t\t<a data-elementor-open-lightbox=\"default\" data-elementor-lightbox-slideshow=\"364d0abf\" href='https:\/\/deco.com.pl\/wp-content\/uploads\/2020\/01\/Imerys-HP-10-4-scaled.jpg'><img loading=\"lazy\" decoding=\"async\" width=\"2560\" height=\"1702\" src=\"https:\/\/deco.com.pl\/wp-content\/uploads\/2020\/01\/Imerys-HP-10-4-scaled.jpg\" class=\"attachment-full size-full\" alt=\"\" aria-describedby=\"gallery-1-986\" srcset=\"https:\/\/deco.com.pl\/wp-content\/uploads\/2020\/01\/Imerys-HP-10-4-scaled.jpg 2560w, https:\/\/deco.com.pl\/wp-content\/uploads\/2020\/01\/Imerys-HP-10-4-300x199.jpg 300w, https:\/\/deco.com.pl\/wp-content\/uploads\/2020\/01\/Imerys-HP-10-4-1024x681.jpg 1024w, https:\/\/deco.com.pl\/wp-content\/uploads\/2020\/01\/Imerys-HP-10-4-768x511.jpg 768w, https:\/\/deco.com.pl\/wp-content\/uploads\/2020\/01\/Imerys-HP-10-4-1536x1021.jpg 1536w, https:\/\/deco.com.pl\/wp-content\/uploads\/2020\/01\/Imerys-HP-10-4-2048x1362.jpg 2048w\" sizes=\"(max-width: 2560px) 100vw, 2560px\" \/><\/a>\n\t\t\t<\/div>\n\t\t\t\t<figcaption class='wp-caption-text gallery-caption' id='gallery-1-986'>\n\t\t\t\tImerys HP 10 (4)\n\t\t\t\t<\/figcaption><\/figure><figure class='gallery-item'>\n\t\t\t<div class='gallery-icon landscape'>\n\t\t\t\t<a data-elementor-open-lightbox=\"default\" data-elementor-lightbox-slideshow=\"364d0abf\" href='https:\/\/deco.com.pl\/wp-content\/uploads\/2020\/01\/Imerys-HP-10-5-scaled.jpg'><img loading=\"lazy\" decoding=\"async\" width=\"2560\" height=\"1440\" src=\"https:\/\/deco.com.pl\/wp-content\/uploads\/2020\/01\/Imerys-HP-10-5-scaled.jpg\" class=\"attachment-full size-full\" alt=\"\" aria-describedby=\"gallery-1-987\" srcset=\"https:\/\/deco.com.pl\/wp-content\/uploads\/2020\/01\/Imerys-HP-10-5-scaled.jpg 2560w, https:\/\/deco.com.pl\/wp-content\/uploads\/2020\/01\/Imerys-HP-10-5-300x169.jpg 300w, https:\/\/deco.com.pl\/wp-content\/uploads\/2020\/01\/Imerys-HP-10-5-1024x576.jpg 1024w, https:\/\/deco.com.pl\/wp-content\/uploads\/2020\/01\/Imerys-HP-10-5-768x432.jpg 768w, https:\/\/deco.com.pl\/wp-content\/uploads\/2020\/01\/Imerys-HP-10-5-1536x864.jpg 1536w, https:\/\/deco.com.pl\/wp-content\/uploads\/2020\/01\/Imerys-HP-10-5-2048x1152.jpg 2048w\" sizes=\"(max-width: 2560px) 100vw, 2560px\" \/><\/a>\n\t\t\t<\/div>\n\t\t\t\t<figcaption class='wp-caption-text gallery-caption' id='gallery-1-987'>\n\t\t\t\tImerys HP 10 (5)\n\t\t\t\t<\/figcaption><\/figure><figure class='gallery-item'>\n\t\t\t<div class='gallery-icon landscape'>\n\t\t\t\t<a data-elementor-open-lightbox=\"default\" data-elementor-lightbox-slideshow=\"364d0abf\" href='https:\/\/deco.com.pl\/wp-content\/uploads\/2020\/01\/Imerys-HP-10-6-scaled.jpg'><img loading=\"lazy\" decoding=\"async\" width=\"2560\" height=\"1223\" src=\"https:\/\/deco.com.pl\/wp-content\/uploads\/2020\/01\/Imerys-HP-10-6-scaled.jpg\" class=\"attachment-full size-full\" alt=\"\" aria-describedby=\"gallery-1-988\" srcset=\"https:\/\/deco.com.pl\/wp-content\/uploads\/2020\/01\/Imerys-HP-10-6-scaled.jpg 2560w, https:\/\/deco.com.pl\/wp-content\/uploads\/2020\/01\/Imerys-HP-10-6-300x143.jpg 300w, https:\/\/deco.com.pl\/wp-content\/uploads\/2020\/01\/Imerys-HP-10-6-1024x489.jpg 1024w, https:\/\/deco.com.pl\/wp-content\/uploads\/2020\/01\/Imerys-HP-10-6-768x367.jpg 768w, https:\/\/deco.com.pl\/wp-content\/uploads\/2020\/01\/Imerys-HP-10-6-1536x734.jpg 1536w, https:\/\/deco.com.pl\/wp-content\/uploads\/2020\/01\/Imerys-HP-10-6-2048x979.jpg 2048w\" sizes=\"(max-width: 2560px) 100vw, 2560px\" \/><\/a>\n\t\t\t<\/div>\n\t\t\t\t<figcaption class='wp-caption-text gallery-caption' id='gallery-1-988'>\n\t\t\t\tImerys HP 10 (6)\n\t\t\t\t<\/figcaption><\/figure><figure class='gallery-item'>\n\t\t\t<div class='gallery-icon landscape'>\n\t\t\t\t<a data-elementor-open-lightbox=\"default\" data-elementor-lightbox-slideshow=\"364d0abf\" href='https:\/\/deco.com.pl\/wp-content\/uploads\/2020\/01\/Imerys-HP-10-scaled.jpg'><img loading=\"lazy\" decoding=\"async\" width=\"2560\" height=\"1440\" src=\"https:\/\/deco.com.pl\/wp-content\/uploads\/2020\/01\/Imerys-HP-10-scaled.jpg\" class=\"attachment-full size-full\" alt=\"\" aria-describedby=\"gallery-1-989\" srcset=\"https:\/\/deco.com.pl\/wp-content\/uploads\/2020\/01\/Imerys-HP-10-scaled.jpg 2560w, https:\/\/deco.com.pl\/wp-content\/uploads\/2020\/01\/Imerys-HP-10-300x169.jpg 300w, https:\/\/deco.com.pl\/wp-content\/uploads\/2020\/01\/Imerys-HP-10-1024x576.jpg 1024w, https:\/\/deco.com.pl\/wp-content\/uploads\/2020\/01\/Imerys-HP-10-768x432.jpg 768w, https:\/\/deco.com.pl\/wp-content\/uploads\/2020\/01\/Imerys-HP-10-1536x864.jpg 1536w, https:\/\/deco.com.pl\/wp-content\/uploads\/2020\/01\/Imerys-HP-10-2048x1152.jpg 2048w\" sizes=\"(max-width: 2560px) 100vw, 2560px\" \/><\/a>\n\t\t\t<\/div>\n\t\t\t\t<figcaption class='wp-caption-text gallery-caption' id='gallery-1-989'>\n\t\t\t\tImerys HP 10\n\t\t\t\t<\/figcaption><\/figure><figure class='gallery-item'>\n\t\t\t<div class='gallery-icon landscape'>\n\t\t\t\t<a data-elementor-open-lightbox=\"default\" data-elementor-lightbox-slideshow=\"364d0abf\" href='https:\/\/deco.com.pl\/wp-content\/uploads\/2020\/01\/Koramic-Orea-9-antracyt-scaled.jpg'><img loading=\"lazy\" decoding=\"async\" width=\"2560\" height=\"1244\" src=\"https:\/\/deco.com.pl\/wp-content\/uploads\/2020\/01\/Koramic-Orea-9-antracyt-scaled.jpg\" class=\"attachment-full size-full\" alt=\"\" aria-describedby=\"gallery-1-990\" srcset=\"https:\/\/deco.com.pl\/wp-content\/uploads\/2020\/01\/Koramic-Orea-9-antracyt-scaled.jpg 2560w, https:\/\/deco.com.pl\/wp-content\/uploads\/2020\/01\/Koramic-Orea-9-antracyt-300x146.jpg 300w, https:\/\/deco.com.pl\/wp-content\/uploads\/2020\/01\/Koramic-Orea-9-antracyt-1024x498.jpg 1024w, https:\/\/deco.com.pl\/wp-content\/uploads\/2020\/01\/Koramic-Orea-9-antracyt-768x373.jpg 768w, https:\/\/deco.com.pl\/wp-content\/uploads\/2020\/01\/Koramic-Orea-9-antracyt-1536x747.jpg 1536w, https:\/\/deco.com.pl\/wp-content\/uploads\/2020\/01\/Koramic-Orea-9-antracyt-2048x996.jpg 2048w\" sizes=\"(max-width: 2560px) 100vw, 2560px\" \/><\/a>\n\t\t\t<\/div>\n\t\t\t\t<figcaption class='wp-caption-text gallery-caption' id='gallery-1-990'>\n\t\t\t\tKoramic Orea 9 antracyt\n\t\t\t\t<\/figcaption><\/figure><figure class='gallery-item'>\n\t\t\t<div class='gallery-icon landscape'>\n\t\t\t\t<a data-elementor-open-lightbox=\"default\" data-elementor-lightbox-slideshow=\"364d0abf\" href='https:\/\/deco.com.pl\/wp-content\/uploads\/2020\/01\/Meyer-Holsen-Piano-czarny-\u0142upek-scaled.jpg'><img loading=\"lazy\" decoding=\"async\" width=\"2560\" height=\"1708\" src=\"https:\/\/deco.com.pl\/wp-content\/uploads\/2020\/01\/Meyer-Holsen-Piano-czarny-\u0142upek-scaled.jpg\" class=\"attachment-full size-full\" alt=\"\" aria-describedby=\"gallery-1-991\" srcset=\"https:\/\/deco.com.pl\/wp-content\/uploads\/2020\/01\/Meyer-Holsen-Piano-czarny-\u0142upek-scaled.jpg 2560w, https:\/\/deco.com.pl\/wp-content\/uploads\/2020\/01\/Meyer-Holsen-Piano-czarny-\u0142upek-300x200.jpg 300w, https:\/\/deco.com.pl\/wp-content\/uploads\/2020\/01\/Meyer-Holsen-Piano-czarny-\u0142upek-1024x683.jpg 1024w, https:\/\/deco.com.pl\/wp-content\/uploads\/2020\/01\/Meyer-Holsen-Piano-czarny-\u0142upek-768x512.jpg 768w, https:\/\/deco.com.pl\/wp-content\/uploads\/2020\/01\/Meyer-Holsen-Piano-czarny-\u0142upek-1536x1025.jpg 1536w, https:\/\/deco.com.pl\/wp-content\/uploads\/2020\/01\/Meyer-Holsen-Piano-czarny-\u0142upek-2048x1367.jpg 2048w\" sizes=\"(max-width: 2560px) 100vw, 2560px\" \/><\/a>\n\t\t\t<\/div>\n\t\t\t\t<figcaption class='wp-caption-text gallery-caption' id='gallery-1-991'>\n\t\t\t\tMeyer Holsen Piano czarny \u0142upek\n\t\t\t\t<\/figcaption><\/figure><figure class='gallery-item'>\n\t\t\t<div class='gallery-icon landscape'>\n\t\t\t\t<a data-elementor-open-lightbox=\"default\" data-elementor-lightbox-slideshow=\"364d0abf\" href='https:\/\/deco.com.pl\/wp-content\/uploads\/2020\/01\/Meyer-Holsen-Piano-g\u0142\u0119boka-czer\u0144-2-scaled.jpg'><img loading=\"lazy\" decoding=\"async\" width=\"2560\" height=\"1920\" src=\"https:\/\/deco.com.pl\/wp-content\/uploads\/2020\/01\/Meyer-Holsen-Piano-g\u0142\u0119boka-czer\u0144-2-scaled.jpg\" class=\"attachment-full size-full\" alt=\"\" aria-describedby=\"gallery-1-992\" srcset=\"https:\/\/deco.com.pl\/wp-content\/uploads\/2020\/01\/Meyer-Holsen-Piano-g\u0142\u0119boka-czer\u0144-2-scaled.jpg 2560w, https:\/\/deco.com.pl\/wp-content\/uploads\/2020\/01\/Meyer-Holsen-Piano-g\u0142\u0119boka-czer\u0144-2-300x225.jpg 300w, https:\/\/deco.com.pl\/wp-content\/uploads\/2020\/01\/Meyer-Holsen-Piano-g\u0142\u0119boka-czer\u0144-2-1024x768.jpg 1024w, https:\/\/deco.com.pl\/wp-content\/uploads\/2020\/01\/Meyer-Holsen-Piano-g\u0142\u0119boka-czer\u0144-2-768x576.jpg 768w, https:\/\/deco.com.pl\/wp-content\/uploads\/2020\/01\/Meyer-Holsen-Piano-g\u0142\u0119boka-czer\u0144-2-1536x1152.jpg 1536w, https:\/\/deco.com.pl\/wp-content\/uploads\/2020\/01\/Meyer-Holsen-Piano-g\u0142\u0119boka-czer\u0144-2-2048x1536.jpg 2048w\" sizes=\"(max-width: 2560px) 100vw, 2560px\" \/><\/a>\n\t\t\t<\/div>\n\t\t\t\t<figcaption class='wp-caption-text gallery-caption' id='gallery-1-992'>\n\t\t\t\tMeyer Holsen Piano g\u0142\u0119boka czer\u0144 (2)\n\t\t\t\t<\/figcaption><\/figure><figure class='gallery-item'>\n\t\t\t<div class='gallery-icon landscape'>\n\t\t\t\t<a data-elementor-open-lightbox=\"default\" data-elementor-lightbox-slideshow=\"364d0abf\" href='https:\/\/deco.com.pl\/wp-content\/uploads\/2020\/01\/Meyer-Holsen-Piano-g\u0142\u0119boka-czer\u0144-scaled.jpg'><img loading=\"lazy\" decoding=\"async\" width=\"2560\" height=\"1920\" src=\"https:\/\/deco.com.pl\/wp-content\/uploads\/2020\/01\/Meyer-Holsen-Piano-g\u0142\u0119boka-czer\u0144-scaled.jpg\" class=\"attachment-full size-full\" alt=\"\" aria-describedby=\"gallery-1-993\" srcset=\"https:\/\/deco.com.pl\/wp-content\/uploads\/2020\/01\/Meyer-Holsen-Piano-g\u0142\u0119boka-czer\u0144-scaled.jpg 2560w, https:\/\/deco.com.pl\/wp-content\/uploads\/2020\/01\/Meyer-Holsen-Piano-g\u0142\u0119boka-czer\u0144-300x225.jpg 300w, https:\/\/deco.com.pl\/wp-content\/uploads\/2020\/01\/Meyer-Holsen-Piano-g\u0142\u0119boka-czer\u0144-1024x768.jpg 1024w, https:\/\/deco.com.pl\/wp-content\/uploads\/2020\/01\/Meyer-Holsen-Piano-g\u0142\u0119boka-czer\u0144-768x576.jpg 768w, https:\/\/deco.com.pl\/wp-content\/uploads\/2020\/01\/Meyer-Holsen-Piano-g\u0142\u0119boka-czer\u0144-1536x1152.jpg 1536w, https:\/\/deco.com.pl\/wp-content\/uploads\/2020\/01\/Meyer-Holsen-Piano-g\u0142\u0119boka-czer\u0144-2048x1536.jpg 2048w\" sizes=\"(max-width: 2560px) 100vw, 2560px\" \/><\/a>\n\t\t\t<\/div>\n\t\t\t\t<figcaption class='wp-caption-text gallery-caption' id='gallery-1-993'>\n\t\t\t\tMeyer Holsen Piano g\u0142\u0119boka czer\u0144\n\t\t\t\t<\/figcaption><\/figure><figure class='gallery-item'>\n\t\t\t<div class='gallery-icon landscape'>\n\t\t\t\t<a data-elementor-open-lightbox=\"default\" data-elementor-lightbox-slideshow=\"364d0abf\" href='https:\/\/deco.com.pl\/wp-content\/uploads\/2020\/01\/Roben-Bergamo-Antracyt-2-scaled.jpg'><img loading=\"lazy\" decoding=\"async\" width=\"2560\" height=\"1595\" src=\"https:\/\/deco.com.pl\/wp-content\/uploads\/2020\/01\/Roben-Bergamo-Antracyt-2-scaled.jpg\" class=\"attachment-full size-full\" alt=\"\" aria-describedby=\"gallery-1-994\" srcset=\"https:\/\/deco.com.pl\/wp-content\/uploads\/2020\/01\/Roben-Bergamo-Antracyt-2-scaled.jpg 2560w, https:\/\/deco.com.pl\/wp-content\/uploads\/2020\/01\/Roben-Bergamo-Antracyt-2-300x187.jpg 300w, https:\/\/deco.com.pl\/wp-content\/uploads\/2020\/01\/Roben-Bergamo-Antracyt-2-1024x638.jpg 1024w, https:\/\/deco.com.pl\/wp-content\/uploads\/2020\/01\/Roben-Bergamo-Antracyt-2-768x479.jpg 768w, https:\/\/deco.com.pl\/wp-content\/uploads\/2020\/01\/Roben-Bergamo-Antracyt-2-1536x957.jpg 1536w, https:\/\/deco.com.pl\/wp-content\/uploads\/2020\/01\/Roben-Bergamo-Antracyt-2-2048x1276.jpg 2048w\" sizes=\"(max-width: 2560px) 100vw, 2560px\" \/><\/a>\n\t\t\t<\/div>\n\t\t\t\t<figcaption class='wp-caption-text gallery-caption' id='gallery-1-994'>\n\t\t\t\tRoben Bergamo Antracyt (2)\n\t\t\t\t<\/figcaption><\/figure><figure class='gallery-item'>\n\t\t\t<div class='gallery-icon landscape'>\n\t\t\t\t<a data-elementor-open-lightbox=\"default\" data-elementor-lightbox-slideshow=\"364d0abf\" href='https:\/\/deco.com.pl\/wp-content\/uploads\/2020\/01\/Roben-Bergamo-antracyt-3-scaled.jpg'><img loading=\"lazy\" decoding=\"async\" width=\"2560\" height=\"1440\" src=\"https:\/\/deco.com.pl\/wp-content\/uploads\/2020\/01\/Roben-Bergamo-antracyt-3-scaled.jpg\" class=\"attachment-full size-full\" alt=\"\" aria-describedby=\"gallery-1-995\" srcset=\"https:\/\/deco.com.pl\/wp-content\/uploads\/2020\/01\/Roben-Bergamo-antracyt-3-scaled.jpg 2560w, https:\/\/deco.com.pl\/wp-content\/uploads\/2020\/01\/Roben-Bergamo-antracyt-3-300x169.jpg 300w, https:\/\/deco.com.pl\/wp-content\/uploads\/2020\/01\/Roben-Bergamo-antracyt-3-1024x576.jpg 1024w, https:\/\/deco.com.pl\/wp-content\/uploads\/2020\/01\/Roben-Bergamo-antracyt-3-768x432.jpg 768w, https:\/\/deco.com.pl\/wp-content\/uploads\/2020\/01\/Roben-Bergamo-antracyt-3-1536x864.jpg 1536w, https:\/\/deco.com.pl\/wp-content\/uploads\/2020\/01\/Roben-Bergamo-antracyt-3-2048x1152.jpg 2048w\" sizes=\"(max-width: 2560px) 100vw, 2560px\" \/><\/a>\n\t\t\t<\/div>\n\t\t\t\t<figcaption class='wp-caption-text gallery-caption' id='gallery-1-995'>\n\t\t\t\tRoben Bergamo antracyt (3)\n\t\t\t\t<\/figcaption><\/figure><figure class='gallery-item'>\n\t\t\t<div class='gallery-icon landscape'>\n\t\t\t\t<a data-elementor-open-lightbox=\"default\" data-elementor-lightbox-slideshow=\"364d0abf\" href='https:\/\/deco.com.pl\/wp-content\/uploads\/2020\/01\/Roben-Bergamo-antracyt-4-scaled.jpg'><img loading=\"lazy\" decoding=\"async\" width=\"2560\" height=\"1440\" src=\"https:\/\/deco.com.pl\/wp-content\/uploads\/2020\/01\/Roben-Bergamo-antracyt-4-scaled.jpg\" class=\"attachment-full size-full\" alt=\"\" aria-describedby=\"gallery-1-996\" srcset=\"https:\/\/deco.com.pl\/wp-content\/uploads\/2020\/01\/Roben-Bergamo-antracyt-4-scaled.jpg 2560w, https:\/\/deco.com.pl\/wp-content\/uploads\/2020\/01\/Roben-Bergamo-antracyt-4-300x169.jpg 300w, https:\/\/deco.com.pl\/wp-content\/uploads\/2020\/01\/Roben-Bergamo-antracyt-4-1024x576.jpg 1024w, https:\/\/deco.com.pl\/wp-content\/uploads\/2020\/01\/Roben-Bergamo-antracyt-4-768x432.jpg 768w, https:\/\/deco.com.pl\/wp-content\/uploads\/2020\/01\/Roben-Bergamo-antracyt-4-1536x864.jpg 1536w, https:\/\/deco.com.pl\/wp-content\/uploads\/2020\/01\/Roben-Bergamo-antracyt-4-2048x1152.jpg 2048w\" sizes=\"(max-width: 2560px) 100vw, 2560px\" \/><\/a>\n\t\t\t<\/div>\n\t\t\t\t<figcaption class='wp-caption-text gallery-caption' id='gallery-1-996'>\n\t\t\t\tRoben Bergamo antracyt (4)\n\t\t\t\t<\/figcaption><\/figure><figure class='gallery-item'>\n\t\t\t<div class='gallery-icon landscape'>\n\t\t\t\t<a data-elementor-open-lightbox=\"default\" data-elementor-lightbox-slideshow=\"364d0abf\" href='https:\/\/deco.com.pl\/wp-content\/uploads\/2020\/01\/Roben-Bergamo-Antracyt-scaled.jpg'><img loading=\"lazy\" decoding=\"async\" width=\"2560\" height=\"1440\" src=\"https:\/\/deco.com.pl\/wp-content\/uploads\/2020\/01\/Roben-Bergamo-Antracyt-scaled.jpg\" class=\"attachment-full size-full\" alt=\"\" aria-describedby=\"gallery-1-997\" srcset=\"https:\/\/deco.com.pl\/wp-content\/uploads\/2020\/01\/Roben-Bergamo-Antracyt-scaled.jpg 2560w, https:\/\/deco.com.pl\/wp-content\/uploads\/2020\/01\/Roben-Bergamo-Antracyt-300x169.jpg 300w, https:\/\/deco.com.pl\/wp-content\/uploads\/2020\/01\/Roben-Bergamo-Antracyt-1024x576.jpg 1024w, https:\/\/deco.com.pl\/wp-content\/uploads\/2020\/01\/Roben-Bergamo-Antracyt-768x432.jpg 768w, https:\/\/deco.com.pl\/wp-content\/uploads\/2020\/01\/Roben-Bergamo-Antracyt-1536x864.jpg 1536w, https:\/\/deco.com.pl\/wp-content\/uploads\/2020\/01\/Roben-Bergamo-Antracyt-2048x1152.jpg 2048w\" sizes=\"(max-width: 2560px) 100vw, 2560px\" \/><\/a>\n\t\t\t<\/div>\n\t\t\t\t<figcaption class='wp-caption-text gallery-caption' id='gallery-1-997'>\n\t\t\t\tRoben Bergamo Antracyt\n\t\t\t\t<\/figcaption><\/figure><figure class='gallery-item'>\n\t\t\t<div class='gallery-icon landscape'>\n\t\t\t\t<a data-elementor-open-lightbox=\"default\" data-elementor-lightbox-slideshow=\"364d0abf\" href='https:\/\/deco.com.pl\/wp-content\/uploads\/2021\/02\/Bogen-Plano-\u0141upkowo-szara.jpg'><img loading=\"lazy\" decoding=\"async\" width=\"1600\" height=\"1199\" src=\"https:\/\/deco.com.pl\/wp-content\/uploads\/2021\/02\/Bogen-Plano-\u0141upkowo-szara.jpg\" class=\"attachment-full size-full\" alt=\"\" aria-describedby=\"gallery-1-1265\" srcset=\"https:\/\/deco.com.pl\/wp-content\/uploads\/2021\/02\/Bogen-Plano-\u0141upkowo-szara.jpg 1600w, https:\/\/deco.com.pl\/wp-content\/uploads\/2021\/02\/Bogen-Plano-\u0141upkowo-szara-300x225.jpg 300w, https:\/\/deco.com.pl\/wp-content\/uploads\/2021\/02\/Bogen-Plano-\u0141upkowo-szara-1024x767.jpg 1024w, https:\/\/deco.com.pl\/wp-content\/uploads\/2021\/02\/Bogen-Plano-\u0141upkowo-szara-768x576.jpg 768w, https:\/\/deco.com.pl\/wp-content\/uploads\/2021\/02\/Bogen-Plano-\u0141upkowo-szara-1536x1151.jpg 1536w\" sizes=\"(max-width: 1600px) 100vw, 1600px\" \/><\/a>\n\t\t\t<\/div>\n\t\t\t\t<figcaption class='wp-caption-text gallery-caption' id='gallery-1-1265'>\n\t\t\t\tBogen Plano \u0141upkowo-szara\n\t\t\t\t<\/figcaption><\/figure><figure class='gallery-item'>\n\t\t\t<div class='gallery-icon landscape'>\n\t\t\t\t<a data-elementor-open-lightbox=\"default\" data-elementor-lightbox-slideshow=\"364d0abf\" href='https:\/\/deco.com.pl\/wp-content\/uploads\/2021\/02\/Braas-Turmalin-Antracyt-2.jpg'><img loading=\"lazy\" decoding=\"async\" width=\"1600\" height=\"1199\" src=\"https:\/\/deco.com.pl\/wp-content\/uploads\/2021\/02\/Braas-Turmalin-Antracyt-2.jpg\" class=\"attachment-full size-full\" alt=\"\" aria-describedby=\"gallery-1-1266\" srcset=\"https:\/\/deco.com.pl\/wp-content\/uploads\/2021\/02\/Braas-Turmalin-Antracyt-2.jpg 1600w, https:\/\/deco.com.pl\/wp-content\/uploads\/2021\/02\/Braas-Turmalin-Antracyt-2-300x225.jpg 300w, https:\/\/deco.com.pl\/wp-content\/uploads\/2021\/02\/Braas-Turmalin-Antracyt-2-1024x767.jpg 1024w, https:\/\/deco.com.pl\/wp-content\/uploads\/2021\/02\/Braas-Turmalin-Antracyt-2-768x576.jpg 768w, https:\/\/deco.com.pl\/wp-content\/uploads\/2021\/02\/Braas-Turmalin-Antracyt-2-1536x1151.jpg 1536w\" sizes=\"(max-width: 1600px) 100vw, 1600px\" \/><\/a>\n\t\t\t<\/div>\n\t\t\t\t<figcaption class='wp-caption-text gallery-caption' id='gallery-1-1266'>\n\t\t\t\tBraas Turmalin Antracyt (2)\n\t\t\t\t<\/figcaption><\/figure><figure class='gallery-item'>\n\t\t\t<div class='gallery-icon landscape'>\n\t\t\t\t<a data-elementor-open-lightbox=\"default\" data-elementor-lightbox-slideshow=\"364d0abf\" href='https:\/\/deco.com.pl\/wp-content\/uploads\/2021\/02\/Braas-Turmalin-Antracyt-3.jpg'><img loading=\"lazy\" decoding=\"async\" width=\"1600\" height=\"1199\" src=\"https:\/\/deco.com.pl\/wp-content\/uploads\/2021\/02\/Braas-Turmalin-Antracyt-3.jpg\" class=\"attachment-full size-full\" alt=\"\" aria-describedby=\"gallery-1-1267\" srcset=\"https:\/\/deco.com.pl\/wp-content\/uploads\/2021\/02\/Braas-Turmalin-Antracyt-3.jpg 1600w, https:\/\/deco.com.pl\/wp-content\/uploads\/2021\/02\/Braas-Turmalin-Antracyt-3-300x225.jpg 300w, https:\/\/deco.com.pl\/wp-content\/uploads\/2021\/02\/Braas-Turmalin-Antracyt-3-1024x767.jpg 1024w, https:\/\/deco.com.pl\/wp-content\/uploads\/2021\/02\/Braas-Turmalin-Antracyt-3-768x576.jpg 768w, https:\/\/deco.com.pl\/wp-content\/uploads\/2021\/02\/Braas-Turmalin-Antracyt-3-1536x1151.jpg 1536w\" sizes=\"(max-width: 1600px) 100vw, 1600px\" \/><\/a>\n\t\t\t<\/div>\n\t\t\t\t<figcaption class='wp-caption-text gallery-caption' id='gallery-1-1267'>\n\t\t\t\tBraas Turmalin Antracyt (3)\n\t\t\t\t<\/figcaption><\/figure><figure class='gallery-item'>\n\t\t\t<div class='gallery-icon landscape'>\n\t\t\t\t<a data-elementor-open-lightbox=\"default\" data-elementor-lightbox-slideshow=\"364d0abf\" href='https:\/\/deco.com.pl\/wp-content\/uploads\/2021\/02\/Braas-Turmalin-Antracyt-4.jpg'><img loading=\"lazy\" decoding=\"async\" width=\"1600\" height=\"1199\" src=\"https:\/\/deco.com.pl\/wp-content\/uploads\/2021\/02\/Braas-Turmalin-Antracyt-4.jpg\" class=\"attachment-full size-full\" alt=\"\" aria-describedby=\"gallery-1-1268\" srcset=\"https:\/\/deco.com.pl\/wp-content\/uploads\/2021\/02\/Braas-Turmalin-Antracyt-4.jpg 1600w, https:\/\/deco.com.pl\/wp-content\/uploads\/2021\/02\/Braas-Turmalin-Antracyt-4-300x225.jpg 300w, https:\/\/deco.com.pl\/wp-content\/uploads\/2021\/02\/Braas-Turmalin-Antracyt-4-1024x767.jpg 1024w, https:\/\/deco.com.pl\/wp-content\/uploads\/2021\/02\/Braas-Turmalin-Antracyt-4-768x576.jpg 768w, https:\/\/deco.com.pl\/wp-content\/uploads\/2021\/02\/Braas-Turmalin-Antracyt-4-1536x1151.jpg 1536w\" sizes=\"(max-width: 1600px) 100vw, 1600px\" \/><\/a>\n\t\t\t<\/div>\n\t\t\t\t<figcaption class='wp-caption-text gallery-caption' id='gallery-1-1268'>\n\t\t\t\tBraas Turmalin Antracyt (4)\n\t\t\t\t<\/figcaption><\/figure><figure class='gallery-item'>\n\t\t\t<div class='gallery-icon landscape'>\n\t\t\t\t<a data-elementor-open-lightbox=\"default\" data-elementor-lightbox-slideshow=\"364d0abf\" href='https:\/\/deco.com.pl\/wp-content\/uploads\/2021\/02\/Braas-Turmalin-Antracyt-5.jpg'><img loading=\"lazy\" decoding=\"async\" width=\"1600\" height=\"1199\" src=\"https:\/\/deco.com.pl\/wp-content\/uploads\/2021\/02\/Braas-Turmalin-Antracyt-5.jpg\" class=\"attachment-full size-full\" alt=\"\" aria-describedby=\"gallery-1-1269\" srcset=\"https:\/\/deco.com.pl\/wp-content\/uploads\/2021\/02\/Braas-Turmalin-Antracyt-5.jpg 1600w, https:\/\/deco.com.pl\/wp-content\/uploads\/2021\/02\/Braas-Turmalin-Antracyt-5-300x225.jpg 300w, https:\/\/deco.com.pl\/wp-content\/uploads\/2021\/02\/Braas-Turmalin-Antracyt-5-1024x767.jpg 1024w, https:\/\/deco.com.pl\/wp-content\/uploads\/2021\/02\/Braas-Turmalin-Antracyt-5-768x576.jpg 768w, https:\/\/deco.com.pl\/wp-content\/uploads\/2021\/02\/Braas-Turmalin-Antracyt-5-1536x1151.jpg 1536w\" sizes=\"(max-width: 1600px) 100vw, 1600px\" \/><\/a>\n\t\t\t<\/div>\n\t\t\t\t<figcaption class='wp-caption-text gallery-caption' id='gallery-1-1269'>\n\t\t\t\tBraas Turmalin Antracyt (5)\n\t\t\t\t<\/figcaption><\/figure><figure class='gallery-item'>\n\t\t\t<div class='gallery-icon landscape'>\n\t\t\t\t<a data-elementor-open-lightbox=\"default\" data-elementor-lightbox-slideshow=\"364d0abf\" href='https:\/\/deco.com.pl\/wp-content\/uploads\/2021\/02\/Braas-Turmalin-Antracyt.jpg'><img loading=\"lazy\" decoding=\"async\" width=\"1600\" height=\"1199\" src=\"https:\/\/deco.com.pl\/wp-content\/uploads\/2021\/02\/Braas-Turmalin-Antracyt.jpg\" class=\"attachment-full size-full\" alt=\"\" aria-describedby=\"gallery-1-1270\" srcset=\"https:\/\/deco.com.pl\/wp-content\/uploads\/2021\/02\/Braas-Turmalin-Antracyt.jpg 1600w, https:\/\/deco.com.pl\/wp-content\/uploads\/2021\/02\/Braas-Turmalin-Antracyt-300x225.jpg 300w, https:\/\/deco.com.pl\/wp-content\/uploads\/2021\/02\/Braas-Turmalin-Antracyt-1024x767.jpg 1024w, https:\/\/deco.com.pl\/wp-content\/uploads\/2021\/02\/Braas-Turmalin-Antracyt-768x576.jpg 768w, https:\/\/deco.com.pl\/wp-content\/uploads\/2021\/02\/Braas-Turmalin-Antracyt-1536x1151.jpg 1536w\" sizes=\"(max-width: 1600px) 100vw, 1600px\" \/><\/a>\n\t\t\t<\/div>\n\t\t\t\t<figcaption class='wp-caption-text gallery-caption' id='gallery-1-1270'>\n\t\t\t\tBraas Turmalin Antracyt\n\t\t\t\t<\/figcaption><\/figure><figure class='gallery-item'>\n\t\t\t<div class='gallery-icon landscape'>\n\t\t\t\t<a data-elementor-open-lightbox=\"default\" data-elementor-lightbox-slideshow=\"364d0abf\" href='https:\/\/deco.com.pl\/wp-content\/uploads\/2021\/02\/Braas-Turmalin-Czarny-B\u0142yszcz\u0105cy.jpg'><img loading=\"lazy\" decoding=\"async\" width=\"1600\" height=\"778\" src=\"https:\/\/deco.com.pl\/wp-content\/uploads\/2021\/02\/Braas-Turmalin-Czarny-B\u0142yszcz\u0105cy.jpg\" class=\"attachment-full size-full\" alt=\"\" aria-describedby=\"gallery-1-1271\" srcset=\"https:\/\/deco.com.pl\/wp-content\/uploads\/2021\/02\/Braas-Turmalin-Czarny-B\u0142yszcz\u0105cy.jpg 1600w, https:\/\/deco.com.pl\/wp-content\/uploads\/2021\/02\/Braas-Turmalin-Czarny-B\u0142yszcz\u0105cy-300x146.jpg 300w, https:\/\/deco.com.pl\/wp-content\/uploads\/2021\/02\/Braas-Turmalin-Czarny-B\u0142yszcz\u0105cy-1024x498.jpg 1024w, https:\/\/deco.com.pl\/wp-content\/uploads\/2021\/02\/Braas-Turmalin-Czarny-B\u0142yszcz\u0105cy-768x373.jpg 768w, https:\/\/deco.com.pl\/wp-content\/uploads\/2021\/02\/Braas-Turmalin-Czarny-B\u0142yszcz\u0105cy-1536x747.jpg 1536w\" sizes=\"(max-width: 1600px) 100vw, 1600px\" \/><\/a>\n\t\t\t<\/div>\n\t\t\t\t<figcaption class='wp-caption-text gallery-caption' id='gallery-1-1271'>\n\t\t\t\tBraas Turmalin Czarny B\u0142yszcz\u0105cy\n\t\t\t\t<\/figcaption><\/figure><figure class='gallery-item'>\n\t\t\t<div class='gallery-icon landscape'>\n\t\t\t\t<a data-elementor-open-lightbox=\"default\" data-elementor-lightbox-slideshow=\"364d0abf\" href='https:\/\/deco.com.pl\/wp-content\/uploads\/2021\/02\/Braas-Turmalin-Szary-Kryszta\u0142-2.jpg'><img loading=\"lazy\" decoding=\"async\" width=\"1600\" height=\"1199\" src=\"https:\/\/deco.com.pl\/wp-content\/uploads\/2021\/02\/Braas-Turmalin-Szary-Kryszta\u0142-2.jpg\" class=\"attachment-full size-full\" alt=\"\" aria-describedby=\"gallery-1-1272\" srcset=\"https:\/\/deco.com.pl\/wp-content\/uploads\/2021\/02\/Braas-Turmalin-Szary-Kryszta\u0142-2.jpg 1600w, https:\/\/deco.com.pl\/wp-content\/uploads\/2021\/02\/Braas-Turmalin-Szary-Kryszta\u0142-2-300x225.jpg 300w, https:\/\/deco.com.pl\/wp-content\/uploads\/2021\/02\/Braas-Turmalin-Szary-Kryszta\u0142-2-1024x767.jpg 1024w, https:\/\/deco.com.pl\/wp-content\/uploads\/2021\/02\/Braas-Turmalin-Szary-Kryszta\u0142-2-768x576.jpg 768w, https:\/\/deco.com.pl\/wp-content\/uploads\/2021\/02\/Braas-Turmalin-Szary-Kryszta\u0142-2-1536x1151.jpg 1536w\" sizes=\"(max-width: 1600px) 100vw, 1600px\" \/><\/a>\n\t\t\t<\/div>\n\t\t\t\t<figcaption class='wp-caption-text gallery-caption' id='gallery-1-1272'>\n\t\t\t\tBraas Turmalin Szary Kryszta\u0142 (2)\n\t\t\t\t<\/figcaption><\/figure><figure class='gallery-item'>\n\t\t\t<div class='gallery-icon landscape'>\n\t\t\t\t<a data-elementor-open-lightbox=\"default\" data-elementor-lightbox-slideshow=\"364d0abf\" href='https:\/\/deco.com.pl\/wp-content\/uploads\/2021\/02\/Braas-Turmalin-Szary-Kryszta\u0142-3.jpg'><img loading=\"lazy\" decoding=\"async\" width=\"1600\" height=\"778\" src=\"https:\/\/deco.com.pl\/wp-content\/uploads\/2021\/02\/Braas-Turmalin-Szary-Kryszta\u0142-3.jpg\" class=\"attachment-full size-full\" alt=\"\" aria-describedby=\"gallery-1-1273\" srcset=\"https:\/\/deco.com.pl\/wp-content\/uploads\/2021\/02\/Braas-Turmalin-Szary-Kryszta\u0142-3.jpg 1600w, https:\/\/deco.com.pl\/wp-content\/uploads\/2021\/02\/Braas-Turmalin-Szary-Kryszta\u0142-3-300x146.jpg 300w, https:\/\/deco.com.pl\/wp-content\/uploads\/2021\/02\/Braas-Turmalin-Szary-Kryszta\u0142-3-1024x498.jpg 1024w, https:\/\/deco.com.pl\/wp-content\/uploads\/2021\/02\/Braas-Turmalin-Szary-Kryszta\u0142-3-768x373.jpg 768w, https:\/\/deco.com.pl\/wp-content\/uploads\/2021\/02\/Braas-Turmalin-Szary-Kryszta\u0142-3-1536x747.jpg 1536w\" sizes=\"(max-width: 1600px) 100vw, 1600px\" \/><\/a>\n\t\t\t<\/div>\n\t\t\t\t<figcaption class='wp-caption-text gallery-caption' id='gallery-1-1273'>\n\t\t\t\tBraas Turmalin Szary Kryszta\u0142 (3)\n\t\t\t\t<\/figcaption><\/figure><figure class='gallery-item'>\n\t\t\t<div class='gallery-icon landscape'>\n\t\t\t\t<a data-elementor-open-lightbox=\"default\" data-elementor-lightbox-slideshow=\"364d0abf\" href='https:\/\/deco.com.pl\/wp-content\/uploads\/2021\/02\/Braas-Turmalin-Szary-Kryszta\u0142-4.jpg'><img loading=\"lazy\" decoding=\"async\" width=\"1600\" height=\"1199\" src=\"https:\/\/deco.com.pl\/wp-content\/uploads\/2021\/02\/Braas-Turmalin-Szary-Kryszta\u0142-4.jpg\" class=\"attachment-full size-full\" alt=\"\" aria-describedby=\"gallery-1-1274\" srcset=\"https:\/\/deco.com.pl\/wp-content\/uploads\/2021\/02\/Braas-Turmalin-Szary-Kryszta\u0142-4.jpg 1600w, https:\/\/deco.com.pl\/wp-content\/uploads\/2021\/02\/Braas-Turmalin-Szary-Kryszta\u0142-4-300x225.jpg 300w, https:\/\/deco.com.pl\/wp-content\/uploads\/2021\/02\/Braas-Turmalin-Szary-Kryszta\u0142-4-1024x767.jpg 1024w, https:\/\/deco.com.pl\/wp-content\/uploads\/2021\/02\/Braas-Turmalin-Szary-Kryszta\u0142-4-768x576.jpg 768w, https:\/\/deco.com.pl\/wp-content\/uploads\/2021\/02\/Braas-Turmalin-Szary-Kryszta\u0142-4-1536x1151.jpg 1536w\" sizes=\"(max-width: 1600px) 100vw, 1600px\" \/><\/a>\n\t\t\t<\/div>\n\t\t\t\t<figcaption class='wp-caption-text gallery-caption' id='gallery-1-1274'>\n\t\t\t\tBraas Turmalin Szary Kryszta\u0142 (4)\n\t\t\t\t<\/figcaption><\/figure><figure class='gallery-item'>\n\t\t\t<div class='gallery-icon landscape'>\n\t\t\t\t<a data-elementor-open-lightbox=\"default\" data-elementor-lightbox-slideshow=\"364d0abf\" href='https:\/\/deco.com.pl\/wp-content\/uploads\/2021\/02\/Braas-Turmalin-Szary-Kryszta\u0142-5.jpg'><img loading=\"lazy\" decoding=\"async\" width=\"1600\" height=\"1199\" src=\"https:\/\/deco.com.pl\/wp-content\/uploads\/2021\/02\/Braas-Turmalin-Szary-Kryszta\u0142-5.jpg\" class=\"attachment-full size-full\" alt=\"\" aria-describedby=\"gallery-1-1275\" srcset=\"https:\/\/deco.com.pl\/wp-content\/uploads\/2021\/02\/Braas-Turmalin-Szary-Kryszta\u0142-5.jpg 1600w, https:\/\/deco.com.pl\/wp-content\/uploads\/2021\/02\/Braas-Turmalin-Szary-Kryszta\u0142-5-300x225.jpg 300w, https:\/\/deco.com.pl\/wp-content\/uploads\/2021\/02\/Braas-Turmalin-Szary-Kryszta\u0142-5-1024x767.jpg 1024w, https:\/\/deco.com.pl\/wp-content\/uploads\/2021\/02\/Braas-Turmalin-Szary-Kryszta\u0142-5-768x576.jpg 768w, https:\/\/deco.com.pl\/wp-content\/uploads\/2021\/02\/Braas-Turmalin-Szary-Kryszta\u0142-5-1536x1151.jpg 1536w\" sizes=\"(max-width: 1600px) 100vw, 1600px\" \/><\/a>\n\t\t\t<\/div>\n\t\t\t\t<figcaption class='wp-caption-text gallery-caption' id='gallery-1-1275'>\n\t\t\t\tBraas Turmalin Szary Kryszta\u0142 (5)\n\t\t\t\t<\/figcaption><\/figure><figure class='gallery-item'>\n\t\t\t<div class='gallery-icon landscape'>\n\t\t\t\t<a data-elementor-open-lightbox=\"default\" data-elementor-lightbox-slideshow=\"364d0abf\" href='https:\/\/deco.com.pl\/wp-content\/uploads\/2021\/02\/Braas-Turmalin-Szary-Kryszta\u0142.jpg'><img loading=\"lazy\" decoding=\"async\" width=\"1600\" height=\"1199\" src=\"https:\/\/deco.com.pl\/wp-content\/uploads\/2021\/02\/Braas-Turmalin-Szary-Kryszta\u0142.jpg\" class=\"attachment-full size-full\" alt=\"\" aria-describedby=\"gallery-1-1276\" srcset=\"https:\/\/deco.com.pl\/wp-content\/uploads\/2021\/02\/Braas-Turmalin-Szary-Kryszta\u0142.jpg 1600w, https:\/\/deco.com.pl\/wp-content\/uploads\/2021\/02\/Braas-Turmalin-Szary-Kryszta\u0142-300x225.jpg 300w, https:\/\/deco.com.pl\/wp-content\/uploads\/2021\/02\/Braas-Turmalin-Szary-Kryszta\u0142-1024x767.jpg 1024w, https:\/\/deco.com.pl\/wp-content\/uploads\/2021\/02\/Braas-Turmalin-Szary-Kryszta\u0142-768x576.jpg 768w, https:\/\/deco.com.pl\/wp-content\/uploads\/2021\/02\/Braas-Turmalin-Szary-Kryszta\u0142-1536x1151.jpg 1536w\" sizes=\"(max-width: 1600px) 100vw, 1600px\" \/><\/a>\n\t\t\t<\/div>\n\t\t\t\t<figcaption class='wp-caption-text gallery-caption' id='gallery-1-1276'>\n\t\t\t\tBraas Turmalin Szary Kryszta\u0142\n\t\t\t\t<\/figcaption><\/figure><figure class='gallery-item'>\n\t\t\t<div class='gallery-icon landscape'>\n\t\t\t\t<a data-elementor-open-lightbox=\"default\" data-elementor-lightbox-slideshow=\"364d0abf\" href='https:\/\/deco.com.pl\/wp-content\/uploads\/2021\/02\/Creaton-Domino-\u0141upek-Angoba.jpg'><img loading=\"lazy\" decoding=\"async\" width=\"1600\" height=\"1199\" src=\"https:\/\/deco.com.pl\/wp-content\/uploads\/2021\/02\/Creaton-Domino-\u0141upek-Angoba.jpg\" class=\"attachment-full size-full\" alt=\"\" aria-describedby=\"gallery-1-1277\" srcset=\"https:\/\/deco.com.pl\/wp-content\/uploads\/2021\/02\/Creaton-Domino-\u0141upek-Angoba.jpg 1600w, https:\/\/deco.com.pl\/wp-content\/uploads\/2021\/02\/Creaton-Domino-\u0141upek-Angoba-300x225.jpg 300w, https:\/\/deco.com.pl\/wp-content\/uploads\/2021\/02\/Creaton-Domino-\u0141upek-Angoba-1024x767.jpg 1024w, https:\/\/deco.com.pl\/wp-content\/uploads\/2021\/02\/Creaton-Domino-\u0141upek-Angoba-768x576.jpg 768w, https:\/\/deco.com.pl\/wp-content\/uploads\/2021\/02\/Creaton-Domino-\u0141upek-Angoba-1536x1151.jpg 1536w\" sizes=\"(max-width: 1600px) 100vw, 1600px\" \/><\/a>\n\t\t\t<\/div>\n\t\t\t\t<figcaption class='wp-caption-text gallery-caption' id='gallery-1-1277'>\n\t\t\t\tCreaton Domino \u0141upek Angoba\n\t\t\t\t<\/figcaption><\/figure><figure class='gallery-item'>\n\t\t\t<div class='gallery-icon landscape'>\n\t\t\t\t<a data-elementor-open-lightbox=\"default\" data-elementor-lightbox-slideshow=\"364d0abf\" href='https:\/\/deco.com.pl\/wp-content\/uploads\/2021\/02\/Erlus-Linea-Czarny-Mat-2.jpg'><img loading=\"lazy\" decoding=\"async\" width=\"1600\" height=\"1199\" src=\"https:\/\/deco.com.pl\/wp-content\/uploads\/2021\/02\/Erlus-Linea-Czarny-Mat-2.jpg\" class=\"attachment-full size-full\" alt=\"\" aria-describedby=\"gallery-1-1278\" srcset=\"https:\/\/deco.com.pl\/wp-content\/uploads\/2021\/02\/Erlus-Linea-Czarny-Mat-2.jpg 1600w, https:\/\/deco.com.pl\/wp-content\/uploads\/2021\/02\/Erlus-Linea-Czarny-Mat-2-300x225.jpg 300w, https:\/\/deco.com.pl\/wp-content\/uploads\/2021\/02\/Erlus-Linea-Czarny-Mat-2-1024x767.jpg 1024w, https:\/\/deco.com.pl\/wp-content\/uploads\/2021\/02\/Erlus-Linea-Czarny-Mat-2-768x576.jpg 768w, https:\/\/deco.com.pl\/wp-content\/uploads\/2021\/02\/Erlus-Linea-Czarny-Mat-2-1536x1151.jpg 1536w\" sizes=\"(max-width: 1600px) 100vw, 1600px\" \/><\/a>\n\t\t\t<\/div>\n\t\t\t\t<figcaption class='wp-caption-text gallery-caption' id='gallery-1-1278'>\n\t\t\t\tErlus Linea Czarny Mat (2)\n\t\t\t\t<\/figcaption><\/figure><figure class='gallery-item'>\n\t\t\t<div class='gallery-icon landscape'>\n\t\t\t\t<a data-elementor-open-lightbox=\"default\" data-elementor-lightbox-slideshow=\"364d0abf\" href='https:\/\/deco.com.pl\/wp-content\/uploads\/2021\/02\/Erlus-Linea-Czarny-Mat-3.jpg'><img loading=\"lazy\" decoding=\"async\" width=\"1600\" height=\"1199\" src=\"https:\/\/deco.com.pl\/wp-content\/uploads\/2021\/02\/Erlus-Linea-Czarny-Mat-3.jpg\" class=\"attachment-full size-full\" alt=\"\" aria-describedby=\"gallery-1-1279\" srcset=\"https:\/\/deco.com.pl\/wp-content\/uploads\/2021\/02\/Erlus-Linea-Czarny-Mat-3.jpg 1600w, https:\/\/deco.com.pl\/wp-content\/uploads\/2021\/02\/Erlus-Linea-Czarny-Mat-3-300x225.jpg 300w, https:\/\/deco.com.pl\/wp-content\/uploads\/2021\/02\/Erlus-Linea-Czarny-Mat-3-1024x767.jpg 1024w, https:\/\/deco.com.pl\/wp-content\/uploads\/2021\/02\/Erlus-Linea-Czarny-Mat-3-768x576.jpg 768w, https:\/\/deco.com.pl\/wp-content\/uploads\/2021\/02\/Erlus-Linea-Czarny-Mat-3-1536x1151.jpg 1536w\" sizes=\"(max-width: 1600px) 100vw, 1600px\" \/><\/a>\n\t\t\t<\/div>\n\t\t\t\t<figcaption class='wp-caption-text gallery-caption' id='gallery-1-1279'>\n\t\t\t\tErlus Linea Czarny Mat (3)\n\t\t\t\t<\/figcaption><\/figure><figure class='gallery-item'>\n\t\t\t<div class='gallery-icon landscape'>\n\t\t\t\t<a data-elementor-open-lightbox=\"default\" data-elementor-lightbox-slideshow=\"364d0abf\" href='https:\/\/deco.com.pl\/wp-content\/uploads\/2021\/02\/Erlus-Linea-Czarny-Mat-4.jpg'><img loading=\"lazy\" decoding=\"async\" width=\"1600\" height=\"1199\" src=\"https:\/\/deco.com.pl\/wp-content\/uploads\/2021\/02\/Erlus-Linea-Czarny-Mat-4.jpg\" class=\"attachment-full size-full\" alt=\"\" aria-describedby=\"gallery-1-1280\" srcset=\"https:\/\/deco.com.pl\/wp-content\/uploads\/2021\/02\/Erlus-Linea-Czarny-Mat-4.jpg 1600w, https:\/\/deco.com.pl\/wp-content\/uploads\/2021\/02\/Erlus-Linea-Czarny-Mat-4-300x225.jpg 300w, https:\/\/deco.com.pl\/wp-content\/uploads\/2021\/02\/Erlus-Linea-Czarny-Mat-4-1024x767.jpg 1024w, https:\/\/deco.com.pl\/wp-content\/uploads\/2021\/02\/Erlus-Linea-Czarny-Mat-4-768x576.jpg 768w, https:\/\/deco.com.pl\/wp-content\/uploads\/2021\/02\/Erlus-Linea-Czarny-Mat-4-1536x1151.jpg 1536w\" sizes=\"(max-width: 1600px) 100vw, 1600px\" \/><\/a>\n\t\t\t<\/div>\n\t\t\t\t<figcaption class='wp-caption-text gallery-caption' id='gallery-1-1280'>\n\t\t\t\tErlus Linea Czarny Mat (4)\n\t\t\t\t<\/figcaption><\/figure><figure class='gallery-item'>\n\t\t\t<div class='gallery-icon landscape'>\n\t\t\t\t<a data-elementor-open-lightbox=\"default\" data-elementor-lightbox-slideshow=\"364d0abf\" href='https:\/\/deco.com.pl\/wp-content\/uploads\/2021\/02\/Erlus-Linea-Czarny-Mat-5.jpg'><img loading=\"lazy\" decoding=\"async\" width=\"1600\" height=\"1199\" src=\"https:\/\/deco.com.pl\/wp-content\/uploads\/2021\/02\/Erlus-Linea-Czarny-Mat-5.jpg\" class=\"attachment-full size-full\" alt=\"\" aria-describedby=\"gallery-1-1281\" srcset=\"https:\/\/deco.com.pl\/wp-content\/uploads\/2021\/02\/Erlus-Linea-Czarny-Mat-5.jpg 1600w, https:\/\/deco.com.pl\/wp-content\/uploads\/2021\/02\/Erlus-Linea-Czarny-Mat-5-300x225.jpg 300w, https:\/\/deco.com.pl\/wp-content\/uploads\/2021\/02\/Erlus-Linea-Czarny-Mat-5-1024x767.jpg 1024w, https:\/\/deco.com.pl\/wp-content\/uploads\/2021\/02\/Erlus-Linea-Czarny-Mat-5-768x576.jpg 768w, https:\/\/deco.com.pl\/wp-content\/uploads\/2021\/02\/Erlus-Linea-Czarny-Mat-5-1536x1151.jpg 1536w\" sizes=\"(max-width: 1600px) 100vw, 1600px\" \/><\/a>\n\t\t\t<\/div>\n\t\t\t\t<figcaption class='wp-caption-text gallery-caption' id='gallery-1-1281'>\n\t\t\t\tErlus Linea Czarny Mat (5)\n\t\t\t\t<\/figcaption><\/figure><figure class='gallery-item'>\n\t\t\t<div class='gallery-icon landscape'>\n\t\t\t\t<a data-elementor-open-lightbox=\"default\" data-elementor-lightbox-slideshow=\"364d0abf\" href='https:\/\/deco.com.pl\/wp-content\/uploads\/2021\/02\/Erlus-Linea-Czarny-Mat-6.jpg'><img loading=\"lazy\" decoding=\"async\" width=\"1600\" height=\"1199\" src=\"https:\/\/deco.com.pl\/wp-content\/uploads\/2021\/02\/Erlus-Linea-Czarny-Mat-6.jpg\" class=\"attachment-full size-full\" alt=\"\" aria-describedby=\"gallery-1-1282\" srcset=\"https:\/\/deco.com.pl\/wp-content\/uploads\/2021\/02\/Erlus-Linea-Czarny-Mat-6.jpg 1600w, https:\/\/deco.com.pl\/wp-content\/uploads\/2021\/02\/Erlus-Linea-Czarny-Mat-6-300x225.jpg 300w, https:\/\/deco.com.pl\/wp-content\/uploads\/2021\/02\/Erlus-Linea-Czarny-Mat-6-1024x767.jpg 1024w, https:\/\/deco.com.pl\/wp-content\/uploads\/2021\/02\/Erlus-Linea-Czarny-Mat-6-768x576.jpg 768w, https:\/\/deco.com.pl\/wp-content\/uploads\/2021\/02\/Erlus-Linea-Czarny-Mat-6-1536x1151.jpg 1536w\" sizes=\"(max-width: 1600px) 100vw, 1600px\" \/><\/a>\n\t\t\t<\/div>\n\t\t\t\t<figcaption class='wp-caption-text gallery-caption' id='gallery-1-1282'>\n\t\t\t\tErlus Linea Czarny Mat (6)\n\t\t\t\t<\/figcaption><\/figure><figure class='gallery-item'>\n\t\t\t<div class='gallery-icon landscape'>\n\t\t\t\t<a data-elementor-open-lightbox=\"default\" data-elementor-lightbox-slideshow=\"364d0abf\" href='https:\/\/deco.com.pl\/wp-content\/uploads\/2021\/02\/Erlus-Linea-Czarny-Mat-7.jpg'><img loading=\"lazy\" decoding=\"async\" width=\"1600\" height=\"1199\" src=\"https:\/\/deco.com.pl\/wp-content\/uploads\/2021\/02\/Erlus-Linea-Czarny-Mat-7.jpg\" class=\"attachment-full size-full\" alt=\"\" aria-describedby=\"gallery-1-1283\" srcset=\"https:\/\/deco.com.pl\/wp-content\/uploads\/2021\/02\/Erlus-Linea-Czarny-Mat-7.jpg 1600w, https:\/\/deco.com.pl\/wp-content\/uploads\/2021\/02\/Erlus-Linea-Czarny-Mat-7-300x225.jpg 300w, https:\/\/deco.com.pl\/wp-content\/uploads\/2021\/02\/Erlus-Linea-Czarny-Mat-7-1024x767.jpg 1024w, https:\/\/deco.com.pl\/wp-content\/uploads\/2021\/02\/Erlus-Linea-Czarny-Mat-7-768x576.jpg 768w, https:\/\/deco.com.pl\/wp-content\/uploads\/2021\/02\/Erlus-Linea-Czarny-Mat-7-1536x1151.jpg 1536w\" sizes=\"(max-width: 1600px) 100vw, 1600px\" \/><\/a>\n\t\t\t<\/div>\n\t\t\t\t<figcaption class='wp-caption-text gallery-caption' id='gallery-1-1283'>\n\t\t\t\tErlus Linea Czarny Mat (7)\n\t\t\t\t<\/figcaption><\/figure><figure class='gallery-item'>\n\t\t\t<div class='gallery-icon landscape'>\n\t\t\t\t<a data-elementor-open-lightbox=\"default\" data-elementor-lightbox-slideshow=\"364d0abf\" href='https:\/\/deco.com.pl\/wp-content\/uploads\/2021\/02\/Erlus-Linea-Czarny-Mat-8.jpg'><img loading=\"lazy\" decoding=\"async\" width=\"1600\" height=\"1199\" src=\"https:\/\/deco.com.pl\/wp-content\/uploads\/2021\/02\/Erlus-Linea-Czarny-Mat-8.jpg\" class=\"attachment-full size-full\" alt=\"\" aria-describedby=\"gallery-1-1284\" srcset=\"https:\/\/deco.com.pl\/wp-content\/uploads\/2021\/02\/Erlus-Linea-Czarny-Mat-8.jpg 1600w, https:\/\/deco.com.pl\/wp-content\/uploads\/2021\/02\/Erlus-Linea-Czarny-Mat-8-300x225.jpg 300w, https:\/\/deco.com.pl\/wp-content\/uploads\/2021\/02\/Erlus-Linea-Czarny-Mat-8-1024x767.jpg 1024w, https:\/\/deco.com.pl\/wp-content\/uploads\/2021\/02\/Erlus-Linea-Czarny-Mat-8-768x576.jpg 768w, https:\/\/deco.com.pl\/wp-content\/uploads\/2021\/02\/Erlus-Linea-Czarny-Mat-8-1536x1151.jpg 1536w\" sizes=\"(max-width: 1600px) 100vw, 1600px\" \/><\/a>\n\t\t\t<\/div>\n\t\t\t\t<figcaption class='wp-caption-text gallery-caption' id='gallery-1-1284'>\n\t\t\t\tErlus Linea Czarny Mat (8)\n\t\t\t\t<\/figcaption><\/figure><figure class='gallery-item'>\n\t\t\t<div class='gallery-icon landscape'>\n\t\t\t\t<a data-elementor-open-lightbox=\"default\" data-elementor-lightbox-slideshow=\"364d0abf\" href='https:\/\/deco.com.pl\/wp-content\/uploads\/2021\/02\/Erlus-Linea-Czarny-Mat-9.jpg'><img loading=\"lazy\" decoding=\"async\" width=\"1600\" height=\"1199\" src=\"https:\/\/deco.com.pl\/wp-content\/uploads\/2021\/02\/Erlus-Linea-Czarny-Mat-9.jpg\" class=\"attachment-full size-full\" alt=\"\" aria-describedby=\"gallery-1-1285\" srcset=\"https:\/\/deco.com.pl\/wp-content\/uploads\/2021\/02\/Erlus-Linea-Czarny-Mat-9.jpg 1600w, https:\/\/deco.com.pl\/wp-content\/uploads\/2021\/02\/Erlus-Linea-Czarny-Mat-9-300x225.jpg 300w, https:\/\/deco.com.pl\/wp-content\/uploads\/2021\/02\/Erlus-Linea-Czarny-Mat-9-1024x767.jpg 1024w, https:\/\/deco.com.pl\/wp-content\/uploads\/2021\/02\/Erlus-Linea-Czarny-Mat-9-768x576.jpg 768w, https:\/\/deco.com.pl\/wp-content\/uploads\/2021\/02\/Erlus-Linea-Czarny-Mat-9-1536x1151.jpg 1536w\" sizes=\"(max-width: 1600px) 100vw, 1600px\" \/><\/a>\n\t\t\t<\/div>\n\t\t\t\t<figcaption class='wp-caption-text gallery-caption' id='gallery-1-1285'>\n\t\t\t\tErlus Linea Czarny Mat (9)\n\t\t\t\t<\/figcaption><\/figure><figure class='gallery-item'>\n\t\t\t<div class='gallery-icon landscape'>\n\t\t\t\t<a data-elementor-open-lightbox=\"default\" data-elementor-lightbox-slideshow=\"364d0abf\" href='https:\/\/deco.com.pl\/wp-content\/uploads\/2021\/02\/Erlus-Linea-Czarny-Mat-10.jpg'><img loading=\"lazy\" decoding=\"async\" width=\"1600\" height=\"900\" src=\"https:\/\/deco.com.pl\/wp-content\/uploads\/2021\/02\/Erlus-Linea-Czarny-Mat-10.jpg\" class=\"attachment-full size-full\" alt=\"\" aria-describedby=\"gallery-1-1286\" srcset=\"https:\/\/deco.com.pl\/wp-content\/uploads\/2021\/02\/Erlus-Linea-Czarny-Mat-10.jpg 1600w, https:\/\/deco.com.pl\/wp-content\/uploads\/2021\/02\/Erlus-Linea-Czarny-Mat-10-300x169.jpg 300w, https:\/\/deco.com.pl\/wp-content\/uploads\/2021\/02\/Erlus-Linea-Czarny-Mat-10-1024x576.jpg 1024w, https:\/\/deco.com.pl\/wp-content\/uploads\/2021\/02\/Erlus-Linea-Czarny-Mat-10-768x432.jpg 768w, https:\/\/deco.com.pl\/wp-content\/uploads\/2021\/02\/Erlus-Linea-Czarny-Mat-10-1536x864.jpg 1536w\" sizes=\"(max-width: 1600px) 100vw, 1600px\" \/><\/a>\n\t\t\t<\/div>\n\t\t\t\t<figcaption class='wp-caption-text gallery-caption' id='gallery-1-1286'>\n\t\t\t\tErlus Linea Czarny Mat (10)\n\t\t\t\t<\/figcaption><\/figure><figure class='gallery-item'>\n\t\t\t<div class='gallery-icon landscape'>\n\t\t\t\t<a data-elementor-open-lightbox=\"default\" data-elementor-lightbox-slideshow=\"364d0abf\" href='https:\/\/deco.com.pl\/wp-content\/uploads\/2021\/02\/Erlus-Linea-Czarny-Mat-11.jpg'><img loading=\"lazy\" decoding=\"async\" width=\"1600\" height=\"778\" src=\"https:\/\/deco.com.pl\/wp-content\/uploads\/2021\/02\/Erlus-Linea-Czarny-Mat-11.jpg\" class=\"attachment-full size-full\" alt=\"\" aria-describedby=\"gallery-1-1287\" srcset=\"https:\/\/deco.com.pl\/wp-content\/uploads\/2021\/02\/Erlus-Linea-Czarny-Mat-11.jpg 1600w, https:\/\/deco.com.pl\/wp-content\/uploads\/2021\/02\/Erlus-Linea-Czarny-Mat-11-300x146.jpg 300w, https:\/\/deco.com.pl\/wp-content\/uploads\/2021\/02\/Erlus-Linea-Czarny-Mat-11-1024x498.jpg 1024w, https:\/\/deco.com.pl\/wp-content\/uploads\/2021\/02\/Erlus-Linea-Czarny-Mat-11-768x373.jpg 768w, https:\/\/deco.com.pl\/wp-content\/uploads\/2021\/02\/Erlus-Linea-Czarny-Mat-11-1536x747.jpg 1536w\" sizes=\"(max-width: 1600px) 100vw, 1600px\" \/><\/a>\n\t\t\t<\/div>\n\t\t\t\t<figcaption class='wp-caption-text gallery-caption' id='gallery-1-1287'>\n\t\t\t\tErlus Linea Czarny Mat (11)\n\t\t\t\t<\/figcaption><\/figure><figure class='gallery-item'>\n\t\t\t<div class='gallery-icon landscape'>\n\t\t\t\t<a data-elementor-open-lightbox=\"default\" data-elementor-lightbox-slideshow=\"364d0abf\" href='https:\/\/deco.com.pl\/wp-content\/uploads\/2021\/02\/Erlus-Linea-Czarny-Mat-12.jpg'><img loading=\"lazy\" decoding=\"async\" width=\"1600\" height=\"778\" src=\"https:\/\/deco.com.pl\/wp-content\/uploads\/2021\/02\/Erlus-Linea-Czarny-Mat-12.jpg\" class=\"attachment-full size-full\" alt=\"\" aria-describedby=\"gallery-1-1288\" srcset=\"https:\/\/deco.com.pl\/wp-content\/uploads\/2021\/02\/Erlus-Linea-Czarny-Mat-12.jpg 1600w, https:\/\/deco.com.pl\/wp-content\/uploads\/2021\/02\/Erlus-Linea-Czarny-Mat-12-300x146.jpg 300w, https:\/\/deco.com.pl\/wp-content\/uploads\/2021\/02\/Erlus-Linea-Czarny-Mat-12-1024x498.jpg 1024w, https:\/\/deco.com.pl\/wp-content\/uploads\/2021\/02\/Erlus-Linea-Czarny-Mat-12-768x373.jpg 768w, https:\/\/deco.com.pl\/wp-content\/uploads\/2021\/02\/Erlus-Linea-Czarny-Mat-12-1536x747.jpg 1536w\" sizes=\"(max-width: 1600px) 100vw, 1600px\" \/><\/a>\n\t\t\t<\/div>\n\t\t\t\t<figcaption class='wp-caption-text gallery-caption' id='gallery-1-1288'>\n\t\t\t\tErlus Linea Czarny Mat (12)\n\t\t\t\t<\/figcaption><\/figure><figure class='gallery-item'>\n\t\t\t<div class='gallery-icon landscape'>\n\t\t\t\t<a data-elementor-open-lightbox=\"default\" data-elementor-lightbox-slideshow=\"364d0abf\" href='https:\/\/deco.com.pl\/wp-content\/uploads\/2021\/02\/Erlus-Linea-Czarny-Mat.jpg'><img loading=\"lazy\" decoding=\"async\" width=\"1600\" height=\"1199\" src=\"https:\/\/deco.com.pl\/wp-content\/uploads\/2021\/02\/Erlus-Linea-Czarny-Mat.jpg\" class=\"attachment-full size-full\" alt=\"\" aria-describedby=\"gallery-1-1289\" srcset=\"https:\/\/deco.com.pl\/wp-content\/uploads\/2021\/02\/Erlus-Linea-Czarny-Mat.jpg 1600w, https:\/\/deco.com.pl\/wp-content\/uploads\/2021\/02\/Erlus-Linea-Czarny-Mat-300x225.jpg 300w, https:\/\/deco.com.pl\/wp-content\/uploads\/2021\/02\/Erlus-Linea-Czarny-Mat-1024x767.jpg 1024w, https:\/\/deco.com.pl\/wp-content\/uploads\/2021\/02\/Erlus-Linea-Czarny-Mat-768x576.jpg 768w, https:\/\/deco.com.pl\/wp-content\/uploads\/2021\/02\/Erlus-Linea-Czarny-Mat-1536x1151.jpg 1536w\" sizes=\"(max-width: 1600px) 100vw, 1600px\" \/><\/a>\n\t\t\t<\/div>\n\t\t\t\t<figcaption class='wp-caption-text gallery-caption' id='gallery-1-1289'>\n\t\t\t\tErlus Linea Czarny Mat\n\t\t\t\t<\/figcaption><\/figure><figure class='gallery-item'>\n\t\t\t<div class='gallery-icon landscape'>\n\t\t\t\t<a data-elementor-open-lightbox=\"default\" data-elementor-lightbox-slideshow=\"364d0abf\" href='https:\/\/deco.com.pl\/wp-content\/uploads\/2021\/02\/Erlus-Linea-Jasnoszary-2.jpg'><img loading=\"lazy\" decoding=\"async\" width=\"1600\" height=\"1199\" src=\"https:\/\/deco.com.pl\/wp-content\/uploads\/2021\/02\/Erlus-Linea-Jasnoszary-2.jpg\" class=\"attachment-full size-full\" alt=\"\" aria-describedby=\"gallery-1-1290\" srcset=\"https:\/\/deco.com.pl\/wp-content\/uploads\/2021\/02\/Erlus-Linea-Jasnoszary-2.jpg 1600w, https:\/\/deco.com.pl\/wp-content\/uploads\/2021\/02\/Erlus-Linea-Jasnoszary-2-300x225.jpg 300w, https:\/\/deco.com.pl\/wp-content\/uploads\/2021\/02\/Erlus-Linea-Jasnoszary-2-1024x767.jpg 1024w, https:\/\/deco.com.pl\/wp-content\/uploads\/2021\/02\/Erlus-Linea-Jasnoszary-2-768x576.jpg 768w, https:\/\/deco.com.pl\/wp-content\/uploads\/2021\/02\/Erlus-Linea-Jasnoszary-2-1536x1151.jpg 1536w\" sizes=\"(max-width: 1600px) 100vw, 1600px\" \/><\/a>\n\t\t\t<\/div>\n\t\t\t\t<figcaption class='wp-caption-text gallery-caption' id='gallery-1-1290'>\n\t\t\t\tErlus Linea Jasnoszary (2)\n\t\t\t\t<\/figcaption><\/figure><figure class='gallery-item'>\n\t\t\t<div class='gallery-icon landscape'>\n\t\t\t\t<a data-elementor-open-lightbox=\"default\" data-elementor-lightbox-slideshow=\"364d0abf\" href='https:\/\/deco.com.pl\/wp-content\/uploads\/2021\/02\/Erlus-Linea-Jasnoszary.jpg'><img loading=\"lazy\" decoding=\"async\" width=\"1600\" height=\"1199\" src=\"https:\/\/deco.com.pl\/wp-content\/uploads\/2021\/02\/Erlus-Linea-Jasnoszary.jpg\" class=\"attachment-full size-full\" alt=\"\" aria-describedby=\"gallery-1-1291\" srcset=\"https:\/\/deco.com.pl\/wp-content\/uploads\/2021\/02\/Erlus-Linea-Jasnoszary.jpg 1600w, https:\/\/deco.com.pl\/wp-content\/uploads\/2021\/02\/Erlus-Linea-Jasnoszary-300x225.jpg 300w, https:\/\/deco.com.pl\/wp-content\/uploads\/2021\/02\/Erlus-Linea-Jasnoszary-1024x767.jpg 1024w, https:\/\/deco.com.pl\/wp-content\/uploads\/2021\/02\/Erlus-Linea-Jasnoszary-768x576.jpg 768w, https:\/\/deco.com.pl\/wp-content\/uploads\/2021\/02\/Erlus-Linea-Jasnoszary-1536x1151.jpg 1536w\" sizes=\"(max-width: 1600px) 100vw, 1600px\" \/><\/a>\n\t\t\t<\/div>\n\t\t\t\t<figcaption class='wp-caption-text gallery-caption' id='gallery-1-1291'>\n\t\t\t\tErlus Linea Jasnoszary\n\t\t\t\t<\/figcaption><\/figure><figure class='gallery-item'>\n\t\t\t<div class='gallery-icon landscape'>\n\t\t\t\t<a data-elementor-open-lightbox=\"default\" data-elementor-lightbox-slideshow=\"364d0abf\" href='https:\/\/deco.com.pl\/wp-content\/uploads\/2021\/02\/Erlus-Linea-Szary-Spiek-2.jpg'><img loading=\"lazy\" decoding=\"async\" width=\"1600\" height=\"1199\" src=\"https:\/\/deco.com.pl\/wp-content\/uploads\/2021\/02\/Erlus-Linea-Szary-Spiek-2.jpg\" class=\"attachment-full size-full\" alt=\"\" aria-describedby=\"gallery-1-1292\" srcset=\"https:\/\/deco.com.pl\/wp-content\/uploads\/2021\/02\/Erlus-Linea-Szary-Spiek-2.jpg 1600w, https:\/\/deco.com.pl\/wp-content\/uploads\/2021\/02\/Erlus-Linea-Szary-Spiek-2-300x225.jpg 300w, https:\/\/deco.com.pl\/wp-content\/uploads\/2021\/02\/Erlus-Linea-Szary-Spiek-2-1024x767.jpg 1024w, https:\/\/deco.com.pl\/wp-content\/uploads\/2021\/02\/Erlus-Linea-Szary-Spiek-2-768x576.jpg 768w, https:\/\/deco.com.pl\/wp-content\/uploads\/2021\/02\/Erlus-Linea-Szary-Spiek-2-1536x1151.jpg 1536w\" sizes=\"(max-width: 1600px) 100vw, 1600px\" \/><\/a>\n\t\t\t<\/div>\n\t\t\t\t<figcaption class='wp-caption-text gallery-caption' id='gallery-1-1292'>\n\t\t\t\tErlus Linea Szary Spiek (2)\n\t\t\t\t<\/figcaption><\/figure><figure class='gallery-item'>\n\t\t\t<div class='gallery-icon landscape'>\n\t\t\t\t<a data-elementor-open-lightbox=\"default\" data-elementor-lightbox-slideshow=\"364d0abf\" href='https:\/\/deco.com.pl\/wp-content\/uploads\/2021\/02\/Erlus-Linea-Szary-Spiek-3.jpg'><img loading=\"lazy\" decoding=\"async\" width=\"1600\" height=\"1199\" src=\"https:\/\/deco.com.pl\/wp-content\/uploads\/2021\/02\/Erlus-Linea-Szary-Spiek-3.jpg\" class=\"attachment-full size-full\" alt=\"\" aria-describedby=\"gallery-1-1293\" srcset=\"https:\/\/deco.com.pl\/wp-content\/uploads\/2021\/02\/Erlus-Linea-Szary-Spiek-3.jpg 1600w, https:\/\/deco.com.pl\/wp-content\/uploads\/2021\/02\/Erlus-Linea-Szary-Spiek-3-300x225.jpg 300w, https:\/\/deco.com.pl\/wp-content\/uploads\/2021\/02\/Erlus-Linea-Szary-Spiek-3-1024x767.jpg 1024w, https:\/\/deco.com.pl\/wp-content\/uploads\/2021\/02\/Erlus-Linea-Szary-Spiek-3-768x576.jpg 768w, https:\/\/deco.com.pl\/wp-content\/uploads\/2021\/02\/Erlus-Linea-Szary-Spiek-3-1536x1151.jpg 1536w\" sizes=\"(max-width: 1600px) 100vw, 1600px\" \/><\/a>\n\t\t\t<\/div>\n\t\t\t\t<figcaption class='wp-caption-text gallery-caption' id='gallery-1-1293'>\n\t\t\t\tErlus Linea Szary Spiek (3)\n\t\t\t\t<\/figcaption><\/figure><figure class='gallery-item'>\n\t\t\t<div class='gallery-icon landscape'>\n\t\t\t\t<a data-elementor-open-lightbox=\"default\" data-elementor-lightbox-slideshow=\"364d0abf\" href='https:\/\/deco.com.pl\/wp-content\/uploads\/2021\/02\/Erlus-Linea-Szary-Spiek.jpg'><img loading=\"lazy\" decoding=\"async\" width=\"1600\" height=\"1199\" src=\"https:\/\/deco.com.pl\/wp-content\/uploads\/2021\/02\/Erlus-Linea-Szary-Spiek.jpg\" class=\"attachment-full size-full\" alt=\"\" aria-describedby=\"gallery-1-1294\" srcset=\"https:\/\/deco.com.pl\/wp-content\/uploads\/2021\/02\/Erlus-Linea-Szary-Spiek.jpg 1600w, https:\/\/deco.com.pl\/wp-content\/uploads\/2021\/02\/Erlus-Linea-Szary-Spiek-300x225.jpg 300w, https:\/\/deco.com.pl\/wp-content\/uploads\/2021\/02\/Erlus-Linea-Szary-Spiek-1024x767.jpg 1024w, https:\/\/deco.com.pl\/wp-content\/uploads\/2021\/02\/Erlus-Linea-Szary-Spiek-768x576.jpg 768w, https:\/\/deco.com.pl\/wp-content\/uploads\/2021\/02\/Erlus-Linea-Szary-Spiek-1536x1151.jpg 1536w\" sizes=\"(max-width: 1600px) 100vw, 1600px\" \/><\/a>\n\t\t\t<\/div>\n\t\t\t\t<figcaption class='wp-caption-text gallery-caption' id='gallery-1-1294'>\n\t\t\t\tErlus Linea Szary Spiek\n\t\t\t\t<\/figcaption><\/figure>\n\t\t<\/div>\n\t\t<\/div>\n\t\t\t\t<\/div>\n\t\t\t\t<\/div>\n\t\t\t\t\t\t<\/div>\n\t\t\t<\/div>\n\t\t<\/div>\n\t\t\t\t\t\t<\/div>\n\t\t\t<\/div>\n\t\t<\/section>\n\t\t\t\t\t\t<\/div>\n\t\t\t<\/div>\n\t\t<\/div>\n\t\t","protected":false},"excerpt":{"rendered":"<p>Braas Teviva Cisar grafit Braas Teviva cisar grafit Braas Turmalin antracyt Braas Turmalin jasnoszara Braas Turmalin szary kryszta\u0142 Creaton Domino czarna glazura (2) Creaton Domino czarna glazura Creaton Domino czarny mat (2) Creaton Domino czarny mat (3) Creaton Domino czarny mat (4) Creaton Domino czarny mat (5) Creaton Domino czarny mat Creaton Domino \u0142upek angoba [&hellip;]<\/p>\n","protected":false},"author":1,"featured_media":0,"parent":592,"menu_order":0,"comment_status":"closed","ping_status":"closed","template":"","meta":{"ocean_post_layout":"","ocean_both_sidebars_style":"","ocean_both_sidebars_content_width":0,"ocean_both_sidebars_sidebars_width":0,"ocean_sidebar":"0","ocean_second_sidebar":"0","ocean_disable_margins":"enable","ocean_add_body_class":"","ocean_shortcode_before_top_bar":"","ocean_shortcode_after_top_bar":"","ocean_shortcode_before_header":"","ocean_shortcode_after_header":"","ocean_has_shortcode":"","ocean_shortcode_after_title":"","ocean_shortcode_before_footer_widgets":"","ocean_shortcode_after_footer_widgets":"","ocean_shortcode_before_footer_bottom":"","ocean_shortcode_after_footer_bottom":"","ocean_display_top_bar":"default","ocean_display_header":"default","ocean_header_style":"","ocean_center_header_left_menu":"0","ocean_custom_header_template":"0","ocean_custom_logo":0,"ocean_custom_retina_logo":0,"ocean_custom_logo_max_width":0,"ocean_custom_logo_tablet_max_width":0,"ocean_custom_logo_mobile_max_width":0,"ocean_custom_logo_max_height":0,"ocean_custom_logo_tablet_max_height":0,"ocean_custom_logo_mobile_max_height":0,"ocean_header_custom_menu":"0","ocean_menu_typo_font_family":"0","ocean_menu_typo_font_subset":"","ocean_menu_typo_font_size":0,"ocean_menu_typo_font_size_tablet":0,"ocean_menu_typo_font_size_mobile":0,"ocean_menu_typo_font_size_unit":"px","ocean_menu_typo_font_weight":"","ocean_menu_typo_font_weight_tablet":"","ocean_menu_typo_font_weight_mobile":"","ocean_menu_typo_transform":"","ocean_menu_typo_transform_tablet":"","ocean_menu_typo_transform_mobile":"","ocean_menu_typo_line_height":0,"ocean_menu_typo_line_height_tablet":0,"ocean_menu_typo_line_height_mobile":0,"ocean_menu_typo_line_height_unit":"","ocean_menu_typo_spacing":0,"ocean_menu_typo_spacing_tablet":0,"ocean_menu_typo_spacing_mobile":0,"ocean_menu_typo_spacing_unit":"","ocean_menu_link_color":"","ocean_menu_link_color_hover":"","ocean_menu_link_color_active":"","ocean_menu_link_background":"","ocean_menu_link_hover_background":"","ocean_menu_link_active_background":"","ocean_menu_social_links_bg":"","ocean_menu_social_hover_links_bg":"","ocean_menu_social_links_color":"","ocean_menu_social_hover_links_color":"","ocean_disable_title":"default","ocean_disable_heading":"default","ocean_post_title":"","ocean_post_subheading":"","ocean_post_title_style":"","ocean_post_title_background_color":"","ocean_post_title_background":0,"ocean_post_title_bg_image_position":"","ocean_post_title_bg_image_attachment":"","ocean_post_title_bg_image_repeat":"","ocean_post_title_bg_image_size":"","ocean_post_title_height":0,"ocean_post_title_bg_overlay":0.5,"ocean_post_title_bg_overlay_color":"","ocean_disable_breadcrumbs":"default","ocean_breadcrumbs_color":"","ocean_breadcrumbs_separator_color":"","ocean_breadcrumbs_links_color":"","ocean_breadcrumbs_links_hover_color":"","ocean_display_footer_widgets":"default","ocean_display_footer_bottom":"default","ocean_custom_footer_template":"0","footnotes":""},"yoast_head":"<!-- This site is optimized with the Yoast SEO plugin v22.3 - https:\/\/yoast.com\/wordpress\/plugins\/seo\/ -->\n<title>DACH\u00d3WKI P\u0141ASKIE - Mamy wszystko na tw\u00f3j dach<\/title>\n<meta name=\"robots\" content=\"index, follow, max-snippet:-1, max-image-preview:large, max-video-preview:-1\" \/>\n<link rel=\"canonical\" href=\"https:\/\/deco.com.pl\/index.php\/galeria\/dachowki-plaskie\/\" \/>\n<meta property=\"og:locale\" content=\"pl_PL\" \/>\n<meta property=\"og:type\" content=\"article\" \/>\n<meta property=\"og:title\" content=\"DACH\u00d3WKI P\u0141ASKIE - Mamy wszystko na tw\u00f3j dach\" \/>\n<meta property=\"og:description\" content=\"Braas Teviva Cisar grafit Braas Teviva cisar grafit Braas Turmalin antracyt Braas Turmalin jasnoszara Braas Turmalin szary kryszta\u0142 Creaton Domino czarna glazura (2) Creaton Domino czarna glazura Creaton Domino czarny mat (2) Creaton Domino czarny mat (3) Creaton Domino czarny mat (4) Creaton Domino czarny mat (5) Creaton Domino czarny mat Creaton Domino \u0142upek angoba [&hellip;]\" \/>\n<meta property=\"og:url\" content=\"https:\/\/deco.com.pl\/index.php\/galeria\/dachowki-plaskie\/\" \/>\n<meta property=\"og:site_name\" content=\"Mamy wszystko na tw\u00f3j dach\" \/>\n<meta property=\"article:publisher\" content=\"https:\/\/www.facebook.com\/decodachy\" \/>\n<meta property=\"article:modified_time\" content=\"2021-02-21T14:46:22+00:00\" \/>\n<meta property=\"og:image\" content=\"http:\/\/deco.com.pl\/wp-content\/uploads\/2020\/01\/Braas-Teviva-Cisar-grafit-2-scaled.jpg\" \/>\n<meta name=\"twitter:card\" content=\"summary_large_image\" \/>\n<meta name=\"twitter:label1\" content=\"Szacowany czas czytania\" \/>\n\t<meta name=\"twitter:data1\" content=\"1 minuta\" \/>\n<script type=\"application\/ld+json\" class=\"yoast-schema-graph\">{\"@context\":\"https:\/\/schema.org\",\"@graph\":[{\"@type\":\"WebPage\",\"@id\":\"https:\/\/deco.com.pl\/index.php\/galeria\/dachowki-plaskie\/\",\"url\":\"https:\/\/deco.com.pl\/index.php\/galeria\/dachowki-plaskie\/\",\"name\":\"DACH\u00d3WKI P\u0141ASKIE - Mamy wszystko na tw\u00f3j dach\",\"isPartOf\":{\"@id\":\"https:\/\/deco.com.pl\/#website\"},\"primaryImageOfPage\":{\"@id\":\"https:\/\/deco.com.pl\/index.php\/galeria\/dachowki-plaskie\/#primaryimage\"},\"image\":{\"@id\":\"https:\/\/deco.com.pl\/index.php\/galeria\/dachowki-plaskie\/#primaryimage\"},\"thumbnailUrl\":\"http:\/\/deco.com.pl\/wp-content\/uploads\/2020\/01\/Braas-Teviva-Cisar-grafit-2-scaled.jpg\",\"datePublished\":\"2020-02-03T15:33:35+00:00\",\"dateModified\":\"2021-02-21T14:46:22+00:00\",\"breadcrumb\":{\"@id\":\"https:\/\/deco.com.pl\/index.php\/galeria\/dachowki-plaskie\/#breadcrumb\"},\"inLanguage\":\"pl-PL\",\"potentialAction\":[{\"@type\":\"ReadAction\",\"target\":[\"https:\/\/deco.com.pl\/index.php\/galeria\/dachowki-plaskie\/\"]}]},{\"@type\":\"ImageObject\",\"inLanguage\":\"pl-PL\",\"@id\":\"https:\/\/deco.com.pl\/index.php\/galeria\/dachowki-plaskie\/#primaryimage\",\"url\":\"http:\/\/deco.com.pl\/wp-content\/uploads\/2020\/01\/Braas-Teviva-Cisar-grafit-2-scaled.jpg\",\"contentUrl\":\"http:\/\/deco.com.pl\/wp-content\/uploads\/2020\/01\/Braas-Teviva-Cisar-grafit-2-scaled.jpg\"},{\"@type\":\"BreadcrumbList\",\"@id\":\"https:\/\/deco.com.pl\/index.php\/galeria\/dachowki-plaskie\/#breadcrumb\",\"itemListElement\":[{\"@type\":\"ListItem\",\"position\":1,\"name\":\"Strona g\u0142\u00f3wna\",\"item\":\"https:\/\/deco.com.pl\/\"},{\"@type\":\"ListItem\",\"position\":2,\"name\":\"GALERIA\",\"item\":\"https:\/\/deco.com.pl\/index.php\/galeria\/\"},{\"@type\":\"ListItem\",\"position\":3,\"name\":\"DACH\u00d3WKI P\u0141ASKIE\"}]},{\"@type\":\"WebSite\",\"@id\":\"https:\/\/deco.com.pl\/#website\",\"url\":\"https:\/\/deco.com.pl\/\",\"name\":\"Mamy wszystko na tw\u00f3j dach\",\"description\":\"DECO Pokrycia Dachowe\",\"publisher\":{\"@id\":\"https:\/\/deco.com.pl\/#organization\"},\"potentialAction\":[{\"@type\":\"SearchAction\",\"target\":{\"@type\":\"EntryPoint\",\"urlTemplate\":\"https:\/\/deco.com.pl\/?s={search_term_string}\"},\"query-input\":\"required name=search_term_string\"}],\"inLanguage\":\"pl-PL\"},{\"@type\":\"Organization\",\"@id\":\"https:\/\/deco.com.pl\/#organization\",\"name\":\"Mamy wszystko na tw\u00f3j dach\",\"url\":\"https:\/\/deco.com.pl\/\",\"logo\":{\"@type\":\"ImageObject\",\"inLanguage\":\"pl-PL\",\"@id\":\"https:\/\/deco.com.pl\/#\/schema\/logo\/image\/\",\"url\":\"https:\/\/deco.com.pl\/wp-content\/uploads\/2020\/01\/cropped-logotlo2.png\",\"contentUrl\":\"https:\/\/deco.com.pl\/wp-content\/uploads\/2020\/01\/cropped-logotlo2.png\",\"width\":1206,\"height\":330,\"caption\":\"Mamy wszystko na tw\u00f3j dach\"},\"image\":{\"@id\":\"https:\/\/deco.com.pl\/#\/schema\/logo\/image\/\"},\"sameAs\":[\"https:\/\/www.facebook.com\/decodachy\"]}]}<\/script>\n<!-- \/ Yoast SEO plugin. -->","yoast_head_json":{"title":"DACH\u00d3WKI P\u0141ASKIE - Mamy wszystko na tw\u00f3j dach","robots":{"index":"index","follow":"follow","max-snippet":"max-snippet:-1","max-image-preview":"max-image-preview:large","max-video-preview":"max-video-preview:-1"},"canonical":"https:\/\/deco.com.pl\/index.php\/galeria\/dachowki-plaskie\/","og_locale":"pl_PL","og_type":"article","og_title":"DACH\u00d3WKI P\u0141ASKIE - Mamy wszystko na tw\u00f3j dach","og_description":"Braas Teviva Cisar grafit Braas Teviva cisar grafit Braas Turmalin antracyt Braas Turmalin jasnoszara Braas Turmalin szary kryszta\u0142 Creaton Domino czarna glazura (2) Creaton Domino czarna glazura Creaton Domino czarny mat (2) Creaton Domino czarny mat (3) Creaton Domino czarny mat (4) Creaton Domino czarny mat (5) Creaton Domino czarny mat Creaton Domino \u0142upek angoba [&hellip;]","og_url":"https:\/\/deco.com.pl\/index.php\/galeria\/dachowki-plaskie\/","og_site_name":"Mamy wszystko na tw\u00f3j dach","article_publisher":"https:\/\/www.facebook.com\/decodachy","article_modified_time":"2021-02-21T14:46:22+00:00","og_image":[{"url":"http:\/\/deco.com.pl\/wp-content\/uploads\/2020\/01\/Braas-Teviva-Cisar-grafit-2-scaled.jpg"}],"twitter_card":"summary_large_image","twitter_misc":{"Szacowany czas czytania":"1 minuta"},"schema":{"@context":"https:\/\/schema.org","@graph":[{"@type":"WebPage","@id":"https:\/\/deco.com.pl\/index.php\/galeria\/dachowki-plaskie\/","url":"https:\/\/deco.com.pl\/index.php\/galeria\/dachowki-plaskie\/","name":"DACH\u00d3WKI P\u0141ASKIE - Mamy wszystko na tw\u00f3j dach","isPartOf":{"@id":"https:\/\/deco.com.pl\/#website"},"primaryImageOfPage":{"@id":"https:\/\/deco.com.pl\/index.php\/galeria\/dachowki-plaskie\/#primaryimage"},"image":{"@id":"https:\/\/deco.com.pl\/index.php\/galeria\/dachowki-plaskie\/#primaryimage"},"thumbnailUrl":"http:\/\/deco.com.pl\/wp-content\/uploads\/2020\/01\/Braas-Teviva-Cisar-grafit-2-scaled.jpg","datePublished":"2020-02-03T15:33:35+00:00","dateModified":"2021-02-21T14:46:22+00:00","breadcrumb":{"@id":"https:\/\/deco.com.pl\/index.php\/galeria\/dachowki-plaskie\/#breadcrumb"},"inLanguage":"pl-PL","potentialAction":[{"@type":"ReadAction","target":["https:\/\/deco.com.pl\/index.php\/galeria\/dachowki-plaskie\/"]}]},{"@type":"ImageObject","inLanguage":"pl-PL","@id":"https:\/\/deco.com.pl\/index.php\/galeria\/dachowki-plaskie\/#primaryimage","url":"http:\/\/deco.com.pl\/wp-content\/uploads\/2020\/01\/Braas-Teviva-Cisar-grafit-2-scaled.jpg","contentUrl":"http:\/\/deco.com.pl\/wp-content\/uploads\/2020\/01\/Braas-Teviva-Cisar-grafit-2-scaled.jpg"},{"@type":"BreadcrumbList","@id":"https:\/\/deco.com.pl\/index.php\/galeria\/dachowki-plaskie\/#breadcrumb","itemListElement":[{"@type":"ListItem","position":1,"name":"Strona g\u0142\u00f3wna","item":"https:\/\/deco.com.pl\/"},{"@type":"ListItem","position":2,"name":"GALERIA","item":"https:\/\/deco.com.pl\/index.php\/galeria\/"},{"@type":"ListItem","position":3,"name":"DACH\u00d3WKI P\u0141ASKIE"}]},{"@type":"WebSite","@id":"https:\/\/deco.com.pl\/#website","url":"https:\/\/deco.com.pl\/","name":"Mamy wszystko na tw\u00f3j dach","description":"DECO Pokrycia Dachowe","publisher":{"@id":"https:\/\/deco.com.pl\/#organization"},"potentialAction":[{"@type":"SearchAction","target":{"@type":"EntryPoint","urlTemplate":"https:\/\/deco.com.pl\/?s={search_term_string}"},"query-input":"required name=search_term_string"}],"inLanguage":"pl-PL"},{"@type":"Organization","@id":"https:\/\/deco.com.pl\/#organization","name":"Mamy wszystko na tw\u00f3j dach","url":"https:\/\/deco.com.pl\/","logo":{"@type":"ImageObject","inLanguage":"pl-PL","@id":"https:\/\/deco.com.pl\/#\/schema\/logo\/image\/","url":"https:\/\/deco.com.pl\/wp-content\/uploads\/2020\/01\/cropped-logotlo2.png","contentUrl":"https:\/\/deco.com.pl\/wp-content\/uploads\/2020\/01\/cropped-logotlo2.png","width":1206,"height":330,"caption":"Mamy wszystko na tw\u00f3j dach"},"image":{"@id":"https:\/\/deco.com.pl\/#\/schema\/logo\/image\/"},"sameAs":["https:\/\/www.facebook.com\/decodachy"]}]}},"_links":{"self":[{"href":"https:\/\/deco.com.pl\/index.php\/wp-json\/wp\/v2\/pages\/1161"}],"collection":[{"href":"https:\/\/deco.com.pl\/index.php\/wp-json\/wp\/v2\/pages"}],"about":[{"href":"https:\/\/deco.com.pl\/index.php\/wp-json\/wp\/v2\/types\/page"}],"author":[{"embeddable":true,"href":"https:\/\/deco.com.pl\/index.php\/wp-json\/wp\/v2\/users\/1"}],"replies":[{"embeddable":true,"href":"https:\/\/deco.com.pl\/index.php\/wp-json\/wp\/v2\/comments?post=1161"}],"version-history":[{"count":6,"href":"https:\/\/deco.com.pl\/index.php\/wp-json\/wp\/v2\/pages\/1161\/revisions"}],"predecessor-version":[{"id":1295,"href":"https:\/\/deco.com.pl\/index.php\/wp-json\/wp\/v2\/pages\/1161\/revisions\/1295"}],"up":[{"embeddable":true,"href":"https:\/\/deco.com.pl\/index.php\/wp-json\/wp\/v2\/pages\/592"}],"wp:attachment":[{"href":"https:\/\/deco.com.pl\/index.php\/wp-json\/wp\/v2\/media?parent=1161"}],"curies":[{"name":"wp","href":"https:\/\/api.w.org\/{rel}","templated":true}]}}