{"id":1181,"date":"2020-02-03T16:45:02","date_gmt":"2020-02-03T15:45:02","guid":{"rendered":"http:\/\/deco.com.pl\/?page_id=1181"},"modified":"2021-02-21T15:49:26","modified_gmt":"2021-02-21T14:49:26","slug":"dachowki-suwakowe","status":"publish","type":"page","link":"https:\/\/deco.com.pl\/index.php\/galeria\/dachowki-suwakowe\/","title":{"rendered":"DACH\u00d3WKI SUWAKOWE"},"content":{"rendered":"\t\t<div data-elementor-type=\"wp-page\" data-elementor-id=\"1181\" class=\"elementor elementor-1181\" data-elementor-settings=\"[]\">\n\t\t\t<div class=\"elementor-inner\">\n\t\t\t\t<div class=\"elementor-section-wrap\">\n\t\t\t\t\t\t\t<section class=\"elementor-element elementor-element-105604c2 elementor-section-boxed elementor-section-height-default elementor-section-height-default elementor-section elementor-top-section\" data-id=\"105604c2\" data-element_type=\"section\">\n\t\t\t\t\t\t<div class=\"elementor-container elementor-column-gap-default\">\n\t\t\t\t<div class=\"elementor-row\">\n\t\t\t\t<div class=\"elementor-element elementor-element-1c25b8c6 elementor-column elementor-col-100 elementor-top-column\" data-id=\"1c25b8c6\" data-element_type=\"column\">\n\t\t\t<div class=\"elementor-column-wrap  elementor-element-populated\">\n\t\t\t\t\t<div class=\"elementor-widget-wrap\">\n\t\t\t\t<div class=\"elementor-element elementor-element-41d8598b gallery-spacing-custom elementor-widget elementor-widget-image-gallery\" data-id=\"41d8598b\" data-element_type=\"widget\" data-widget_type=\"image-gallery.default\">\n\t\t\t\t<div class=\"elementor-widget-container\">\n\t\t\t\t\t<div class=\"elementor-image-gallery\">\n\t\t\t<div id='gallery-1' class='gallery galleryid-1181 gallery-columns-3 gallery-size-full'><figure class='gallery-item'>\n\t\t\t<div class='gallery-icon landscape'>\n\t\t\t\t<a data-elementor-open-lightbox=\"default\" data-elementor-lightbox-slideshow=\"41d8598b\" href='https:\/\/deco.com.pl\/wp-content\/uploads\/2020\/01\/Bogen-Reform-antracyt-glazura-scaled.jpg'><img loading=\"lazy\" decoding=\"async\" width=\"2560\" height=\"1244\" src=\"https:\/\/deco.com.pl\/wp-content\/uploads\/2020\/01\/Bogen-Reform-antracyt-glazura-scaled.jpg\" class=\"attachment-full size-full\" alt=\"\" aria-describedby=\"gallery-1-1092\" srcset=\"https:\/\/deco.com.pl\/wp-content\/uploads\/2020\/01\/Bogen-Reform-antracyt-glazura-scaled.jpg 2560w, https:\/\/deco.com.pl\/wp-content\/uploads\/2020\/01\/Bogen-Reform-antracyt-glazura-300x146.jpg 300w, https:\/\/deco.com.pl\/wp-content\/uploads\/2020\/01\/Bogen-Reform-antracyt-glazura-1024x498.jpg 1024w, https:\/\/deco.com.pl\/wp-content\/uploads\/2020\/01\/Bogen-Reform-antracyt-glazura-768x373.jpg 768w, https:\/\/deco.com.pl\/wp-content\/uploads\/2020\/01\/Bogen-Reform-antracyt-glazura-1536x747.jpg 1536w, https:\/\/deco.com.pl\/wp-content\/uploads\/2020\/01\/Bogen-Reform-antracyt-glazura-2048x996.jpg 2048w\" sizes=\"(max-width: 2560px) 100vw, 2560px\" \/><\/a>\n\t\t\t<\/div>\n\t\t\t\t<figcaption class='wp-caption-text gallery-caption' id='gallery-1-1092'>\n\t\t\t\tBogen Reform antracyt glazura\n\t\t\t\t<\/figcaption><\/figure><figure class='gallery-item'>\n\t\t\t<div class='gallery-icon landscape'>\n\t\t\t\t<a data-elementor-open-lightbox=\"default\" data-elementor-lightbox-slideshow=\"41d8598b\" href='https:\/\/deco.com.pl\/wp-content\/uploads\/2020\/01\/Bogen-Reform-czarna-angoba-2-scaled.jpg'><img loading=\"lazy\" decoding=\"async\" width=\"2560\" height=\"1244\" src=\"https:\/\/deco.com.pl\/wp-content\/uploads\/2020\/01\/Bogen-Reform-czarna-angoba-2-scaled.jpg\" class=\"attachment-full size-full\" alt=\"\" aria-describedby=\"gallery-1-1093\" srcset=\"https:\/\/deco.com.pl\/wp-content\/uploads\/2020\/01\/Bogen-Reform-czarna-angoba-2-scaled.jpg 2560w, https:\/\/deco.com.pl\/wp-content\/uploads\/2020\/01\/Bogen-Reform-czarna-angoba-2-300x146.jpg 300w, https:\/\/deco.com.pl\/wp-content\/uploads\/2020\/01\/Bogen-Reform-czarna-angoba-2-1024x498.jpg 1024w, https:\/\/deco.com.pl\/wp-content\/uploads\/2020\/01\/Bogen-Reform-czarna-angoba-2-768x373.jpg 768w, https:\/\/deco.com.pl\/wp-content\/uploads\/2020\/01\/Bogen-Reform-czarna-angoba-2-1536x747.jpg 1536w, https:\/\/deco.com.pl\/wp-content\/uploads\/2020\/01\/Bogen-Reform-czarna-angoba-2-2048x996.jpg 2048w\" sizes=\"(max-width: 2560px) 100vw, 2560px\" \/><\/a>\n\t\t\t<\/div>\n\t\t\t\t<figcaption class='wp-caption-text gallery-caption' id='gallery-1-1093'>\n\t\t\t\tBogen Reform czarna angoba (2)\n\t\t\t\t<\/figcaption><\/figure><figure class='gallery-item'>\n\t\t\t<div class='gallery-icon landscape'>\n\t\t\t\t<a data-elementor-open-lightbox=\"default\" data-elementor-lightbox-slideshow=\"41d8598b\" href='https:\/\/deco.com.pl\/wp-content\/uploads\/2020\/01\/Bogen-Reform-czarna-angoba-scaled.jpg'><img loading=\"lazy\" decoding=\"async\" width=\"2560\" height=\"1440\" src=\"https:\/\/deco.com.pl\/wp-content\/uploads\/2020\/01\/Bogen-Reform-czarna-angoba-scaled.jpg\" class=\"attachment-full size-full\" alt=\"\" aria-describedby=\"gallery-1-1094\" srcset=\"https:\/\/deco.com.pl\/wp-content\/uploads\/2020\/01\/Bogen-Reform-czarna-angoba-scaled.jpg 2560w, https:\/\/deco.com.pl\/wp-content\/uploads\/2020\/01\/Bogen-Reform-czarna-angoba-300x169.jpg 300w, https:\/\/deco.com.pl\/wp-content\/uploads\/2020\/01\/Bogen-Reform-czarna-angoba-1024x576.jpg 1024w, https:\/\/deco.com.pl\/wp-content\/uploads\/2020\/01\/Bogen-Reform-czarna-angoba-768x432.jpg 768w, https:\/\/deco.com.pl\/wp-content\/uploads\/2020\/01\/Bogen-Reform-czarna-angoba-1536x864.jpg 1536w, https:\/\/deco.com.pl\/wp-content\/uploads\/2020\/01\/Bogen-Reform-czarna-angoba-2048x1152.jpg 2048w\" sizes=\"(max-width: 2560px) 100vw, 2560px\" \/><\/a>\n\t\t\t<\/div>\n\t\t\t\t<figcaption class='wp-caption-text gallery-caption' id='gallery-1-1094'>\n\t\t\t\tBogen Reform czarna angoba\n\t\t\t\t<\/figcaption><\/figure><figure class='gallery-item'>\n\t\t\t<div class='gallery-icon landscape'>\n\t\t\t\t<a data-elementor-open-lightbox=\"default\" data-elementor-lightbox-slideshow=\"41d8598b\" href='https:\/\/deco.com.pl\/wp-content\/uploads\/2020\/01\/Braas-Topas-13V-czarny-b\u0142yszcz\u0105cy-2-scaled.jpg'><img loading=\"lazy\" decoding=\"async\" width=\"2560\" height=\"1440\" src=\"https:\/\/deco.com.pl\/wp-content\/uploads\/2020\/01\/Braas-Topas-13V-czarny-b\u0142yszcz\u0105cy-2-scaled.jpg\" class=\"attachment-full size-full\" alt=\"\" aria-describedby=\"gallery-1-1095\" srcset=\"https:\/\/deco.com.pl\/wp-content\/uploads\/2020\/01\/Braas-Topas-13V-czarny-b\u0142yszcz\u0105cy-2-scaled.jpg 2560w, https:\/\/deco.com.pl\/wp-content\/uploads\/2020\/01\/Braas-Topas-13V-czarny-b\u0142yszcz\u0105cy-2-300x169.jpg 300w, https:\/\/deco.com.pl\/wp-content\/uploads\/2020\/01\/Braas-Topas-13V-czarny-b\u0142yszcz\u0105cy-2-1024x576.jpg 1024w, https:\/\/deco.com.pl\/wp-content\/uploads\/2020\/01\/Braas-Topas-13V-czarny-b\u0142yszcz\u0105cy-2-768x432.jpg 768w, https:\/\/deco.com.pl\/wp-content\/uploads\/2020\/01\/Braas-Topas-13V-czarny-b\u0142yszcz\u0105cy-2-1536x864.jpg 1536w, https:\/\/deco.com.pl\/wp-content\/uploads\/2020\/01\/Braas-Topas-13V-czarny-b\u0142yszcz\u0105cy-2-2048x1152.jpg 2048w\" sizes=\"(max-width: 2560px) 100vw, 2560px\" \/><\/a>\n\t\t\t<\/div>\n\t\t\t\t<figcaption class='wp-caption-text gallery-caption' id='gallery-1-1095'>\n\t\t\t\tBraas Topas 13V czarny b\u0142yszcz\u0105cy (2)\n\t\t\t\t<\/figcaption><\/figure><figure class='gallery-item'>\n\t\t\t<div class='gallery-icon landscape'>\n\t\t\t\t<a data-elementor-open-lightbox=\"default\" data-elementor-lightbox-slideshow=\"41d8598b\" href='https:\/\/deco.com.pl\/wp-content\/uploads\/2020\/01\/Braas-Topas-13V-czarny-b\u0142yszcz\u0105cy-3-scaled.jpg'><img loading=\"lazy\" decoding=\"async\" width=\"2560\" height=\"1440\" src=\"https:\/\/deco.com.pl\/wp-content\/uploads\/2020\/01\/Braas-Topas-13V-czarny-b\u0142yszcz\u0105cy-3-scaled.jpg\" class=\"attachment-full size-full\" alt=\"\" aria-describedby=\"gallery-1-1096\" srcset=\"https:\/\/deco.com.pl\/wp-content\/uploads\/2020\/01\/Braas-Topas-13V-czarny-b\u0142yszcz\u0105cy-3-scaled.jpg 2560w, https:\/\/deco.com.pl\/wp-content\/uploads\/2020\/01\/Braas-Topas-13V-czarny-b\u0142yszcz\u0105cy-3-300x169.jpg 300w, https:\/\/deco.com.pl\/wp-content\/uploads\/2020\/01\/Braas-Topas-13V-czarny-b\u0142yszcz\u0105cy-3-1024x576.jpg 1024w, https:\/\/deco.com.pl\/wp-content\/uploads\/2020\/01\/Braas-Topas-13V-czarny-b\u0142yszcz\u0105cy-3-768x432.jpg 768w, https:\/\/deco.com.pl\/wp-content\/uploads\/2020\/01\/Braas-Topas-13V-czarny-b\u0142yszcz\u0105cy-3-1536x864.jpg 1536w, https:\/\/deco.com.pl\/wp-content\/uploads\/2020\/01\/Braas-Topas-13V-czarny-b\u0142yszcz\u0105cy-3-2048x1152.jpg 2048w\" sizes=\"(max-width: 2560px) 100vw, 2560px\" \/><\/a>\n\t\t\t<\/div>\n\t\t\t\t<figcaption class='wp-caption-text gallery-caption' id='gallery-1-1096'>\n\t\t\t\tBraas Topas 13V czarny b\u0142yszcz\u0105cy (3)\n\t\t\t\t<\/figcaption><\/figure><figure class='gallery-item'>\n\t\t\t<div class='gallery-icon landscape'>\n\t\t\t\t<a data-elementor-open-lightbox=\"default\" data-elementor-lightbox-slideshow=\"41d8598b\" href='https:\/\/deco.com.pl\/wp-content\/uploads\/2020\/01\/Braas-Topas-13V-czarny-b\u0142yszcz\u0105cy-4-scaled.jpg'><img loading=\"lazy\" decoding=\"async\" width=\"2560\" height=\"1440\" src=\"https:\/\/deco.com.pl\/wp-content\/uploads\/2020\/01\/Braas-Topas-13V-czarny-b\u0142yszcz\u0105cy-4-scaled.jpg\" class=\"attachment-full size-full\" alt=\"\" aria-describedby=\"gallery-1-1097\" srcset=\"https:\/\/deco.com.pl\/wp-content\/uploads\/2020\/01\/Braas-Topas-13V-czarny-b\u0142yszcz\u0105cy-4-scaled.jpg 2560w, https:\/\/deco.com.pl\/wp-content\/uploads\/2020\/01\/Braas-Topas-13V-czarny-b\u0142yszcz\u0105cy-4-300x169.jpg 300w, https:\/\/deco.com.pl\/wp-content\/uploads\/2020\/01\/Braas-Topas-13V-czarny-b\u0142yszcz\u0105cy-4-1024x576.jpg 1024w, https:\/\/deco.com.pl\/wp-content\/uploads\/2020\/01\/Braas-Topas-13V-czarny-b\u0142yszcz\u0105cy-4-768x432.jpg 768w, https:\/\/deco.com.pl\/wp-content\/uploads\/2020\/01\/Braas-Topas-13V-czarny-b\u0142yszcz\u0105cy-4-1536x864.jpg 1536w, https:\/\/deco.com.pl\/wp-content\/uploads\/2020\/01\/Braas-Topas-13V-czarny-b\u0142yszcz\u0105cy-4-2048x1152.jpg 2048w\" sizes=\"(max-width: 2560px) 100vw, 2560px\" \/><\/a>\n\t\t\t<\/div>\n\t\t\t\t<figcaption class='wp-caption-text gallery-caption' id='gallery-1-1097'>\n\t\t\t\tBraas Topas 13V czarny b\u0142yszcz\u0105cy (4)\n\t\t\t\t<\/figcaption><\/figure><figure class='gallery-item'>\n\t\t\t<div class='gallery-icon landscape'>\n\t\t\t\t<a data-elementor-open-lightbox=\"default\" data-elementor-lightbox-slideshow=\"41d8598b\" href='https:\/\/deco.com.pl\/wp-content\/uploads\/2020\/01\/Braas-Topas-13V-czarny-b\u0142yszcz\u0105cy-5-scaled.jpg'><img loading=\"lazy\" decoding=\"async\" width=\"2560\" height=\"1440\" src=\"https:\/\/deco.com.pl\/wp-content\/uploads\/2020\/01\/Braas-Topas-13V-czarny-b\u0142yszcz\u0105cy-5-scaled.jpg\" class=\"attachment-full size-full\" alt=\"\" aria-describedby=\"gallery-1-1098\" srcset=\"https:\/\/deco.com.pl\/wp-content\/uploads\/2020\/01\/Braas-Topas-13V-czarny-b\u0142yszcz\u0105cy-5-scaled.jpg 2560w, https:\/\/deco.com.pl\/wp-content\/uploads\/2020\/01\/Braas-Topas-13V-czarny-b\u0142yszcz\u0105cy-5-300x169.jpg 300w, https:\/\/deco.com.pl\/wp-content\/uploads\/2020\/01\/Braas-Topas-13V-czarny-b\u0142yszcz\u0105cy-5-1024x576.jpg 1024w, https:\/\/deco.com.pl\/wp-content\/uploads\/2020\/01\/Braas-Topas-13V-czarny-b\u0142yszcz\u0105cy-5-768x432.jpg 768w, https:\/\/deco.com.pl\/wp-content\/uploads\/2020\/01\/Braas-Topas-13V-czarny-b\u0142yszcz\u0105cy-5-1536x864.jpg 1536w, https:\/\/deco.com.pl\/wp-content\/uploads\/2020\/01\/Braas-Topas-13V-czarny-b\u0142yszcz\u0105cy-5-2048x1152.jpg 2048w\" sizes=\"(max-width: 2560px) 100vw, 2560px\" \/><\/a>\n\t\t\t<\/div>\n\t\t\t\t<figcaption class='wp-caption-text gallery-caption' id='gallery-1-1098'>\n\t\t\t\tBraas Topas 13V czarny b\u0142yszcz\u0105cy (5)\n\t\t\t\t<\/figcaption><\/figure><figure class='gallery-item'>\n\t\t\t<div class='gallery-icon landscape'>\n\t\t\t\t<a data-elementor-open-lightbox=\"default\" data-elementor-lightbox-slideshow=\"41d8598b\" href='https:\/\/deco.com.pl\/wp-content\/uploads\/2020\/01\/Braas-Topas-13V-czarny-b\u0142yszcz\u0105cy-6-scaled.jpg'><img loading=\"lazy\" decoding=\"async\" width=\"2560\" height=\"1244\" src=\"https:\/\/deco.com.pl\/wp-content\/uploads\/2020\/01\/Braas-Topas-13V-czarny-b\u0142yszcz\u0105cy-6-scaled.jpg\" class=\"attachment-full size-full\" alt=\"\" aria-describedby=\"gallery-1-1099\" srcset=\"https:\/\/deco.com.pl\/wp-content\/uploads\/2020\/01\/Braas-Topas-13V-czarny-b\u0142yszcz\u0105cy-6-scaled.jpg 2560w, https:\/\/deco.com.pl\/wp-content\/uploads\/2020\/01\/Braas-Topas-13V-czarny-b\u0142yszcz\u0105cy-6-300x146.jpg 300w, https:\/\/deco.com.pl\/wp-content\/uploads\/2020\/01\/Braas-Topas-13V-czarny-b\u0142yszcz\u0105cy-6-1024x498.jpg 1024w, https:\/\/deco.com.pl\/wp-content\/uploads\/2020\/01\/Braas-Topas-13V-czarny-b\u0142yszcz\u0105cy-6-768x373.jpg 768w, https:\/\/deco.com.pl\/wp-content\/uploads\/2020\/01\/Braas-Topas-13V-czarny-b\u0142yszcz\u0105cy-6-1536x747.jpg 1536w, https:\/\/deco.com.pl\/wp-content\/uploads\/2020\/01\/Braas-Topas-13V-czarny-b\u0142yszcz\u0105cy-6-2048x996.jpg 2048w\" sizes=\"(max-width: 2560px) 100vw, 2560px\" \/><\/a>\n\t\t\t<\/div>\n\t\t\t\t<figcaption class='wp-caption-text gallery-caption' id='gallery-1-1099'>\n\t\t\t\tBraas Topas 13V czarny b\u0142yszcz\u0105cy (6)\n\t\t\t\t<\/figcaption><\/figure><figure class='gallery-item'>\n\t\t\t<div class='gallery-icon landscape'>\n\t\t\t\t<a data-elementor-open-lightbox=\"default\" data-elementor-lightbox-slideshow=\"41d8598b\" href='https:\/\/deco.com.pl\/wp-content\/uploads\/2020\/01\/Braas-Topas-13V-czarny-b\u0142yszcz\u0105cy-scaled.jpg'><img loading=\"lazy\" decoding=\"async\" width=\"2560\" height=\"1440\" src=\"https:\/\/deco.com.pl\/wp-content\/uploads\/2020\/01\/Braas-Topas-13V-czarny-b\u0142yszcz\u0105cy-scaled.jpg\" class=\"attachment-full size-full\" alt=\"\" aria-describedby=\"gallery-1-1100\" srcset=\"https:\/\/deco.com.pl\/wp-content\/uploads\/2020\/01\/Braas-Topas-13V-czarny-b\u0142yszcz\u0105cy-scaled.jpg 2560w, https:\/\/deco.com.pl\/wp-content\/uploads\/2020\/01\/Braas-Topas-13V-czarny-b\u0142yszcz\u0105cy-300x169.jpg 300w, https:\/\/deco.com.pl\/wp-content\/uploads\/2020\/01\/Braas-Topas-13V-czarny-b\u0142yszcz\u0105cy-1024x576.jpg 1024w, https:\/\/deco.com.pl\/wp-content\/uploads\/2020\/01\/Braas-Topas-13V-czarny-b\u0142yszcz\u0105cy-768x432.jpg 768w, https:\/\/deco.com.pl\/wp-content\/uploads\/2020\/01\/Braas-Topas-13V-czarny-b\u0142yszcz\u0105cy-1536x864.jpg 1536w, https:\/\/deco.com.pl\/wp-content\/uploads\/2020\/01\/Braas-Topas-13V-czarny-b\u0142yszcz\u0105cy-2048x1152.jpg 2048w\" sizes=\"(max-width: 2560px) 100vw, 2560px\" \/><\/a>\n\t\t\t<\/div>\n\t\t\t\t<figcaption class='wp-caption-text gallery-caption' id='gallery-1-1100'>\n\t\t\t\tBraas Topas 13V czarny b\u0142yszcz\u0105cy\n\t\t\t\t<\/figcaption><\/figure><figure class='gallery-item'>\n\t\t\t<div class='gallery-icon landscape'>\n\t\t\t\t<a data-elementor-open-lightbox=\"default\" data-elementor-lightbox-slideshow=\"41d8598b\" href='https:\/\/deco.com.pl\/wp-content\/uploads\/2020\/01\/Creaton-Cantus-czarny-kryszta\u0142-scaled.jpg'><img loading=\"lazy\" decoding=\"async\" width=\"2560\" height=\"1440\" src=\"https:\/\/deco.com.pl\/wp-content\/uploads\/2020\/01\/Creaton-Cantus-czarny-kryszta\u0142-scaled.jpg\" class=\"attachment-full size-full\" alt=\"\" aria-describedby=\"gallery-1-1102\" srcset=\"https:\/\/deco.com.pl\/wp-content\/uploads\/2020\/01\/Creaton-Cantus-czarny-kryszta\u0142-scaled.jpg 2560w, https:\/\/deco.com.pl\/wp-content\/uploads\/2020\/01\/Creaton-Cantus-czarny-kryszta\u0142-300x169.jpg 300w, https:\/\/deco.com.pl\/wp-content\/uploads\/2020\/01\/Creaton-Cantus-czarny-kryszta\u0142-1024x576.jpg 1024w, https:\/\/deco.com.pl\/wp-content\/uploads\/2020\/01\/Creaton-Cantus-czarny-kryszta\u0142-768x432.jpg 768w, https:\/\/deco.com.pl\/wp-content\/uploads\/2020\/01\/Creaton-Cantus-czarny-kryszta\u0142-1536x864.jpg 1536w, https:\/\/deco.com.pl\/wp-content\/uploads\/2020\/01\/Creaton-Cantus-czarny-kryszta\u0142-2048x1152.jpg 2048w\" sizes=\"(max-width: 2560px) 100vw, 2560px\" \/><\/a>\n\t\t\t<\/div>\n\t\t\t\t<figcaption class='wp-caption-text gallery-caption' id='gallery-1-1102'>\n\t\t\t\tCreaton Cantus czarny kryszta\u0142\n\t\t\t\t<\/figcaption><\/figure><figure class='gallery-item'>\n\t\t\t<div class='gallery-icon landscape'>\n\t\t\t\t<a data-elementor-open-lightbox=\"default\" data-elementor-lightbox-slideshow=\"41d8598b\" href='https:\/\/deco.com.pl\/wp-content\/uploads\/2020\/01\/Creaton-Opitma-szara-angoba-2-scaled.jpg'><img loading=\"lazy\" decoding=\"async\" width=\"2560\" height=\"1244\" src=\"https:\/\/deco.com.pl\/wp-content\/uploads\/2020\/01\/Creaton-Opitma-szara-angoba-2-scaled.jpg\" class=\"attachment-full size-full\" alt=\"\" aria-describedby=\"gallery-1-1103\" srcset=\"https:\/\/deco.com.pl\/wp-content\/uploads\/2020\/01\/Creaton-Opitma-szara-angoba-2-scaled.jpg 2560w, https:\/\/deco.com.pl\/wp-content\/uploads\/2020\/01\/Creaton-Opitma-szara-angoba-2-300x146.jpg 300w, https:\/\/deco.com.pl\/wp-content\/uploads\/2020\/01\/Creaton-Opitma-szara-angoba-2-1024x498.jpg 1024w, https:\/\/deco.com.pl\/wp-content\/uploads\/2020\/01\/Creaton-Opitma-szara-angoba-2-768x373.jpg 768w, https:\/\/deco.com.pl\/wp-content\/uploads\/2020\/01\/Creaton-Opitma-szara-angoba-2-1536x747.jpg 1536w, https:\/\/deco.com.pl\/wp-content\/uploads\/2020\/01\/Creaton-Opitma-szara-angoba-2-2048x996.jpg 2048w\" sizes=\"(max-width: 2560px) 100vw, 2560px\" \/><\/a>\n\t\t\t<\/div>\n\t\t\t\t<figcaption class='wp-caption-text gallery-caption' id='gallery-1-1103'>\n\t\t\t\tCreaton Opitma szara angoba (2)\n\t\t\t\t<\/figcaption><\/figure><figure class='gallery-item'>\n\t\t\t<div class='gallery-icon landscape'>\n\t\t\t\t<a data-elementor-open-lightbox=\"default\" data-elementor-lightbox-slideshow=\"41d8598b\" href='https:\/\/deco.com.pl\/wp-content\/uploads\/2020\/01\/Creaton-Opitma-szara-angoba-scaled.jpg'><img loading=\"lazy\" decoding=\"async\" width=\"2560\" height=\"1244\" src=\"https:\/\/deco.com.pl\/wp-content\/uploads\/2020\/01\/Creaton-Opitma-szara-angoba-scaled.jpg\" class=\"attachment-full size-full\" alt=\"\" aria-describedby=\"gallery-1-1104\" srcset=\"https:\/\/deco.com.pl\/wp-content\/uploads\/2020\/01\/Creaton-Opitma-szara-angoba-scaled.jpg 2560w, https:\/\/deco.com.pl\/wp-content\/uploads\/2020\/01\/Creaton-Opitma-szara-angoba-300x146.jpg 300w, https:\/\/deco.com.pl\/wp-content\/uploads\/2020\/01\/Creaton-Opitma-szara-angoba-1024x498.jpg 1024w, https:\/\/deco.com.pl\/wp-content\/uploads\/2020\/01\/Creaton-Opitma-szara-angoba-768x373.jpg 768w, https:\/\/deco.com.pl\/wp-content\/uploads\/2020\/01\/Creaton-Opitma-szara-angoba-1536x747.jpg 1536w, https:\/\/deco.com.pl\/wp-content\/uploads\/2020\/01\/Creaton-Opitma-szara-angoba-2048x996.jpg 2048w\" sizes=\"(max-width: 2560px) 100vw, 2560px\" \/><\/a>\n\t\t\t<\/div>\n\t\t\t\t<figcaption class='wp-caption-text gallery-caption' id='gallery-1-1104'>\n\t\t\t\tCreaton Opitma szara angoba\n\t\t\t\t<\/figcaption><\/figure><figure class='gallery-item'>\n\t\t\t<div class='gallery-icon landscape'>\n\t\t\t\t<a data-elementor-open-lightbox=\"default\" data-elementor-lightbox-slideshow=\"41d8598b\" href='https:\/\/deco.com.pl\/wp-content\/uploads\/2020\/01\/DSC_0592-scaled.jpg'><img loading=\"lazy\" decoding=\"async\" width=\"2560\" height=\"1708\" src=\"https:\/\/deco.com.pl\/wp-content\/uploads\/2020\/01\/DSC_0592-scaled.jpg\" class=\"attachment-full size-full\" alt=\"\" aria-describedby=\"gallery-1-1105\" srcset=\"https:\/\/deco.com.pl\/wp-content\/uploads\/2020\/01\/DSC_0592-scaled.jpg 2560w, https:\/\/deco.com.pl\/wp-content\/uploads\/2020\/01\/DSC_0592-300x200.jpg 300w, https:\/\/deco.com.pl\/wp-content\/uploads\/2020\/01\/DSC_0592-1024x683.jpg 1024w, https:\/\/deco.com.pl\/wp-content\/uploads\/2020\/01\/DSC_0592-768x512.jpg 768w, https:\/\/deco.com.pl\/wp-content\/uploads\/2020\/01\/DSC_0592-1536x1025.jpg 1536w, https:\/\/deco.com.pl\/wp-content\/uploads\/2020\/01\/DSC_0592-2048x1367.jpg 2048w\" sizes=\"(max-width: 2560px) 100vw, 2560px\" \/><\/a>\n\t\t\t<\/div>\n\t\t\t\t<figcaption class='wp-caption-text gallery-caption' id='gallery-1-1105'>\n\t\t\t\tErlus Karat XXL czarna glazura\n\t\t\t\t<\/figcaption><\/figure><figure class='gallery-item'>\n\t\t\t<div class='gallery-icon landscape'>\n\t\t\t\t<a data-elementor-open-lightbox=\"default\" data-elementor-lightbox-slideshow=\"41d8598b\" href='https:\/\/deco.com.pl\/wp-content\/uploads\/2020\/01\/Erlus-Karat-srebro-tytanowe-2-scaled.jpg'><img loading=\"lazy\" decoding=\"async\" width=\"2560\" height=\"941\" src=\"https:\/\/deco.com.pl\/wp-content\/uploads\/2020\/01\/Erlus-Karat-srebro-tytanowe-2-scaled.jpg\" class=\"attachment-full size-full\" alt=\"\" aria-describedby=\"gallery-1-1106\" srcset=\"https:\/\/deco.com.pl\/wp-content\/uploads\/2020\/01\/Erlus-Karat-srebro-tytanowe-2-scaled.jpg 2560w, https:\/\/deco.com.pl\/wp-content\/uploads\/2020\/01\/Erlus-Karat-srebro-tytanowe-2-300x110.jpg 300w, https:\/\/deco.com.pl\/wp-content\/uploads\/2020\/01\/Erlus-Karat-srebro-tytanowe-2-1024x376.jpg 1024w, https:\/\/deco.com.pl\/wp-content\/uploads\/2020\/01\/Erlus-Karat-srebro-tytanowe-2-768x282.jpg 768w, https:\/\/deco.com.pl\/wp-content\/uploads\/2020\/01\/Erlus-Karat-srebro-tytanowe-2-1536x564.jpg 1536w, https:\/\/deco.com.pl\/wp-content\/uploads\/2020\/01\/Erlus-Karat-srebro-tytanowe-2-2048x753.jpg 2048w\" sizes=\"(max-width: 2560px) 100vw, 2560px\" \/><\/a>\n\t\t\t<\/div>\n\t\t\t\t<figcaption class='wp-caption-text gallery-caption' id='gallery-1-1106'>\n\t\t\t\tErlus Karat srebro tytanowe (2)\n\t\t\t\t<\/figcaption><\/figure><figure class='gallery-item'>\n\t\t\t<div class='gallery-icon landscape'>\n\t\t\t\t<a data-elementor-open-lightbox=\"default\" data-elementor-lightbox-slideshow=\"41d8598b\" href='https:\/\/deco.com.pl\/wp-content\/uploads\/2020\/01\/Erlus-Karat-srebro-tytanowe-scaled.jpg'><img loading=\"lazy\" decoding=\"async\" width=\"2560\" height=\"1920\" src=\"https:\/\/deco.com.pl\/wp-content\/uploads\/2020\/01\/Erlus-Karat-srebro-tytanowe-scaled.jpg\" class=\"attachment-full size-full\" alt=\"\" aria-describedby=\"gallery-1-1107\" srcset=\"https:\/\/deco.com.pl\/wp-content\/uploads\/2020\/01\/Erlus-Karat-srebro-tytanowe-scaled.jpg 2560w, https:\/\/deco.com.pl\/wp-content\/uploads\/2020\/01\/Erlus-Karat-srebro-tytanowe-300x225.jpg 300w, https:\/\/deco.com.pl\/wp-content\/uploads\/2020\/01\/Erlus-Karat-srebro-tytanowe-1024x768.jpg 1024w, https:\/\/deco.com.pl\/wp-content\/uploads\/2020\/01\/Erlus-Karat-srebro-tytanowe-768x576.jpg 768w, https:\/\/deco.com.pl\/wp-content\/uploads\/2020\/01\/Erlus-Karat-srebro-tytanowe-1536x1152.jpg 1536w, https:\/\/deco.com.pl\/wp-content\/uploads\/2020\/01\/Erlus-Karat-srebro-tytanowe-2048x1536.jpg 2048w\" sizes=\"(max-width: 2560px) 100vw, 2560px\" \/><\/a>\n\t\t\t<\/div>\n\t\t\t\t<figcaption class='wp-caption-text gallery-caption' id='gallery-1-1107'>\n\t\t\t\tErlus Karat srebro tytanowe\n\t\t\t\t<\/figcaption><\/figure><figure class='gallery-item'>\n\t\t\t<div class='gallery-icon landscape'>\n\t\t\t\t<a data-elementor-open-lightbox=\"default\" data-elementor-lightbox-slideshow=\"41d8598b\" href='https:\/\/deco.com.pl\/wp-content\/uploads\/2020\/01\/Nelskamp-Nibra-R10-scaled.jpg'><img loading=\"lazy\" decoding=\"async\" width=\"2560\" height=\"1920\" src=\"https:\/\/deco.com.pl\/wp-content\/uploads\/2020\/01\/Nelskamp-Nibra-R10-scaled.jpg\" class=\"attachment-full size-full\" alt=\"\" aria-describedby=\"gallery-1-1108\" srcset=\"https:\/\/deco.com.pl\/wp-content\/uploads\/2020\/01\/Nelskamp-Nibra-R10-scaled.jpg 2560w, https:\/\/deco.com.pl\/wp-content\/uploads\/2020\/01\/Nelskamp-Nibra-R10-300x225.jpg 300w, https:\/\/deco.com.pl\/wp-content\/uploads\/2020\/01\/Nelskamp-Nibra-R10-1024x768.jpg 1024w, https:\/\/deco.com.pl\/wp-content\/uploads\/2020\/01\/Nelskamp-Nibra-R10-768x576.jpg 768w, https:\/\/deco.com.pl\/wp-content\/uploads\/2020\/01\/Nelskamp-Nibra-R10-1536x1152.jpg 1536w, https:\/\/deco.com.pl\/wp-content\/uploads\/2020\/01\/Nelskamp-Nibra-R10-2048x1536.jpg 2048w\" sizes=\"(max-width: 2560px) 100vw, 2560px\" \/><\/a>\n\t\t\t<\/div>\n\t\t\t\t<figcaption class='wp-caption-text gallery-caption' id='gallery-1-1108'>\n\t\t\t\tNelskamp Nibra R10\n\t\t\t\t<\/figcaption><\/figure><figure class='gallery-item'>\n\t\t\t<div class='gallery-icon landscape'>\n\t\t\t\t<a data-elementor-open-lightbox=\"default\" data-elementor-lightbox-slideshow=\"41d8598b\" href='https:\/\/deco.com.pl\/wp-content\/uploads\/2020\/02\/Bogen-Reform-antracyt-glazura-2-scaled.jpg'><img loading=\"lazy\" decoding=\"async\" width=\"2560\" height=\"1245\" src=\"https:\/\/deco.com.pl\/wp-content\/uploads\/2020\/02\/Bogen-Reform-antracyt-glazura-2-scaled.jpg\" class=\"attachment-full size-full\" alt=\"\" aria-describedby=\"gallery-1-1225\" srcset=\"https:\/\/deco.com.pl\/wp-content\/uploads\/2020\/02\/Bogen-Reform-antracyt-glazura-2-scaled.jpg 2560w, https:\/\/deco.com.pl\/wp-content\/uploads\/2020\/02\/Bogen-Reform-antracyt-glazura-2-300x146.jpg 300w, https:\/\/deco.com.pl\/wp-content\/uploads\/2020\/02\/Bogen-Reform-antracyt-glazura-2-1024x498.jpg 1024w, https:\/\/deco.com.pl\/wp-content\/uploads\/2020\/02\/Bogen-Reform-antracyt-glazura-2-768x373.jpg 768w, https:\/\/deco.com.pl\/wp-content\/uploads\/2020\/02\/Bogen-Reform-antracyt-glazura-2-1536x747.jpg 1536w, https:\/\/deco.com.pl\/wp-content\/uploads\/2020\/02\/Bogen-Reform-antracyt-glazura-2-2048x996.jpg 2048w\" sizes=\"(max-width: 2560px) 100vw, 2560px\" \/><\/a>\n\t\t\t<\/div>\n\t\t\t\t<figcaption class='wp-caption-text gallery-caption' id='gallery-1-1225'>\n\t\t\t\tBogen Reform antracyt glazura\n\t\t\t\t<\/figcaption><\/figure><figure class='gallery-item'>\n\t\t\t<div class='gallery-icon landscape'>\n\t\t\t\t<a data-elementor-open-lightbox=\"default\" data-elementor-lightbox-slideshow=\"41d8598b\" href='https:\/\/deco.com.pl\/wp-content\/uploads\/2020\/02\/Bogen-Reform-antracyt-glazura-3-scaled.jpg'><img loading=\"lazy\" decoding=\"async\" width=\"2560\" height=\"1244\" src=\"https:\/\/deco.com.pl\/wp-content\/uploads\/2020\/02\/Bogen-Reform-antracyt-glazura-3-scaled.jpg\" class=\"attachment-full size-full\" alt=\"\" aria-describedby=\"gallery-1-1226\" srcset=\"https:\/\/deco.com.pl\/wp-content\/uploads\/2020\/02\/Bogen-Reform-antracyt-glazura-3-scaled.jpg 2560w, https:\/\/deco.com.pl\/wp-content\/uploads\/2020\/02\/Bogen-Reform-antracyt-glazura-3-300x146.jpg 300w, https:\/\/deco.com.pl\/wp-content\/uploads\/2020\/02\/Bogen-Reform-antracyt-glazura-3-1024x498.jpg 1024w, https:\/\/deco.com.pl\/wp-content\/uploads\/2020\/02\/Bogen-Reform-antracyt-glazura-3-768x373.jpg 768w, https:\/\/deco.com.pl\/wp-content\/uploads\/2020\/02\/Bogen-Reform-antracyt-glazura-3-1536x747.jpg 1536w, https:\/\/deco.com.pl\/wp-content\/uploads\/2020\/02\/Bogen-Reform-antracyt-glazura-3-2048x996.jpg 2048w\" sizes=\"(max-width: 2560px) 100vw, 2560px\" \/><\/a>\n\t\t\t<\/div>\n\t\t\t\t<figcaption class='wp-caption-text gallery-caption' id='gallery-1-1226'>\n\t\t\t\tBogen Reform antracyt glazura\n\t\t\t\t<\/figcaption><\/figure><figure class='gallery-item'>\n\t\t\t<div class='gallery-icon landscape'>\n\t\t\t\t<a data-elementor-open-lightbox=\"default\" data-elementor-lightbox-slideshow=\"41d8598b\" href='https:\/\/deco.com.pl\/wp-content\/uploads\/2020\/02\/Bogen-Reform-antracyt-glazura-scaled.jpg'><img loading=\"lazy\" decoding=\"async\" width=\"2560\" height=\"1244\" src=\"https:\/\/deco.com.pl\/wp-content\/uploads\/2020\/02\/Bogen-Reform-antracyt-glazura-scaled.jpg\" class=\"attachment-full size-full\" alt=\"\" aria-describedby=\"gallery-1-1227\" srcset=\"https:\/\/deco.com.pl\/wp-content\/uploads\/2020\/02\/Bogen-Reform-antracyt-glazura-scaled.jpg 2560w, https:\/\/deco.com.pl\/wp-content\/uploads\/2020\/02\/Bogen-Reform-antracyt-glazura-300x146.jpg 300w, https:\/\/deco.com.pl\/wp-content\/uploads\/2020\/02\/Bogen-Reform-antracyt-glazura-1024x498.jpg 1024w, https:\/\/deco.com.pl\/wp-content\/uploads\/2020\/02\/Bogen-Reform-antracyt-glazura-768x373.jpg 768w, https:\/\/deco.com.pl\/wp-content\/uploads\/2020\/02\/Bogen-Reform-antracyt-glazura-1536x746.jpg 1536w, https:\/\/deco.com.pl\/wp-content\/uploads\/2020\/02\/Bogen-Reform-antracyt-glazura-2048x995.jpg 2048w\" sizes=\"(max-width: 2560px) 100vw, 2560px\" \/><\/a>\n\t\t\t<\/div>\n\t\t\t\t<figcaption class='wp-caption-text gallery-caption' id='gallery-1-1227'>\n\t\t\t\tBogen Reform antracyt glazura\n\t\t\t\t<\/figcaption><\/figure><figure class='gallery-item'>\n\t\t\t<div class='gallery-icon landscape'>\n\t\t\t\t<a data-elementor-open-lightbox=\"default\" data-elementor-lightbox-slideshow=\"41d8598b\" href='https:\/\/deco.com.pl\/wp-content\/uploads\/2021\/02\/Bogen-Reform-Antracyt-Glazura-2.jpg'><img loading=\"lazy\" decoding=\"async\" width=\"1600\" height=\"1199\" src=\"https:\/\/deco.com.pl\/wp-content\/uploads\/2021\/02\/Bogen-Reform-Antracyt-Glazura-2.jpg\" class=\"attachment-full size-full\" alt=\"\" aria-describedby=\"gallery-1-1297\" srcset=\"https:\/\/deco.com.pl\/wp-content\/uploads\/2021\/02\/Bogen-Reform-Antracyt-Glazura-2.jpg 1600w, https:\/\/deco.com.pl\/wp-content\/uploads\/2021\/02\/Bogen-Reform-Antracyt-Glazura-2-300x225.jpg 300w, https:\/\/deco.com.pl\/wp-content\/uploads\/2021\/02\/Bogen-Reform-Antracyt-Glazura-2-1024x767.jpg 1024w, https:\/\/deco.com.pl\/wp-content\/uploads\/2021\/02\/Bogen-Reform-Antracyt-Glazura-2-768x576.jpg 768w, https:\/\/deco.com.pl\/wp-content\/uploads\/2021\/02\/Bogen-Reform-Antracyt-Glazura-2-1536x1151.jpg 1536w\" sizes=\"(max-width: 1600px) 100vw, 1600px\" \/><\/a>\n\t\t\t<\/div>\n\t\t\t\t<figcaption class='wp-caption-text gallery-caption' id='gallery-1-1297'>\n\t\t\t\tBogen Reform Antracyt Glazura (2)\n\t\t\t\t<\/figcaption><\/figure><figure class='gallery-item'>\n\t\t\t<div class='gallery-icon landscape'>\n\t\t\t\t<a data-elementor-open-lightbox=\"default\" data-elementor-lightbox-slideshow=\"41d8598b\" href='https:\/\/deco.com.pl\/wp-content\/uploads\/2021\/02\/Bogen-Reform-Antracyt-Glazura-3.jpg'><img loading=\"lazy\" decoding=\"async\" width=\"1600\" height=\"778\" src=\"https:\/\/deco.com.pl\/wp-content\/uploads\/2021\/02\/Bogen-Reform-Antracyt-Glazura-3.jpg\" class=\"attachment-full size-full\" alt=\"\" aria-describedby=\"gallery-1-1298\" srcset=\"https:\/\/deco.com.pl\/wp-content\/uploads\/2021\/02\/Bogen-Reform-Antracyt-Glazura-3.jpg 1600w, https:\/\/deco.com.pl\/wp-content\/uploads\/2021\/02\/Bogen-Reform-Antracyt-Glazura-3-300x146.jpg 300w, https:\/\/deco.com.pl\/wp-content\/uploads\/2021\/02\/Bogen-Reform-Antracyt-Glazura-3-1024x498.jpg 1024w, https:\/\/deco.com.pl\/wp-content\/uploads\/2021\/02\/Bogen-Reform-Antracyt-Glazura-3-768x373.jpg 768w, https:\/\/deco.com.pl\/wp-content\/uploads\/2021\/02\/Bogen-Reform-Antracyt-Glazura-3-1536x747.jpg 1536w\" sizes=\"(max-width: 1600px) 100vw, 1600px\" \/><\/a>\n\t\t\t<\/div>\n\t\t\t\t<figcaption class='wp-caption-text gallery-caption' id='gallery-1-1298'>\n\t\t\t\tBogen Reform Antracyt Glazura (3)\n\t\t\t\t<\/figcaption><\/figure><figure class='gallery-item'>\n\t\t\t<div class='gallery-icon landscape'>\n\t\t\t\t<a data-elementor-open-lightbox=\"default\" data-elementor-lightbox-slideshow=\"41d8598b\" href='https:\/\/deco.com.pl\/wp-content\/uploads\/2021\/02\/Bogen-Reform-Antracyt-Glazura-4.jpg'><img loading=\"lazy\" decoding=\"async\" width=\"1600\" height=\"1199\" src=\"https:\/\/deco.com.pl\/wp-content\/uploads\/2021\/02\/Bogen-Reform-Antracyt-Glazura-4.jpg\" class=\"attachment-full size-full\" alt=\"\" aria-describedby=\"gallery-1-1299\" srcset=\"https:\/\/deco.com.pl\/wp-content\/uploads\/2021\/02\/Bogen-Reform-Antracyt-Glazura-4.jpg 1600w, https:\/\/deco.com.pl\/wp-content\/uploads\/2021\/02\/Bogen-Reform-Antracyt-Glazura-4-300x225.jpg 300w, https:\/\/deco.com.pl\/wp-content\/uploads\/2021\/02\/Bogen-Reform-Antracyt-Glazura-4-1024x767.jpg 1024w, https:\/\/deco.com.pl\/wp-content\/uploads\/2021\/02\/Bogen-Reform-Antracyt-Glazura-4-768x576.jpg 768w, https:\/\/deco.com.pl\/wp-content\/uploads\/2021\/02\/Bogen-Reform-Antracyt-Glazura-4-1536x1151.jpg 1536w\" sizes=\"(max-width: 1600px) 100vw, 1600px\" \/><\/a>\n\t\t\t<\/div>\n\t\t\t\t<figcaption class='wp-caption-text gallery-caption' id='gallery-1-1299'>\n\t\t\t\tBogen Reform Antracyt Glazura (4)\n\t\t\t\t<\/figcaption><\/figure><figure class='gallery-item'>\n\t\t\t<div class='gallery-icon landscape'>\n\t\t\t\t<a data-elementor-open-lightbox=\"default\" data-elementor-lightbox-slideshow=\"41d8598b\" href='https:\/\/deco.com.pl\/wp-content\/uploads\/2021\/02\/Bogen-Reform-Antracyt-Glazura-5.jpg'><img loading=\"lazy\" decoding=\"async\" width=\"1600\" height=\"1199\" src=\"https:\/\/deco.com.pl\/wp-content\/uploads\/2021\/02\/Bogen-Reform-Antracyt-Glazura-5.jpg\" class=\"attachment-full size-full\" alt=\"\" aria-describedby=\"gallery-1-1300\" srcset=\"https:\/\/deco.com.pl\/wp-content\/uploads\/2021\/02\/Bogen-Reform-Antracyt-Glazura-5.jpg 1600w, https:\/\/deco.com.pl\/wp-content\/uploads\/2021\/02\/Bogen-Reform-Antracyt-Glazura-5-300x225.jpg 300w, https:\/\/deco.com.pl\/wp-content\/uploads\/2021\/02\/Bogen-Reform-Antracyt-Glazura-5-1024x767.jpg 1024w, https:\/\/deco.com.pl\/wp-content\/uploads\/2021\/02\/Bogen-Reform-Antracyt-Glazura-5-768x576.jpg 768w, https:\/\/deco.com.pl\/wp-content\/uploads\/2021\/02\/Bogen-Reform-Antracyt-Glazura-5-1536x1151.jpg 1536w\" sizes=\"(max-width: 1600px) 100vw, 1600px\" \/><\/a>\n\t\t\t<\/div>\n\t\t\t\t<figcaption class='wp-caption-text gallery-caption' id='gallery-1-1300'>\n\t\t\t\tBogen Reform Antracyt Glazura (5)\n\t\t\t\t<\/figcaption><\/figure><figure class='gallery-item'>\n\t\t\t<div class='gallery-icon landscape'>\n\t\t\t\t<a data-elementor-open-lightbox=\"default\" data-elementor-lightbox-slideshow=\"41d8598b\" href='https:\/\/deco.com.pl\/wp-content\/uploads\/2021\/02\/Bogen-Reform-Antracyt-Glazura-6.jpg'><img loading=\"lazy\" decoding=\"async\" width=\"1600\" height=\"1199\" src=\"https:\/\/deco.com.pl\/wp-content\/uploads\/2021\/02\/Bogen-Reform-Antracyt-Glazura-6.jpg\" class=\"attachment-full size-full\" alt=\"\" aria-describedby=\"gallery-1-1301\" srcset=\"https:\/\/deco.com.pl\/wp-content\/uploads\/2021\/02\/Bogen-Reform-Antracyt-Glazura-6.jpg 1600w, https:\/\/deco.com.pl\/wp-content\/uploads\/2021\/02\/Bogen-Reform-Antracyt-Glazura-6-300x225.jpg 300w, https:\/\/deco.com.pl\/wp-content\/uploads\/2021\/02\/Bogen-Reform-Antracyt-Glazura-6-1024x767.jpg 1024w, https:\/\/deco.com.pl\/wp-content\/uploads\/2021\/02\/Bogen-Reform-Antracyt-Glazura-6-768x576.jpg 768w, https:\/\/deco.com.pl\/wp-content\/uploads\/2021\/02\/Bogen-Reform-Antracyt-Glazura-6-1536x1151.jpg 1536w\" sizes=\"(max-width: 1600px) 100vw, 1600px\" \/><\/a>\n\t\t\t<\/div>\n\t\t\t\t<figcaption class='wp-caption-text gallery-caption' id='gallery-1-1301'>\n\t\t\t\tBogen Reform Antracyt Glazura (6)\n\t\t\t\t<\/figcaption><\/figure><figure class='gallery-item'>\n\t\t\t<div class='gallery-icon landscape'>\n\t\t\t\t<a data-elementor-open-lightbox=\"default\" data-elementor-lightbox-slideshow=\"41d8598b\" href='https:\/\/deco.com.pl\/wp-content\/uploads\/2021\/02\/Bogen-Reform-Antracyt-Glazura.jpg'><img loading=\"lazy\" decoding=\"async\" width=\"1600\" height=\"1199\" src=\"https:\/\/deco.com.pl\/wp-content\/uploads\/2021\/02\/Bogen-Reform-Antracyt-Glazura.jpg\" class=\"attachment-full size-full\" alt=\"\" aria-describedby=\"gallery-1-1302\" srcset=\"https:\/\/deco.com.pl\/wp-content\/uploads\/2021\/02\/Bogen-Reform-Antracyt-Glazura.jpg 1600w, https:\/\/deco.com.pl\/wp-content\/uploads\/2021\/02\/Bogen-Reform-Antracyt-Glazura-300x225.jpg 300w, https:\/\/deco.com.pl\/wp-content\/uploads\/2021\/02\/Bogen-Reform-Antracyt-Glazura-1024x767.jpg 1024w, https:\/\/deco.com.pl\/wp-content\/uploads\/2021\/02\/Bogen-Reform-Antracyt-Glazura-768x576.jpg 768w, https:\/\/deco.com.pl\/wp-content\/uploads\/2021\/02\/Bogen-Reform-Antracyt-Glazura-1536x1151.jpg 1536w\" sizes=\"(max-width: 1600px) 100vw, 1600px\" \/><\/a>\n\t\t\t<\/div>\n\t\t\t\t<figcaption class='wp-caption-text gallery-caption' id='gallery-1-1302'>\n\t\t\t\tBogen Reform Antracyt Glazura\n\t\t\t\t<\/figcaption><\/figure><figure class='gallery-item'>\n\t\t\t<div class='gallery-icon landscape'>\n\t\t\t\t<a data-elementor-open-lightbox=\"default\" data-elementor-lightbox-slideshow=\"41d8598b\" href='https:\/\/deco.com.pl\/wp-content\/uploads\/2021\/02\/Creaton-Cantus-Czarny-Kryszta\u0142-2.jpg'><img loading=\"lazy\" decoding=\"async\" width=\"1600\" height=\"1199\" src=\"https:\/\/deco.com.pl\/wp-content\/uploads\/2021\/02\/Creaton-Cantus-Czarny-Kryszta\u0142-2.jpg\" class=\"attachment-full size-full\" alt=\"\" aria-describedby=\"gallery-1-1303\" srcset=\"https:\/\/deco.com.pl\/wp-content\/uploads\/2021\/02\/Creaton-Cantus-Czarny-Kryszta\u0142-2.jpg 1600w, https:\/\/deco.com.pl\/wp-content\/uploads\/2021\/02\/Creaton-Cantus-Czarny-Kryszta\u0142-2-300x225.jpg 300w, https:\/\/deco.com.pl\/wp-content\/uploads\/2021\/02\/Creaton-Cantus-Czarny-Kryszta\u0142-2-1024x767.jpg 1024w, https:\/\/deco.com.pl\/wp-content\/uploads\/2021\/02\/Creaton-Cantus-Czarny-Kryszta\u0142-2-768x576.jpg 768w, https:\/\/deco.com.pl\/wp-content\/uploads\/2021\/02\/Creaton-Cantus-Czarny-Kryszta\u0142-2-1536x1151.jpg 1536w\" sizes=\"(max-width: 1600px) 100vw, 1600px\" \/><\/a>\n\t\t\t<\/div>\n\t\t\t\t<figcaption class='wp-caption-text gallery-caption' id='gallery-1-1303'>\n\t\t\t\tCreaton Cantus Czarny Kryszta\u0142 (2)\n\t\t\t\t<\/figcaption><\/figure><figure class='gallery-item'>\n\t\t\t<div class='gallery-icon landscape'>\n\t\t\t\t<a data-elementor-open-lightbox=\"default\" data-elementor-lightbox-slideshow=\"41d8598b\" href='https:\/\/deco.com.pl\/wp-content\/uploads\/2021\/02\/Creaton-Cantus-Czarny-Kryszta\u0142-3.jpg'><img loading=\"lazy\" decoding=\"async\" width=\"1600\" height=\"1199\" src=\"https:\/\/deco.com.pl\/wp-content\/uploads\/2021\/02\/Creaton-Cantus-Czarny-Kryszta\u0142-3.jpg\" class=\"attachment-full size-full\" alt=\"\" aria-describedby=\"gallery-1-1304\" srcset=\"https:\/\/deco.com.pl\/wp-content\/uploads\/2021\/02\/Creaton-Cantus-Czarny-Kryszta\u0142-3.jpg 1600w, https:\/\/deco.com.pl\/wp-content\/uploads\/2021\/02\/Creaton-Cantus-Czarny-Kryszta\u0142-3-300x225.jpg 300w, https:\/\/deco.com.pl\/wp-content\/uploads\/2021\/02\/Creaton-Cantus-Czarny-Kryszta\u0142-3-1024x767.jpg 1024w, https:\/\/deco.com.pl\/wp-content\/uploads\/2021\/02\/Creaton-Cantus-Czarny-Kryszta\u0142-3-768x576.jpg 768w, https:\/\/deco.com.pl\/wp-content\/uploads\/2021\/02\/Creaton-Cantus-Czarny-Kryszta\u0142-3-1536x1151.jpg 1536w\" sizes=\"(max-width: 1600px) 100vw, 1600px\" \/><\/a>\n\t\t\t<\/div>\n\t\t\t\t<figcaption class='wp-caption-text gallery-caption' id='gallery-1-1304'>\n\t\t\t\tCreaton Cantus Czarny Kryszta\u0142 (3)\n\t\t\t\t<\/figcaption><\/figure><figure class='gallery-item'>\n\t\t\t<div class='gallery-icon landscape'>\n\t\t\t\t<a data-elementor-open-lightbox=\"default\" data-elementor-lightbox-slideshow=\"41d8598b\" href='https:\/\/deco.com.pl\/wp-content\/uploads\/2021\/02\/Creaton-Cantus-Czarny-Kryszta\u0142.jpg'><img loading=\"lazy\" decoding=\"async\" width=\"1600\" height=\"1199\" src=\"https:\/\/deco.com.pl\/wp-content\/uploads\/2021\/02\/Creaton-Cantus-Czarny-Kryszta\u0142.jpg\" class=\"attachment-full size-full\" alt=\"\" aria-describedby=\"gallery-1-1305\" srcset=\"https:\/\/deco.com.pl\/wp-content\/uploads\/2021\/02\/Creaton-Cantus-Czarny-Kryszta\u0142.jpg 1600w, https:\/\/deco.com.pl\/wp-content\/uploads\/2021\/02\/Creaton-Cantus-Czarny-Kryszta\u0142-300x225.jpg 300w, https:\/\/deco.com.pl\/wp-content\/uploads\/2021\/02\/Creaton-Cantus-Czarny-Kryszta\u0142-1024x767.jpg 1024w, https:\/\/deco.com.pl\/wp-content\/uploads\/2021\/02\/Creaton-Cantus-Czarny-Kryszta\u0142-768x576.jpg 768w, https:\/\/deco.com.pl\/wp-content\/uploads\/2021\/02\/Creaton-Cantus-Czarny-Kryszta\u0142-1536x1151.jpg 1536w\" sizes=\"(max-width: 1600px) 100vw, 1600px\" \/><\/a>\n\t\t\t<\/div>\n\t\t\t\t<figcaption class='wp-caption-text gallery-caption' id='gallery-1-1305'>\n\t\t\t\tCreaton Cantus Czarny Kryszta\u0142\n\t\t\t\t<\/figcaption><\/figure><figure class='gallery-item'>\n\t\t\t<div class='gallery-icon landscape'>\n\t\t\t\t<a data-elementor-open-lightbox=\"default\" data-elementor-lightbox-slideshow=\"41d8598b\" href='https:\/\/deco.com.pl\/wp-content\/uploads\/2021\/02\/Creaton-Cantus-czerwona-naturalna.jpg'><img loading=\"lazy\" decoding=\"async\" width=\"1600\" height=\"1199\" src=\"https:\/\/deco.com.pl\/wp-content\/uploads\/2021\/02\/Creaton-Cantus-czerwona-naturalna.jpg\" class=\"attachment-full size-full\" alt=\"\" aria-describedby=\"gallery-1-1306\" srcset=\"https:\/\/deco.com.pl\/wp-content\/uploads\/2021\/02\/Creaton-Cantus-czerwona-naturalna.jpg 1600w, https:\/\/deco.com.pl\/wp-content\/uploads\/2021\/02\/Creaton-Cantus-czerwona-naturalna-300x225.jpg 300w, https:\/\/deco.com.pl\/wp-content\/uploads\/2021\/02\/Creaton-Cantus-czerwona-naturalna-1024x767.jpg 1024w, https:\/\/deco.com.pl\/wp-content\/uploads\/2021\/02\/Creaton-Cantus-czerwona-naturalna-768x576.jpg 768w, https:\/\/deco.com.pl\/wp-content\/uploads\/2021\/02\/Creaton-Cantus-czerwona-naturalna-1536x1151.jpg 1536w\" sizes=\"(max-width: 1600px) 100vw, 1600px\" \/><\/a>\n\t\t\t<\/div>\n\t\t\t\t<figcaption class='wp-caption-text gallery-caption' id='gallery-1-1306'>\n\t\t\t\tCreaton Cantus czerwona naturalna\n\t\t\t\t<\/figcaption><\/figure><figure class='gallery-item'>\n\t\t\t<div class='gallery-icon landscape'>\n\t\t\t\t<a data-elementor-open-lightbox=\"default\" data-elementor-lightbox-slideshow=\"41d8598b\" href='https:\/\/deco.com.pl\/wp-content\/uploads\/2021\/02\/Erlus-Karat-Srebro-Tytanowe.jpg'><img loading=\"lazy\" decoding=\"async\" width=\"1600\" height=\"1199\" src=\"https:\/\/deco.com.pl\/wp-content\/uploads\/2021\/02\/Erlus-Karat-Srebro-Tytanowe.jpg\" class=\"attachment-full size-full\" alt=\"\" aria-describedby=\"gallery-1-1307\" srcset=\"https:\/\/deco.com.pl\/wp-content\/uploads\/2021\/02\/Erlus-Karat-Srebro-Tytanowe.jpg 1600w, https:\/\/deco.com.pl\/wp-content\/uploads\/2021\/02\/Erlus-Karat-Srebro-Tytanowe-300x225.jpg 300w, https:\/\/deco.com.pl\/wp-content\/uploads\/2021\/02\/Erlus-Karat-Srebro-Tytanowe-1024x767.jpg 1024w, https:\/\/deco.com.pl\/wp-content\/uploads\/2021\/02\/Erlus-Karat-Srebro-Tytanowe-768x576.jpg 768w, https:\/\/deco.com.pl\/wp-content\/uploads\/2021\/02\/Erlus-Karat-Srebro-Tytanowe-1536x1151.jpg 1536w\" sizes=\"(max-width: 1600px) 100vw, 1600px\" \/><\/a>\n\t\t\t<\/div>\n\t\t\t\t<figcaption class='wp-caption-text gallery-caption' id='gallery-1-1307'>\n\t\t\t\tErlus Karat Srebro Tytanowe\n\t\t\t\t<\/figcaption><\/figure>\n\t\t<\/div>\n\t\t<\/div>\n\t\t\t\t<\/div>\n\t\t\t\t<\/div>\n\t\t\t\t\t\t<\/div>\n\t\t\t<\/div>\n\t\t<\/div>\n\t\t\t\t\t\t<\/div>\n\t\t\t<\/div>\n\t\t<\/section>\n\t\t\t\t\t\t<\/div>\n\t\t\t<\/div>\n\t\t<\/div>\n\t\t","protected":false},"excerpt":{"rendered":"<p>Bogen Reform antracyt glazura Bogen Reform czarna angoba (2) Bogen Reform czarna angoba Braas Topas 13V czarny b\u0142yszcz\u0105cy (2) Braas Topas 13V czarny b\u0142yszcz\u0105cy (3) Braas Topas 13V czarny b\u0142yszcz\u0105cy (4) Braas Topas 13V czarny b\u0142yszcz\u0105cy (5) Braas Topas 13V czarny b\u0142yszcz\u0105cy (6) Braas Topas 13V czarny b\u0142yszcz\u0105cy Creaton Cantus czarny kryszta\u0142 Creaton Opitma szara [&hellip;]<\/p>\n","protected":false},"author":1,"featured_media":0,"parent":592,"menu_order":0,"comment_status":"closed","ping_status":"closed","template":"","meta":{"ocean_post_layout":"","ocean_both_sidebars_style":"","ocean_both_sidebars_content_width":0,"ocean_both_sidebars_sidebars_width":0,"ocean_sidebar":"0","ocean_second_sidebar":"0","ocean_disable_margins":"enable","ocean_add_body_class":"","ocean_shortcode_before_top_bar":"","ocean_shortcode_after_top_bar":"","ocean_shortcode_before_header":"","ocean_shortcode_after_header":"","ocean_has_shortcode":"","ocean_shortcode_after_title":"","ocean_shortcode_before_footer_widgets":"","ocean_shortcode_after_footer_widgets":"","ocean_shortcode_before_footer_bottom":"","ocean_shortcode_after_footer_bottom":"","ocean_display_top_bar":"default","ocean_display_header":"default","ocean_header_style":"","ocean_center_header_left_menu":"0","ocean_custom_header_template":"0","ocean_custom_logo":0,"ocean_custom_retina_logo":0,"ocean_custom_logo_max_width":0,"ocean_custom_logo_tablet_max_width":0,"ocean_custom_logo_mobile_max_width":0,"ocean_custom_logo_max_height":0,"ocean_custom_logo_tablet_max_height":0,"ocean_custom_logo_mobile_max_height":0,"ocean_header_custom_menu":"0","ocean_menu_typo_font_family":"0","ocean_menu_typo_font_subset":"","ocean_menu_typo_font_size":0,"ocean_menu_typo_font_size_tablet":0,"ocean_menu_typo_font_size_mobile":0,"ocean_menu_typo_font_size_unit":"px","ocean_menu_typo_font_weight":"","ocean_menu_typo_font_weight_tablet":"","ocean_menu_typo_font_weight_mobile":"","ocean_menu_typo_transform":"","ocean_menu_typo_transform_tablet":"","ocean_menu_typo_transform_mobile":"","ocean_menu_typo_line_height":0,"ocean_menu_typo_line_height_tablet":0,"ocean_menu_typo_line_height_mobile":0,"ocean_menu_typo_line_height_unit":"","ocean_menu_typo_spacing":0,"ocean_menu_typo_spacing_tablet":0,"ocean_menu_typo_spacing_mobile":0,"ocean_menu_typo_spacing_unit":"","ocean_menu_link_color":"","ocean_menu_link_color_hover":"","ocean_menu_link_color_active":"","ocean_menu_link_background":"","ocean_menu_link_hover_background":"","ocean_menu_link_active_background":"","ocean_menu_social_links_bg":"","ocean_menu_social_hover_links_bg":"","ocean_menu_social_links_color":"","ocean_menu_social_hover_links_color":"","ocean_disable_title":"default","ocean_disable_heading":"default","ocean_post_title":"","ocean_post_subheading":"","ocean_post_title_style":"","ocean_post_title_background_color":"","ocean_post_title_background":0,"ocean_post_title_bg_image_position":"","ocean_post_title_bg_image_attachment":"","ocean_post_title_bg_image_repeat":"","ocean_post_title_bg_image_size":"","ocean_post_title_height":0,"ocean_post_title_bg_overlay":0.5,"ocean_post_title_bg_overlay_color":"","ocean_disable_breadcrumbs":"default","ocean_breadcrumbs_color":"","ocean_breadcrumbs_separator_color":"","ocean_breadcrumbs_links_color":"","ocean_breadcrumbs_links_hover_color":"","ocean_display_footer_widgets":"default","ocean_display_footer_bottom":"default","ocean_custom_footer_template":"0","footnotes":""},"yoast_head":"<!-- This site is optimized with the Yoast SEO plugin v22.3 - https:\/\/yoast.com\/wordpress\/plugins\/seo\/ -->\n<title>DACH\u00d3WKI SUWAKOWE - Mamy wszystko na tw\u00f3j dach<\/title>\n<meta name=\"robots\" content=\"index, follow, max-snippet:-1, max-image-preview:large, max-video-preview:-1\" \/>\n<link rel=\"canonical\" href=\"https:\/\/deco.com.pl\/index.php\/galeria\/dachowki-suwakowe\/\" \/>\n<meta property=\"og:locale\" content=\"pl_PL\" \/>\n<meta property=\"og:type\" content=\"article\" \/>\n<meta property=\"og:title\" content=\"DACH\u00d3WKI SUWAKOWE - Mamy wszystko na tw\u00f3j dach\" \/>\n<meta property=\"og:description\" content=\"Bogen Reform antracyt glazura Bogen Reform czarna angoba (2) Bogen Reform czarna angoba Braas Topas 13V czarny b\u0142yszcz\u0105cy (2) Braas Topas 13V czarny b\u0142yszcz\u0105cy (3) Braas Topas 13V czarny b\u0142yszcz\u0105cy (4) Braas Topas 13V czarny b\u0142yszcz\u0105cy (5) Braas Topas 13V czarny b\u0142yszcz\u0105cy (6) Braas Topas 13V czarny b\u0142yszcz\u0105cy Creaton Cantus czarny kryszta\u0142 Creaton Opitma szara [&hellip;]\" \/>\n<meta property=\"og:url\" content=\"https:\/\/deco.com.pl\/index.php\/galeria\/dachowki-suwakowe\/\" \/>\n<meta property=\"og:site_name\" content=\"Mamy wszystko na tw\u00f3j dach\" \/>\n<meta property=\"article:publisher\" content=\"https:\/\/www.facebook.com\/decodachy\" \/>\n<meta property=\"article:modified_time\" content=\"2021-02-21T14:49:26+00:00\" \/>\n<meta property=\"og:image\" content=\"http:\/\/deco.com.pl\/wp-content\/uploads\/2020\/01\/Bogen-Reform-antracyt-glazura-scaled.jpg\" \/>\n<meta name=\"twitter:card\" content=\"summary_large_image\" \/>\n<meta name=\"twitter:label1\" content=\"Szacowany czas czytania\" \/>\n\t<meta name=\"twitter:data1\" content=\"1 minuta\" \/>\n<script type=\"application\/ld+json\" class=\"yoast-schema-graph\">{\"@context\":\"https:\/\/schema.org\",\"@graph\":[{\"@type\":\"WebPage\",\"@id\":\"https:\/\/deco.com.pl\/index.php\/galeria\/dachowki-suwakowe\/\",\"url\":\"https:\/\/deco.com.pl\/index.php\/galeria\/dachowki-suwakowe\/\",\"name\":\"DACH\u00d3WKI SUWAKOWE - Mamy wszystko na tw\u00f3j dach\",\"isPartOf\":{\"@id\":\"https:\/\/deco.com.pl\/#website\"},\"primaryImageOfPage\":{\"@id\":\"https:\/\/deco.com.pl\/index.php\/galeria\/dachowki-suwakowe\/#primaryimage\"},\"image\":{\"@id\":\"https:\/\/deco.com.pl\/index.php\/galeria\/dachowki-suwakowe\/#primaryimage\"},\"thumbnailUrl\":\"http:\/\/deco.com.pl\/wp-content\/uploads\/2020\/01\/Bogen-Reform-antracyt-glazura-scaled.jpg\",\"datePublished\":\"2020-02-03T15:45:02+00:00\",\"dateModified\":\"2021-02-21T14:49:26+00:00\",\"breadcrumb\":{\"@id\":\"https:\/\/deco.com.pl\/index.php\/galeria\/dachowki-suwakowe\/#breadcrumb\"},\"inLanguage\":\"pl-PL\",\"potentialAction\":[{\"@type\":\"ReadAction\",\"target\":[\"https:\/\/deco.com.pl\/index.php\/galeria\/dachowki-suwakowe\/\"]}]},{\"@type\":\"ImageObject\",\"inLanguage\":\"pl-PL\",\"@id\":\"https:\/\/deco.com.pl\/index.php\/galeria\/dachowki-suwakowe\/#primaryimage\",\"url\":\"http:\/\/deco.com.pl\/wp-content\/uploads\/2020\/01\/Bogen-Reform-antracyt-glazura-scaled.jpg\",\"contentUrl\":\"http:\/\/deco.com.pl\/wp-content\/uploads\/2020\/01\/Bogen-Reform-antracyt-glazura-scaled.jpg\"},{\"@type\":\"BreadcrumbList\",\"@id\":\"https:\/\/deco.com.pl\/index.php\/galeria\/dachowki-suwakowe\/#breadcrumb\",\"itemListElement\":[{\"@type\":\"ListItem\",\"position\":1,\"name\":\"Strona g\u0142\u00f3wna\",\"item\":\"https:\/\/deco.com.pl\/\"},{\"@type\":\"ListItem\",\"position\":2,\"name\":\"GALERIA\",\"item\":\"https:\/\/deco.com.pl\/index.php\/galeria\/\"},{\"@type\":\"ListItem\",\"position\":3,\"name\":\"DACH\u00d3WKI SUWAKOWE\"}]},{\"@type\":\"WebSite\",\"@id\":\"https:\/\/deco.com.pl\/#website\",\"url\":\"https:\/\/deco.com.pl\/\",\"name\":\"Mamy wszystko na tw\u00f3j dach\",\"description\":\"DECO Pokrycia Dachowe\",\"publisher\":{\"@id\":\"https:\/\/deco.com.pl\/#organization\"},\"potentialAction\":[{\"@type\":\"SearchAction\",\"target\":{\"@type\":\"EntryPoint\",\"urlTemplate\":\"https:\/\/deco.com.pl\/?s={search_term_string}\"},\"query-input\":\"required name=search_term_string\"}],\"inLanguage\":\"pl-PL\"},{\"@type\":\"Organization\",\"@id\":\"https:\/\/deco.com.pl\/#organization\",\"name\":\"Mamy wszystko na tw\u00f3j dach\",\"url\":\"https:\/\/deco.com.pl\/\",\"logo\":{\"@type\":\"ImageObject\",\"inLanguage\":\"pl-PL\",\"@id\":\"https:\/\/deco.com.pl\/#\/schema\/logo\/image\/\",\"url\":\"https:\/\/deco.com.pl\/wp-content\/uploads\/2020\/01\/cropped-logotlo2.png\",\"contentUrl\":\"https:\/\/deco.com.pl\/wp-content\/uploads\/2020\/01\/cropped-logotlo2.png\",\"width\":1206,\"height\":330,\"caption\":\"Mamy wszystko na tw\u00f3j dach\"},\"image\":{\"@id\":\"https:\/\/deco.com.pl\/#\/schema\/logo\/image\/\"},\"sameAs\":[\"https:\/\/www.facebook.com\/decodachy\"]}]}<\/script>\n<!-- \/ Yoast SEO plugin. -->","yoast_head_json":{"title":"DACH\u00d3WKI SUWAKOWE - Mamy wszystko na tw\u00f3j dach","robots":{"index":"index","follow":"follow","max-snippet":"max-snippet:-1","max-image-preview":"max-image-preview:large","max-video-preview":"max-video-preview:-1"},"canonical":"https:\/\/deco.com.pl\/index.php\/galeria\/dachowki-suwakowe\/","og_locale":"pl_PL","og_type":"article","og_title":"DACH\u00d3WKI SUWAKOWE - Mamy wszystko na tw\u00f3j dach","og_description":"Bogen Reform antracyt glazura Bogen Reform czarna angoba (2) Bogen Reform czarna angoba Braas Topas 13V czarny b\u0142yszcz\u0105cy (2) Braas Topas 13V czarny b\u0142yszcz\u0105cy (3) Braas Topas 13V czarny b\u0142yszcz\u0105cy (4) Braas Topas 13V czarny b\u0142yszcz\u0105cy (5) Braas Topas 13V czarny b\u0142yszcz\u0105cy (6) Braas Topas 13V czarny b\u0142yszcz\u0105cy Creaton Cantus czarny kryszta\u0142 Creaton Opitma szara [&hellip;]","og_url":"https:\/\/deco.com.pl\/index.php\/galeria\/dachowki-suwakowe\/","og_site_name":"Mamy wszystko na tw\u00f3j dach","article_publisher":"https:\/\/www.facebook.com\/decodachy","article_modified_time":"2021-02-21T14:49:26+00:00","og_image":[{"url":"http:\/\/deco.com.pl\/wp-content\/uploads\/2020\/01\/Bogen-Reform-antracyt-glazura-scaled.jpg"}],"twitter_card":"summary_large_image","twitter_misc":{"Szacowany czas czytania":"1 minuta"},"schema":{"@context":"https:\/\/schema.org","@graph":[{"@type":"WebPage","@id":"https:\/\/deco.com.pl\/index.php\/galeria\/dachowki-suwakowe\/","url":"https:\/\/deco.com.pl\/index.php\/galeria\/dachowki-suwakowe\/","name":"DACH\u00d3WKI SUWAKOWE - Mamy wszystko na tw\u00f3j dach","isPartOf":{"@id":"https:\/\/deco.com.pl\/#website"},"primaryImageOfPage":{"@id":"https:\/\/deco.com.pl\/index.php\/galeria\/dachowki-suwakowe\/#primaryimage"},"image":{"@id":"https:\/\/deco.com.pl\/index.php\/galeria\/dachowki-suwakowe\/#primaryimage"},"thumbnailUrl":"http:\/\/deco.com.pl\/wp-content\/uploads\/2020\/01\/Bogen-Reform-antracyt-glazura-scaled.jpg","datePublished":"2020-02-03T15:45:02+00:00","dateModified":"2021-02-21T14:49:26+00:00","breadcrumb":{"@id":"https:\/\/deco.com.pl\/index.php\/galeria\/dachowki-suwakowe\/#breadcrumb"},"inLanguage":"pl-PL","potentialAction":[{"@type":"ReadAction","target":["https:\/\/deco.com.pl\/index.php\/galeria\/dachowki-suwakowe\/"]}]},{"@type":"ImageObject","inLanguage":"pl-PL","@id":"https:\/\/deco.com.pl\/index.php\/galeria\/dachowki-suwakowe\/#primaryimage","url":"http:\/\/deco.com.pl\/wp-content\/uploads\/2020\/01\/Bogen-Reform-antracyt-glazura-scaled.jpg","contentUrl":"http:\/\/deco.com.pl\/wp-content\/uploads\/2020\/01\/Bogen-Reform-antracyt-glazura-scaled.jpg"},{"@type":"BreadcrumbList","@id":"https:\/\/deco.com.pl\/index.php\/galeria\/dachowki-suwakowe\/#breadcrumb","itemListElement":[{"@type":"ListItem","position":1,"name":"Strona g\u0142\u00f3wna","item":"https:\/\/deco.com.pl\/"},{"@type":"ListItem","position":2,"name":"GALERIA","item":"https:\/\/deco.com.pl\/index.php\/galeria\/"},{"@type":"ListItem","position":3,"name":"DACH\u00d3WKI SUWAKOWE"}]},{"@type":"WebSite","@id":"https:\/\/deco.com.pl\/#website","url":"https:\/\/deco.com.pl\/","name":"Mamy wszystko na tw\u00f3j dach","description":"DECO Pokrycia Dachowe","publisher":{"@id":"https:\/\/deco.com.pl\/#organization"},"potentialAction":[{"@type":"SearchAction","target":{"@type":"EntryPoint","urlTemplate":"https:\/\/deco.com.pl\/?s={search_term_string}"},"query-input":"required name=search_term_string"}],"inLanguage":"pl-PL"},{"@type":"Organization","@id":"https:\/\/deco.com.pl\/#organization","name":"Mamy wszystko na tw\u00f3j dach","url":"https:\/\/deco.com.pl\/","logo":{"@type":"ImageObject","inLanguage":"pl-PL","@id":"https:\/\/deco.com.pl\/#\/schema\/logo\/image\/","url":"https:\/\/deco.com.pl\/wp-content\/uploads\/2020\/01\/cropped-logotlo2.png","contentUrl":"https:\/\/deco.com.pl\/wp-content\/uploads\/2020\/01\/cropped-logotlo2.png","width":1206,"height":330,"caption":"Mamy wszystko na tw\u00f3j dach"},"image":{"@id":"https:\/\/deco.com.pl\/#\/schema\/logo\/image\/"},"sameAs":["https:\/\/www.facebook.com\/decodachy"]}]}},"_links":{"self":[{"href":"https:\/\/deco.com.pl\/index.php\/wp-json\/wp\/v2\/pages\/1181"}],"collection":[{"href":"https:\/\/deco.com.pl\/index.php\/wp-json\/wp\/v2\/pages"}],"about":[{"href":"https:\/\/deco.com.pl\/index.php\/wp-json\/wp\/v2\/types\/page"}],"author":[{"embeddable":true,"href":"https:\/\/deco.com.pl\/index.php\/wp-json\/wp\/v2\/users\/1"}],"replies":[{"embeddable":true,"href":"https:\/\/deco.com.pl\/index.php\/wp-json\/wp\/v2\/comments?post=1181"}],"version-history":[{"count":6,"href":"https:\/\/deco.com.pl\/index.php\/wp-json\/wp\/v2\/pages\/1181\/revisions"}],"predecessor-version":[{"id":1308,"href":"https:\/\/deco.com.pl\/index.php\/wp-json\/wp\/v2\/pages\/1181\/revisions\/1308"}],"up":[{"embeddable":true,"href":"https:\/\/deco.com.pl\/index.php\/wp-json\/wp\/v2\/pages\/592"}],"wp:attachment":[{"href":"https:\/\/deco.com.pl\/index.php\/wp-json\/wp\/v2\/media?parent=1181"}],"curies":[{"name":"wp","href":"https:\/\/api.w.org\/{rel}","templated":true}]}}