{"id":865,"date":"2020-01-28T16:40:34","date_gmt":"2020-01-28T15:40:34","guid":{"rendered":"http:\/\/deco.com.pl\/?page_id=865"},"modified":"2023-10-13T11:49:00","modified_gmt":"2023-10-13T09:49:00","slug":"dachowki-plaskie","status":"publish","type":"page","link":"https:\/\/deco.com.pl\/index.php\/dachowki-plaskie\/","title":{"rendered":"DACH\u00d3WKI P\u0141ASKIE"},"content":{"rendered":"\t\t<div data-elementor-type=\"wp-page\" data-elementor-id=\"865\" class=\"elementor elementor-865\" data-elementor-settings=\"[]\">\n\t\t\t<div class=\"elementor-inner\">\n\t\t\t\t<div class=\"elementor-section-wrap\">\n\t\t\t\t\t\t\t<section class=\"elementor-element elementor-element-ba92885 elementor-section-boxed elementor-section-height-default elementor-section-height-default elementor-section elementor-top-section\" data-id=\"ba92885\" data-element_type=\"section\">\n\t\t\t\t\t\t<div class=\"elementor-container elementor-column-gap-default\">\n\t\t\t\t<div class=\"elementor-row\">\n\t\t\t\t<div class=\"elementor-element elementor-element-cff1407 elementor-column elementor-col-16 elementor-top-column\" data-id=\"cff1407\" data-element_type=\"column\" data-settings=\"{&quot;background_background&quot;:&quot;classic&quot;}\">\n\t\t\t<div class=\"elementor-column-wrap  elementor-element-populated\">\n\t\t\t\t\t<div class=\"elementor-widget-wrap\">\n\t\t\t\t<div class=\"elementor-element elementor-element-c6016dd elementor-widget elementor-widget-image\" data-id=\"c6016dd\" data-element_type=\"widget\" data-widget_type=\"image.default\">\n\t\t\t\t<div class=\"elementor-widget-container\">\n\t\t\t\t\t<div class=\"elementor-image\">\n\t\t\t\t\t\t\t\t\t\t\t<a data-elementor-open-lightbox=\"default\" href=\"http:\/\/deco.com.pl\/wp-content\/uploads\/2020\/01\/erlus-linea1.jpg\">\n\t\t\t\t\t\t\t<img loading=\"lazy\" decoding=\"async\" width=\"317\" height=\"537\" src=\"https:\/\/deco.com.pl\/wp-content\/uploads\/2020\/01\/erlus-linea1.jpg\" class=\"attachment-large size-large\" alt=\"\" srcset=\"https:\/\/deco.com.pl\/wp-content\/uploads\/2020\/01\/erlus-linea1.jpg 317w, https:\/\/deco.com.pl\/wp-content\/uploads\/2020\/01\/erlus-linea1-177x300.jpg 177w\" sizes=\"(max-width: 317px) 100vw, 317px\" \/>\t\t\t\t\t\t\t\t<\/a>\n\t\t\t\t\t\t\t\t\t\t\t<\/div>\n\t\t\t\t<\/div>\n\t\t\t\t<\/div>\n\t\t\t\t\t\t<\/div>\n\t\t\t<\/div>\n\t\t<\/div>\n\t\t\t\t<div class=\"elementor-element elementor-element-47d871d elementor-column elementor-col-66 elementor-top-column\" data-id=\"47d871d\" data-element_type=\"column\">\n\t\t\t<div class=\"elementor-column-wrap  elementor-element-populated\">\n\t\t\t\t\t<div class=\"elementor-widget-wrap\">\n\t\t\t\t<div class=\"elementor-element elementor-element-3d1f649 elementor-widget elementor-widget-heading\" data-id=\"3d1f649\" data-element_type=\"widget\" data-widget_type=\"heading.default\">\n\t\t\t\t<div class=\"elementor-widget-container\">\n\t\t\t<h2 class=\"elementor-heading-title elementor-size-default\">Erlus Linea<\/h2>\t\t<\/div>\n\t\t\t\t<\/div>\n\t\t\t\t<div class=\"elementor-element elementor-element-1be472f elementor-widget elementor-widget-text-editor\" data-id=\"1be472f\" data-element_type=\"widget\" data-widget_type=\"text-editor.default\">\n\t\t\t\t<div class=\"elementor-widget-container\">\n\t\t\t\t\t<div class=\"elementor-text-editor elementor-clearfix\"><p>Erlus Linea jest najlepszym produktem w klasie dach\u00f3wek p\u0142askich, kilkukrotnie przewy\u017cszaj\u0105c normy europejskie. Jako jedyna dach\u00f3wka p\u0142aska posiada certyfikat odporno\u015bci na gradobicie. Jest to r\u00f3wnie\u017c jedyna dach\u00f3wka wypalana w temperaturze powy\u017cej 1200 C dzi\u0119ki czemu cechuje si\u0119 ekstremaln\u0105 mrozoodporno\u015bci\u0105 oraz nisk\u0105 nasi\u0105kliwo\u015bci\u0105. Proces wypalania nadaje Linei szczeg\u00f3ln\u0105 odporno\u015b\u0107 na warunki pogodowe. Dach\u00f3wka cechuje si\u0119 bardzo szczelnymi zamkami, tak\u017ce mo\u017cna j\u0105 uk\u0142ada\u0107 na dachach ju\u017c od 10 stopni nachylenia. Erlus Linea produkowana jest w Niemczech<\/p><\/div>\n\t\t\t\t<\/div>\n\t\t\t\t<\/div>\n\t\t\t\t\t\t<\/div>\n\t\t\t<\/div>\n\t\t<\/div>\n\t\t\t\t<div class=\"elementor-element elementor-element-bb294a2 elementor-column elementor-col-16 elementor-top-column\" data-id=\"bb294a2\" data-element_type=\"column\">\n\t\t\t<div class=\"elementor-column-wrap  elementor-element-populated\">\n\t\t\t\t\t<div class=\"elementor-widget-wrap\">\n\t\t\t\t<div class=\"elementor-element elementor-element-30f37a2 elementor-widget elementor-widget-image\" data-id=\"30f37a2\" data-element_type=\"widget\" data-widget_type=\"image.default\">\n\t\t\t\t<div class=\"elementor-widget-container\">\n\t\t\t\t\t<div class=\"elementor-image\">\n\t\t\t\t\t\t\t\t\t\t\t<a data-elementor-open-lightbox=\"default\" href=\"http:\/\/deco.com.pl\/wp-content\/uploads\/2020\/01\/erlus-realizacja1-scaled.jpg\">\n\t\t\t\t\t\t\t<img loading=\"lazy\" decoding=\"async\" width=\"2560\" height=\"1440\" src=\"https:\/\/deco.com.pl\/wp-content\/uploads\/2020\/01\/erlus-realizacja1-scaled.jpg\" class=\"attachment-full size-full\" alt=\"\" srcset=\"https:\/\/deco.com.pl\/wp-content\/uploads\/2020\/01\/erlus-realizacja1-scaled.jpg 2560w, https:\/\/deco.com.pl\/wp-content\/uploads\/2020\/01\/erlus-realizacja1-300x169.jpg 300w, https:\/\/deco.com.pl\/wp-content\/uploads\/2020\/01\/erlus-realizacja1-1024x576.jpg 1024w, https:\/\/deco.com.pl\/wp-content\/uploads\/2020\/01\/erlus-realizacja1-768x432.jpg 768w, https:\/\/deco.com.pl\/wp-content\/uploads\/2020\/01\/erlus-realizacja1-1536x864.jpg 1536w, https:\/\/deco.com.pl\/wp-content\/uploads\/2020\/01\/erlus-realizacja1-2048x1152.jpg 2048w\" sizes=\"(max-width: 2560px) 100vw, 2560px\" \/>\t\t\t\t\t\t\t\t<\/a>\n\t\t\t\t\t\t\t\t\t\t\t<\/div>\n\t\t\t\t<\/div>\n\t\t\t\t<\/div>\n\t\t\t\t\t\t<\/div>\n\t\t\t<\/div>\n\t\t<\/div>\n\t\t\t\t\t\t<\/div>\n\t\t\t<\/div>\n\t\t<\/section>\n\t\t\t\t<section class=\"elementor-element elementor-element-d6fe1af elementor-section-boxed elementor-section-height-default elementor-section-height-default elementor-section elementor-top-section\" data-id=\"d6fe1af\" data-element_type=\"section\">\n\t\t\t\t\t\t<div class=\"elementor-container elementor-column-gap-default\">\n\t\t\t\t<div class=\"elementor-row\">\n\t\t\t\t<div class=\"elementor-element elementor-element-33f2de0 elementor-column elementor-col-16 elementor-top-column\" data-id=\"33f2de0\" data-element_type=\"column\" data-settings=\"{&quot;background_background&quot;:&quot;classic&quot;}\">\n\t\t\t<div class=\"elementor-column-wrap  elementor-element-populated\">\n\t\t\t\t\t<div class=\"elementor-widget-wrap\">\n\t\t\t\t<div class=\"elementor-element elementor-element-d72118a elementor-widget elementor-widget-image\" data-id=\"d72118a\" data-element_type=\"widget\" data-widget_type=\"image.default\">\n\t\t\t\t<div class=\"elementor-widget-container\">\n\t\t\t\t\t<div class=\"elementor-image\">\n\t\t\t\t\t\t\t\t\t\t\t<a data-elementor-open-lightbox=\"default\" href=\"http:\/\/deco.com.pl\/wp-content\/uploads\/2020\/01\/braas-turmalin.jpg\">\n\t\t\t\t\t\t\t<img loading=\"lazy\" decoding=\"async\" width=\"235\" height=\"400\" src=\"https:\/\/deco.com.pl\/wp-content\/uploads\/2020\/01\/braas-turmalin.jpg\" class=\"attachment-large size-large\" alt=\"\" srcset=\"https:\/\/deco.com.pl\/wp-content\/uploads\/2020\/01\/braas-turmalin.jpg 235w, https:\/\/deco.com.pl\/wp-content\/uploads\/2020\/01\/braas-turmalin-176x300.jpg 176w\" sizes=\"(max-width: 235px) 100vw, 235px\" \/>\t\t\t\t\t\t\t\t<\/a>\n\t\t\t\t\t\t\t\t\t\t\t<\/div>\n\t\t\t\t<\/div>\n\t\t\t\t<\/div>\n\t\t\t\t\t\t<\/div>\n\t\t\t<\/div>\n\t\t<\/div>\n\t\t\t\t<div class=\"elementor-element elementor-element-a51ba22 elementor-column elementor-col-66 elementor-top-column\" data-id=\"a51ba22\" data-element_type=\"column\">\n\t\t\t<div class=\"elementor-column-wrap  elementor-element-populated\">\n\t\t\t\t\t<div class=\"elementor-widget-wrap\">\n\t\t\t\t<div class=\"elementor-element elementor-element-ec4eadd elementor-widget elementor-widget-heading\" data-id=\"ec4eadd\" data-element_type=\"widget\" data-widget_type=\"heading.default\">\n\t\t\t\t<div class=\"elementor-widget-container\">\n\t\t\t<h2 class=\"elementor-heading-title elementor-size-default\">Braas Turmalin<\/h2>\t\t<\/div>\n\t\t\t\t<\/div>\n\t\t\t\t<div class=\"elementor-element elementor-element-fe3fa6d elementor-widget elementor-widget-text-editor\" data-id=\"fe3fa6d\" data-element_type=\"widget\" data-widget_type=\"text-editor.default\">\n\t\t\t\t<div class=\"elementor-widget-container\">\n\t\t\t\t\t<div class=\"elementor-text-editor elementor-clearfix\"><p>Dach\u00f3wka Braas Turmalin to prosty, elegancki wz\u00f3r oraz harmonia formy. Linia dach\u00f3wki jest nowoczesna, gustowna i pi\u0119kna w swej prostocie. Doskonale sprawdzi si\u0119 na budynkach nowoczesnych, o prostej lub awangardowej architekturze. Stonowana kolorystyka oraz g\u0142adka powierzchnia podkre\u015bl\u0105 presti\u017c budynku. Dach\u00f3wka Braas Turmalin zas\u0142uguje na uwag\u0119 Klient\u00f3w pragn\u0105cych podkre\u015bli\u0107 sw\u00f3j indywidualizm i nowoczesno\u015b\u0107.<\/p><\/div>\n\t\t\t\t<\/div>\n\t\t\t\t<\/div>\n\t\t\t\t\t\t<\/div>\n\t\t\t<\/div>\n\t\t<\/div>\n\t\t\t\t<div class=\"elementor-element elementor-element-4a7edb7 elementor-column elementor-col-16 elementor-top-column\" data-id=\"4a7edb7\" data-element_type=\"column\">\n\t\t\t<div class=\"elementor-column-wrap  elementor-element-populated\">\n\t\t\t\t\t<div class=\"elementor-widget-wrap\">\n\t\t\t\t<div class=\"elementor-element elementor-element-c05d4c6 elementor-widget elementor-widget-image\" data-id=\"c05d4c6\" data-element_type=\"widget\" data-widget_type=\"image.default\">\n\t\t\t\t<div class=\"elementor-widget-container\">\n\t\t\t\t\t<div class=\"elementor-image\">\n\t\t\t\t\t\t\t\t\t\t\t<a data-elementor-open-lightbox=\"default\" href=\"http:\/\/deco.com.pl\/wp-content\/uploads\/2020\/01\/turmalin-realizacja-scaled.jpg\">\n\t\t\t\t\t\t\t<img loading=\"lazy\" decoding=\"async\" width=\"2560\" height=\"1597\" src=\"https:\/\/deco.com.pl\/wp-content\/uploads\/2020\/01\/turmalin-realizacja-scaled.jpg\" class=\"attachment-full size-full\" alt=\"\" srcset=\"https:\/\/deco.com.pl\/wp-content\/uploads\/2020\/01\/turmalin-realizacja-scaled.jpg 2560w, https:\/\/deco.com.pl\/wp-content\/uploads\/2020\/01\/turmalin-realizacja-300x187.jpg 300w, https:\/\/deco.com.pl\/wp-content\/uploads\/2020\/01\/turmalin-realizacja-1024x639.jpg 1024w, https:\/\/deco.com.pl\/wp-content\/uploads\/2020\/01\/turmalin-realizacja-768x479.jpg 768w, https:\/\/deco.com.pl\/wp-content\/uploads\/2020\/01\/turmalin-realizacja-1536x958.jpg 1536w, https:\/\/deco.com.pl\/wp-content\/uploads\/2020\/01\/turmalin-realizacja-2048x1278.jpg 2048w\" sizes=\"(max-width: 2560px) 100vw, 2560px\" \/>\t\t\t\t\t\t\t\t<\/a>\n\t\t\t\t\t\t\t\t\t\t\t<\/div>\n\t\t\t\t<\/div>\n\t\t\t\t<\/div>\n\t\t\t\t\t\t<\/div>\n\t\t\t<\/div>\n\t\t<\/div>\n\t\t\t\t\t\t<\/div>\n\t\t\t<\/div>\n\t\t<\/section>\n\t\t\t\t<section class=\"elementor-element elementor-element-9561204 elementor-section-boxed elementor-section-height-default elementor-section-height-default elementor-section elementor-top-section\" data-id=\"9561204\" data-element_type=\"section\">\n\t\t\t\t\t\t<div class=\"elementor-container elementor-column-gap-default\">\n\t\t\t\t<div class=\"elementor-row\">\n\t\t\t\t<div class=\"elementor-element elementor-element-7185afa elementor-column elementor-col-16 elementor-top-column\" data-id=\"7185afa\" data-element_type=\"column\" data-settings=\"{&quot;background_background&quot;:&quot;classic&quot;}\">\n\t\t\t<div class=\"elementor-column-wrap  elementor-element-populated\">\n\t\t\t\t\t<div class=\"elementor-widget-wrap\">\n\t\t\t\t<div class=\"elementor-element elementor-element-01a15d5 elementor-widget elementor-widget-image\" data-id=\"01a15d5\" data-element_type=\"widget\" data-widget_type=\"image.default\">\n\t\t\t\t<div class=\"elementor-widget-container\">\n\t\t\t\t\t<div class=\"elementor-image\">\n\t\t\t\t\t\t\t\t\t\t\t<a data-elementor-open-lightbox=\"default\" href=\"http:\/\/deco.com.pl\/wp-content\/uploads\/2020\/01\/bogen-plano.jpg\">\n\t\t\t\t\t\t\t<img loading=\"lazy\" decoding=\"async\" width=\"495\" height=\"520\" src=\"https:\/\/deco.com.pl\/wp-content\/uploads\/2020\/01\/bogen-plano.jpg\" class=\"attachment-large size-large\" alt=\"\" srcset=\"https:\/\/deco.com.pl\/wp-content\/uploads\/2020\/01\/bogen-plano.jpg 495w, https:\/\/deco.com.pl\/wp-content\/uploads\/2020\/01\/bogen-plano-286x300.jpg 286w\" sizes=\"(max-width: 495px) 100vw, 495px\" \/>\t\t\t\t\t\t\t\t<\/a>\n\t\t\t\t\t\t\t\t\t\t\t<\/div>\n\t\t\t\t<\/div>\n\t\t\t\t<\/div>\n\t\t\t\t\t\t<\/div>\n\t\t\t<\/div>\n\t\t<\/div>\n\t\t\t\t<div class=\"elementor-element elementor-element-c20f52a elementor-column elementor-col-66 elementor-top-column\" data-id=\"c20f52a\" data-element_type=\"column\">\n\t\t\t<div class=\"elementor-column-wrap  elementor-element-populated\">\n\t\t\t\t\t<div class=\"elementor-widget-wrap\">\n\t\t\t\t<div class=\"elementor-element elementor-element-25d6a9e elementor-widget elementor-widget-heading\" data-id=\"25d6a9e\" data-element_type=\"widget\" data-widget_type=\"heading.default\">\n\t\t\t\t<div class=\"elementor-widget-container\">\n\t\t\t<h2 class=\"elementor-heading-title elementor-size-default\">Bogen Plano<\/h2>\t\t<\/div>\n\t\t\t\t<\/div>\n\t\t\t\t<div class=\"elementor-element elementor-element-8ac481e elementor-widget elementor-widget-text-editor\" data-id=\"8ac481e\" data-element_type=\"widget\" data-widget_type=\"text-editor.default\">\n\t\t\t\t<div class=\"elementor-widget-container\">\n\t\t\t\t\t<div class=\"elementor-text-editor elementor-clearfix\"><p>Ze swoimi wyra\u017anymi liniami i p\u0142ask\u0105 powierzchni\u0105 Bogen PLANO 11 wygl\u0105da bardzo minimalistycznie. Ta elegancka dach\u00f3wka jest idealnym rozwi\u0105zaniem dla dach\u00f3w o wsp\u00f3\u0142czesnej architekturze, jak i dla bardzo niestandardowych projekt\u00f3w renowacyjnych. Uzyskany obraz pokrytej powierzchni jest wyra\u017anie skonstruowany, co jest wizualnie jeszcze bardziej podkre\u015blone przez wyko\u0144czenie okapu prost\u0105, nowoczesn\u0105 kraw\u0119dzi\u0105. Bogen oferuje do tego modelu tak\u017ce dach\u00f3wki skrajne po\u0142\u00f3wkowe. Mo\u017cna wi\u0119c \u2013 obok klasycznego krycia w rz\u0119dach \u2013 przy kryciu dach\u00f3wkami kraw\u0119dziowymi ca\u0142ymi i po\u0142\u00f3wkowymi uzyska\u0107 bardzo harmonijny wygl\u0105d powierzchni bez ramy na kraw\u0119dziach dachu. Zak\u0142adki boczne i wysokie o\u017cebrowanie dach\u00f3wki Plano gwarantuj\u0105 wysok\u0105 szczelno\u015b\u0107 przeciwdeszczow\u0105 nawet do 10\u2070 k\u0105ta nachylenia po\u0142aci.\u00a0<\/p><\/div>\n\t\t\t\t<\/div>\n\t\t\t\t<\/div>\n\t\t\t\t\t\t<\/div>\n\t\t\t<\/div>\n\t\t<\/div>\n\t\t\t\t<div class=\"elementor-element elementor-element-6c16229 elementor-column elementor-col-16 elementor-top-column\" data-id=\"6c16229\" data-element_type=\"column\">\n\t\t\t<div class=\"elementor-column-wrap  elementor-element-populated\">\n\t\t\t\t\t<div class=\"elementor-widget-wrap\">\n\t\t\t\t\t\t<\/div>\n\t\t\t<\/div>\n\t\t<\/div>\n\t\t\t\t\t\t<\/div>\n\t\t\t<\/div>\n\t\t<\/section>\n\t\t\t\t<section class=\"elementor-element elementor-element-6d2fc79 elementor-section-boxed elementor-section-height-default elementor-section-height-default elementor-section elementor-top-section\" data-id=\"6d2fc79\" data-element_type=\"section\">\n\t\t\t\t\t\t<div class=\"elementor-container elementor-column-gap-default\">\n\t\t\t\t<div class=\"elementor-row\">\n\t\t\t\t<div class=\"elementor-element elementor-element-e5fa6bc elementor-column elementor-col-16 elementor-top-column\" data-id=\"e5fa6bc\" data-element_type=\"column\" data-settings=\"{&quot;background_background&quot;:&quot;classic&quot;}\">\n\t\t\t<div class=\"elementor-column-wrap  elementor-element-populated\">\n\t\t\t\t\t<div class=\"elementor-widget-wrap\">\n\t\t\t\t<div class=\"elementor-element elementor-element-221b348 elementor-widget elementor-widget-image\" data-id=\"221b348\" data-element_type=\"widget\" data-widget_type=\"image.default\">\n\t\t\t\t<div class=\"elementor-widget-container\">\n\t\t\t\t\t<div class=\"elementor-image\">\n\t\t\t\t\t\t\t\t\t\t\t<a data-elementor-open-lightbox=\"default\" href=\"http:\/\/deco.com.pl\/wp-content\/uploads\/2020\/01\/TEVIVA.jpg\">\n\t\t\t\t\t\t\t<img loading=\"lazy\" decoding=\"async\" width=\"315\" height=\"400\" src=\"https:\/\/deco.com.pl\/wp-content\/uploads\/2020\/01\/TEVIVA.jpg\" class=\"attachment-large size-large\" alt=\"\" srcset=\"https:\/\/deco.com.pl\/wp-content\/uploads\/2020\/01\/TEVIVA.jpg 315w, https:\/\/deco.com.pl\/wp-content\/uploads\/2020\/01\/TEVIVA-236x300.jpg 236w\" sizes=\"(max-width: 315px) 100vw, 315px\" \/>\t\t\t\t\t\t\t\t<\/a>\n\t\t\t\t\t\t\t\t\t\t\t<\/div>\n\t\t\t\t<\/div>\n\t\t\t\t<\/div>\n\t\t\t\t\t\t<\/div>\n\t\t\t<\/div>\n\t\t<\/div>\n\t\t\t\t<div class=\"elementor-element elementor-element-9685f35 elementor-column elementor-col-66 elementor-top-column\" data-id=\"9685f35\" data-element_type=\"column\">\n\t\t\t<div class=\"elementor-column-wrap  elementor-element-populated\">\n\t\t\t\t\t<div class=\"elementor-widget-wrap\">\n\t\t\t\t<div class=\"elementor-element elementor-element-93c864b elementor-widget elementor-widget-heading\" data-id=\"93c864b\" data-element_type=\"widget\" data-widget_type=\"heading.default\">\n\t\t\t\t<div class=\"elementor-widget-container\">\n\t\t\t<h2 class=\"elementor-heading-title elementor-size-default\">Braas Teviva<\/h2>\t\t<\/div>\n\t\t\t\t<\/div>\n\t\t\t\t<div class=\"elementor-element elementor-element-4c40923 elementor-widget elementor-widget-text-editor\" data-id=\"4c40923\" data-element_type=\"widget\" data-widget_type=\"text-editor.default\">\n\t\t\t\t<div class=\"elementor-widget-container\">\n\t\t\t\t\t<div class=\"elementor-text-editor elementor-clearfix\"><p>Dach\u00f3wka Braas Teviva charakteryzuje si\u0119 prostym, nowoczesnym kszta\u0142tem i czyst\u0105 lini\u0105. Jej p\u0142aska forma podkre\u015bli nowoczesny styl wsp\u00f3\u0142czesnej architektury. Dzi\u0119ki swoim walorom sprawdzi si\u0119 zar\u00f3wno na budynkach nowobudowanych jak i remontowanych. Oferowane kolory pasuj\u0105 do szerokiej gamy kolorystycznej aktualnie stosowanej na elewacjach budynk\u00f3w.<\/p><\/div>\n\t\t\t\t<\/div>\n\t\t\t\t<\/div>\n\t\t\t\t\t\t<\/div>\n\t\t\t<\/div>\n\t\t<\/div>\n\t\t\t\t<div class=\"elementor-element elementor-element-853dfaa elementor-column elementor-col-16 elementor-top-column\" data-id=\"853dfaa\" data-element_type=\"column\">\n\t\t\t<div class=\"elementor-column-wrap  elementor-element-populated\">\n\t\t\t\t\t<div class=\"elementor-widget-wrap\">\n\t\t\t\t<div class=\"elementor-element elementor-element-1fa2c28 elementor-widget elementor-widget-image\" data-id=\"1fa2c28\" data-element_type=\"widget\" data-widget_type=\"image.default\">\n\t\t\t\t<div class=\"elementor-widget-container\">\n\t\t\t\t\t<div class=\"elementor-image\">\n\t\t\t\t\t\t\t\t\t\t\t<a data-elementor-open-lightbox=\"default\" href=\"http:\/\/deco.com.pl\/wp-content\/uploads\/2020\/01\/teviva-realizacja-scaled.jpg\">\n\t\t\t\t\t\t\t<img loading=\"lazy\" decoding=\"async\" width=\"2560\" height=\"1244\" src=\"https:\/\/deco.com.pl\/wp-content\/uploads\/2020\/01\/teviva-realizacja-scaled.jpg\" class=\"attachment-full size-full\" alt=\"\" srcset=\"https:\/\/deco.com.pl\/wp-content\/uploads\/2020\/01\/teviva-realizacja-scaled.jpg 2560w, https:\/\/deco.com.pl\/wp-content\/uploads\/2020\/01\/teviva-realizacja-300x146.jpg 300w, https:\/\/deco.com.pl\/wp-content\/uploads\/2020\/01\/teviva-realizacja-1024x498.jpg 1024w, https:\/\/deco.com.pl\/wp-content\/uploads\/2020\/01\/teviva-realizacja-768x373.jpg 768w, https:\/\/deco.com.pl\/wp-content\/uploads\/2020\/01\/teviva-realizacja-1536x747.jpg 1536w, https:\/\/deco.com.pl\/wp-content\/uploads\/2020\/01\/teviva-realizacja-2048x996.jpg 2048w\" sizes=\"(max-width: 2560px) 100vw, 2560px\" \/>\t\t\t\t\t\t\t\t<\/a>\n\t\t\t\t\t\t\t\t\t\t\t<\/div>\n\t\t\t\t<\/div>\n\t\t\t\t<\/div>\n\t\t\t\t\t\t<\/div>\n\t\t\t<\/div>\n\t\t<\/div>\n\t\t\t\t\t\t<\/div>\n\t\t\t<\/div>\n\t\t<\/section>\n\t\t\t\t<section class=\"elementor-element elementor-element-c13e91d elementor-section-boxed elementor-section-height-default elementor-section-height-default elementor-section elementor-top-section\" data-id=\"c13e91d\" data-element_type=\"section\">\n\t\t\t\t\t\t<div class=\"elementor-container elementor-column-gap-default\">\n\t\t\t\t<div class=\"elementor-row\">\n\t\t\t\t<div class=\"elementor-element elementor-element-546e3f2 elementor-column elementor-col-16 elementor-top-column\" data-id=\"546e3f2\" data-element_type=\"column\" data-settings=\"{&quot;background_background&quot;:&quot;classic&quot;}\">\n\t\t\t<div class=\"elementor-column-wrap  elementor-element-populated\">\n\t\t\t\t\t<div class=\"elementor-widget-wrap\">\n\t\t\t\t<div class=\"elementor-element elementor-element-678facb elementor-widget elementor-widget-image\" data-id=\"678facb\" data-element_type=\"widget\" data-widget_type=\"image.default\">\n\t\t\t\t<div class=\"elementor-widget-container\">\n\t\t\t\t\t<div class=\"elementor-image\">\n\t\t\t\t\t\t\t\t\t\t\t<a data-elementor-open-lightbox=\"default\" href=\"http:\/\/deco.com.pl\/wp-content\/uploads\/2020\/01\/DOMINO.jpg\">\n\t\t\t\t\t\t\t<img loading=\"lazy\" decoding=\"async\" width=\"242\" height=\"400\" src=\"https:\/\/deco.com.pl\/wp-content\/uploads\/2020\/01\/DOMINO.jpg\" class=\"attachment-large size-large\" alt=\"\" srcset=\"https:\/\/deco.com.pl\/wp-content\/uploads\/2020\/01\/DOMINO.jpg 242w, https:\/\/deco.com.pl\/wp-content\/uploads\/2020\/01\/DOMINO-182x300.jpg 182w\" sizes=\"(max-width: 242px) 100vw, 242px\" \/>\t\t\t\t\t\t\t\t<\/a>\n\t\t\t\t\t\t\t\t\t\t\t<\/div>\n\t\t\t\t<\/div>\n\t\t\t\t<\/div>\n\t\t\t\t\t\t<\/div>\n\t\t\t<\/div>\n\t\t<\/div>\n\t\t\t\t<div class=\"elementor-element elementor-element-6d6eb86 elementor-column elementor-col-66 elementor-top-column\" data-id=\"6d6eb86\" data-element_type=\"column\">\n\t\t\t<div class=\"elementor-column-wrap  elementor-element-populated\">\n\t\t\t\t\t<div class=\"elementor-widget-wrap\">\n\t\t\t\t<div class=\"elementor-element elementor-element-3c6b8b1 elementor-widget elementor-widget-heading\" data-id=\"3c6b8b1\" data-element_type=\"widget\" data-widget_type=\"heading.default\">\n\t\t\t\t<div class=\"elementor-widget-container\">\n\t\t\t<h2 class=\"elementor-heading-title elementor-size-default\">Creaton Domino<\/h2>\t\t<\/div>\n\t\t\t\t<\/div>\n\t\t\t\t<div class=\"elementor-element elementor-element-8e7b9f5 elementor-widget elementor-widget-text-editor\" data-id=\"8e7b9f5\" data-element_type=\"widget\" data-widget_type=\"text-editor.default\">\n\t\t\t\t<div class=\"elementor-widget-container\">\n\t\t\t\t\t<div class=\"elementor-text-editor elementor-clearfix\"><p>Domino to udane po\u0142\u0105czenie niezwyk\u0142ych zalet dach\u00f3wki ceramicznej z nowoczesn\u0105 form\u0105 na miar\u0119 wsp\u00f3\u0142czesno\u015bci. Charakterystyczny design dach\u00f3wek DOMINO nacechowany jest maksymalnie formaln\u0105 si\u0142\u0105 wyrazu i rezygnacj\u0105 z jakichkolwiek zb\u0119dnych \u015brodk\u00f3w stylistycznych. Jednocze\u015bnie dach\u00f3wka odznacza si\u0119 optymaln\u0105 funkcjonalno\u015bci\u0105 i ekonomiczno\u015bci\u0105 \u2013 co powinni doceni\u0107 zar\u00f3wno dekarze, jak i inwestorzy. Creaton DOMINO jest pi\u0119knym, w dos\u0142ownym tego s\u0142owa znaczeniu, przyk\u0142adem przewagi prawdziwej markowej jako\u015bci.<\/p><p>Uformowane schodkowo zak\u0142adki chroni\u0105 niezawodnie przed wnikaniem wody i zanieczyszcze\u0144. Dach\u00f3wka na miar\u0119 naszych czas\u00f3w \u2013 dla wszystkich, kt\u00f3rzy ponad wszystko ceni\u0105 prostot\u0119.<\/p><\/div>\n\t\t\t\t<\/div>\n\t\t\t\t<\/div>\n\t\t\t\t\t\t<\/div>\n\t\t\t<\/div>\n\t\t<\/div>\n\t\t\t\t<div class=\"elementor-element elementor-element-ce5972a elementor-column elementor-col-16 elementor-top-column\" data-id=\"ce5972a\" data-element_type=\"column\">\n\t\t\t<div class=\"elementor-column-wrap  elementor-element-populated\">\n\t\t\t\t\t<div class=\"elementor-widget-wrap\">\n\t\t\t\t<div class=\"elementor-element elementor-element-f5402a9 elementor-widget elementor-widget-image\" data-id=\"f5402a9\" data-element_type=\"widget\" data-widget_type=\"image.default\">\n\t\t\t\t<div class=\"elementor-widget-container\">\n\t\t\t\t\t<div class=\"elementor-image\">\n\t\t\t\t\t\t\t\t\t\t\t<a data-elementor-open-lightbox=\"default\" href=\"http:\/\/deco.com.pl\/wp-content\/uploads\/2020\/01\/creaton-domino-realizacja-scaled.jpg\">\n\t\t\t\t\t\t\t<img loading=\"lazy\" decoding=\"async\" width=\"2560\" height=\"1440\" src=\"https:\/\/deco.com.pl\/wp-content\/uploads\/2020\/01\/creaton-domino-realizacja-scaled.jpg\" class=\"attachment-full size-full\" alt=\"\" srcset=\"https:\/\/deco.com.pl\/wp-content\/uploads\/2020\/01\/creaton-domino-realizacja-scaled.jpg 2560w, https:\/\/deco.com.pl\/wp-content\/uploads\/2020\/01\/creaton-domino-realizacja-300x169.jpg 300w, https:\/\/deco.com.pl\/wp-content\/uploads\/2020\/01\/creaton-domino-realizacja-1024x576.jpg 1024w, https:\/\/deco.com.pl\/wp-content\/uploads\/2020\/01\/creaton-domino-realizacja-768x432.jpg 768w, https:\/\/deco.com.pl\/wp-content\/uploads\/2020\/01\/creaton-domino-realizacja-1536x864.jpg 1536w, https:\/\/deco.com.pl\/wp-content\/uploads\/2020\/01\/creaton-domino-realizacja-2048x1152.jpg 2048w\" sizes=\"(max-width: 2560px) 100vw, 2560px\" \/>\t\t\t\t\t\t\t\t<\/a>\n\t\t\t\t\t\t\t\t\t\t\t<\/div>\n\t\t\t\t<\/div>\n\t\t\t\t<\/div>\n\t\t\t\t\t\t<\/div>\n\t\t\t<\/div>\n\t\t<\/div>\n\t\t\t\t\t\t<\/div>\n\t\t\t<\/div>\n\t\t<\/section>\n\t\t\t\t<section class=\"elementor-element elementor-element-70e2468 elementor-section-boxed elementor-section-height-default elementor-section-height-default elementor-section elementor-top-section\" data-id=\"70e2468\" data-element_type=\"section\">\n\t\t\t\t\t\t<div class=\"elementor-container elementor-column-gap-default\">\n\t\t\t\t<div class=\"elementor-row\">\n\t\t\t\t<div class=\"elementor-element elementor-element-add6112 elementor-column elementor-col-16 elementor-top-column\" data-id=\"add6112\" data-element_type=\"column\" data-settings=\"{&quot;background_background&quot;:&quot;classic&quot;}\">\n\t\t\t<div class=\"elementor-column-wrap  elementor-element-populated\">\n\t\t\t\t\t<div class=\"elementor-widget-wrap\">\n\t\t\t\t<div class=\"elementor-element elementor-element-d362291 elementor-widget elementor-widget-image\" data-id=\"d362291\" data-element_type=\"widget\" data-widget_type=\"image.default\">\n\t\t\t\t<div class=\"elementor-widget-container\">\n\t\t\t\t\t<div class=\"elementor-image\">\n\t\t\t\t\t\t\t\t\t\t\t<a data-elementor-open-lightbox=\"default\" href=\"http:\/\/deco.com.pl\/wp-content\/uploads\/2020\/01\/SIMPLA.jpg\">\n\t\t\t\t\t\t\t<img loading=\"lazy\" decoding=\"async\" width=\"280\" height=\"400\" src=\"https:\/\/deco.com.pl\/wp-content\/uploads\/2020\/01\/SIMPLA.jpg\" class=\"attachment-large size-large\" alt=\"\" srcset=\"https:\/\/deco.com.pl\/wp-content\/uploads\/2020\/01\/SIMPLA.jpg 280w, https:\/\/deco.com.pl\/wp-content\/uploads\/2020\/01\/SIMPLA-210x300.jpg 210w\" sizes=\"(max-width: 280px) 100vw, 280px\" \/>\t\t\t\t\t\t\t\t<\/a>\n\t\t\t\t\t\t\t\t\t\t\t<\/div>\n\t\t\t\t<\/div>\n\t\t\t\t<\/div>\n\t\t\t\t\t\t<\/div>\n\t\t\t<\/div>\n\t\t<\/div>\n\t\t\t\t<div class=\"elementor-element elementor-element-c05b4fa elementor-column elementor-col-66 elementor-top-column\" data-id=\"c05b4fa\" data-element_type=\"column\">\n\t\t\t<div class=\"elementor-column-wrap  elementor-element-populated\">\n\t\t\t\t\t<div class=\"elementor-widget-wrap\">\n\t\t\t\t<div class=\"elementor-element elementor-element-65298f9 elementor-widget elementor-widget-heading\" data-id=\"65298f9\" data-element_type=\"widget\" data-widget_type=\"heading.default\">\n\t\t\t\t<div class=\"elementor-widget-container\">\n\t\t\t<h2 class=\"elementor-heading-title elementor-size-default\">Creaton Simpla<\/h2>\t\t<\/div>\n\t\t\t\t<\/div>\n\t\t\t\t<div class=\"elementor-element elementor-element-5e18cc8 elementor-widget elementor-widget-text-editor\" data-id=\"5e18cc8\" data-element_type=\"widget\" data-widget_type=\"text-editor.default\">\n\t\t\t\t<div class=\"elementor-widget-container\">\n\t\t\t\t\t<div class=\"elementor-text-editor elementor-clearfix\"><p>P\u0142aska dach\u00f3wka ceramiczna SIMPLA\u00ae wyr\u00f3\u017cnia si\u0119 wyj\u0105tkowym wzornictwem i najlepszymi parametrami u\u017cytkowymi charakteryzuj\u0105cymi dach\u00f3wk\u0119 ceramiczn\u0105 nowej generacji. Dach\u00f3wka o doskona\u0142ych proporcjach 300 x 500 mm i niezwykle g\u0142adkiej powierzchni jest interesuj\u0105c\u0105 propozycj\u0105 na dachy wsp\u00f3\u0142czesnej, neomodernistycznej architektury.<\/p><p>Zaawansowane rozwi\u0105zania technologiczne takie jak: wzmacniaj\u0105ce\u00a0 o\u017cebrowanie spodnie, unikalna konstrukcja zamk\u00f3w czy podw\u00f3jne odprowadzanie wody z powierzchni dachu czyni\u0105 z Simpli dach\u00f3wk\u0119 trwa\u0142\u0105, stabiln\u0105, wydajn\u0105 i \u0142atw\u0105 w monta\u017cu.<\/p><\/div>\n\t\t\t\t<\/div>\n\t\t\t\t<\/div>\n\t\t\t\t\t\t<\/div>\n\t\t\t<\/div>\n\t\t<\/div>\n\t\t\t\t<div class=\"elementor-element elementor-element-d2fdb90 elementor-column elementor-col-16 elementor-top-column\" data-id=\"d2fdb90\" data-element_type=\"column\">\n\t\t\t<div class=\"elementor-column-wrap  elementor-element-populated\">\n\t\t\t\t\t<div class=\"elementor-widget-wrap\">\n\t\t\t\t<div class=\"elementor-element elementor-element-309e37a elementor-widget elementor-widget-image\" data-id=\"309e37a\" data-element_type=\"widget\" data-widget_type=\"image.default\">\n\t\t\t\t<div class=\"elementor-widget-container\">\n\t\t\t\t\t<div class=\"elementor-image\">\n\t\t\t\t\t\t\t\t\t\t\t<a data-elementor-open-lightbox=\"default\" href=\"http:\/\/deco.com.pl\/wp-content\/uploads\/2020\/01\/simpla-realizacja-scaled.jpg\">\n\t\t\t\t\t\t\t<img loading=\"lazy\" decoding=\"async\" width=\"2560\" height=\"1244\" src=\"https:\/\/deco.com.pl\/wp-content\/uploads\/2020\/01\/simpla-realizacja-scaled.jpg\" class=\"attachment-full size-full\" alt=\"\" srcset=\"https:\/\/deco.com.pl\/wp-content\/uploads\/2020\/01\/simpla-realizacja-scaled.jpg 2560w, https:\/\/deco.com.pl\/wp-content\/uploads\/2020\/01\/simpla-realizacja-300x146.jpg 300w, https:\/\/deco.com.pl\/wp-content\/uploads\/2020\/01\/simpla-realizacja-1024x498.jpg 1024w, https:\/\/deco.com.pl\/wp-content\/uploads\/2020\/01\/simpla-realizacja-768x373.jpg 768w, https:\/\/deco.com.pl\/wp-content\/uploads\/2020\/01\/simpla-realizacja-1536x747.jpg 1536w, https:\/\/deco.com.pl\/wp-content\/uploads\/2020\/01\/simpla-realizacja-2048x996.jpg 2048w\" sizes=\"(max-width: 2560px) 100vw, 2560px\" \/>\t\t\t\t\t\t\t\t<\/a>\n\t\t\t\t\t\t\t\t\t\t\t<\/div>\n\t\t\t\t<\/div>\n\t\t\t\t<\/div>\n\t\t\t\t\t\t<\/div>\n\t\t\t<\/div>\n\t\t<\/div>\n\t\t\t\t\t\t<\/div>\n\t\t\t<\/div>\n\t\t<\/section>\n\t\t\t\t<section class=\"elementor-element elementor-element-5cc92ba elementor-section-boxed elementor-section-height-default elementor-section-height-default elementor-section elementor-top-section\" data-id=\"5cc92ba\" data-element_type=\"section\">\n\t\t\t\t\t\t<div class=\"elementor-container elementor-column-gap-default\">\n\t\t\t\t<div class=\"elementor-row\">\n\t\t\t\t<div class=\"elementor-element elementor-element-bc39433 elementor-column elementor-col-16 elementor-top-column\" data-id=\"bc39433\" data-element_type=\"column\" data-settings=\"{&quot;background_background&quot;:&quot;classic&quot;}\">\n\t\t\t<div class=\"elementor-column-wrap  elementor-element-populated\">\n\t\t\t\t\t<div class=\"elementor-widget-wrap\">\n\t\t\t\t<div class=\"elementor-element elementor-element-8546760 elementor-widget elementor-widget-image\" data-id=\"8546760\" data-element_type=\"widget\" data-widget_type=\"image.default\">\n\t\t\t\t<div class=\"elementor-widget-container\">\n\t\t\t\t\t<div class=\"elementor-image\">\n\t\t\t\t\t\t\t\t\t\t\t<a data-elementor-open-lightbox=\"default\" href=\"http:\/\/deco.com.pl\/wp-content\/uploads\/2020\/01\/meyer-holsen-PIANO.jpg\">\n\t\t\t\t\t\t\t<img loading=\"lazy\" decoding=\"async\" width=\"450\" height=\"448\" src=\"https:\/\/deco.com.pl\/wp-content\/uploads\/2020\/01\/meyer-holsen-PIANO.jpg\" class=\"attachment-large size-large\" alt=\"\" srcset=\"https:\/\/deco.com.pl\/wp-content\/uploads\/2020\/01\/meyer-holsen-PIANO.jpg 450w, https:\/\/deco.com.pl\/wp-content\/uploads\/2020\/01\/meyer-holsen-PIANO-300x300.jpg 300w, https:\/\/deco.com.pl\/wp-content\/uploads\/2020\/01\/meyer-holsen-PIANO-150x150.jpg 150w\" sizes=\"(max-width: 450px) 100vw, 450px\" \/>\t\t\t\t\t\t\t\t<\/a>\n\t\t\t\t\t\t\t\t\t\t\t<\/div>\n\t\t\t\t<\/div>\n\t\t\t\t<\/div>\n\t\t\t\t\t\t<\/div>\n\t\t\t<\/div>\n\t\t<\/div>\n\t\t\t\t<div class=\"elementor-element elementor-element-25929c0 elementor-column elementor-col-66 elementor-top-column\" data-id=\"25929c0\" data-element_type=\"column\">\n\t\t\t<div class=\"elementor-column-wrap  elementor-element-populated\">\n\t\t\t\t\t<div class=\"elementor-widget-wrap\">\n\t\t\t\t<div class=\"elementor-element elementor-element-cc74fd2 elementor-widget elementor-widget-heading\" data-id=\"cc74fd2\" data-element_type=\"widget\" data-widget_type=\"heading.default\">\n\t\t\t\t<div class=\"elementor-widget-container\">\n\t\t\t<h2 class=\"elementor-heading-title elementor-size-default\">Meyer Holsen Piano<\/h2>\t\t<\/div>\n\t\t\t\t<\/div>\n\t\t\t\t<div class=\"elementor-element elementor-element-a767265 elementor-widget elementor-widget-text-editor\" data-id=\"a767265\" data-element_type=\"widget\" data-widget_type=\"text-editor.default\">\n\t\t\t\t<div class=\"elementor-widget-container\">\n\t\t\t\t\t<div class=\"elementor-text-editor elementor-clearfix\"><p>Prostoliniowo\u015b\u0107 dach\u00f3wki Piano sprawia, \u017ce nadaje si\u0119 ona do przedsi\u0119wzi\u0119\u0107 budowlanych o nowoczesnej architekturze. Meyer Holsen Piano gwarantuje idealny wygl\u0105d zar\u00f3wno w przypadku dom\u00f3w jednorodzinnych o minimalistycznej architekturze, jak i w przypadku willi miejskich w klasycznym stylu architektonicznym.<\/p><\/div>\n\t\t\t\t<\/div>\n\t\t\t\t<\/div>\n\t\t\t\t\t\t<\/div>\n\t\t\t<\/div>\n\t\t<\/div>\n\t\t\t\t<div class=\"elementor-element elementor-element-8c19e87 elementor-column elementor-col-16 elementor-top-column\" data-id=\"8c19e87\" data-element_type=\"column\">\n\t\t\t<div class=\"elementor-column-wrap  elementor-element-populated\">\n\t\t\t\t\t<div class=\"elementor-widget-wrap\">\n\t\t\t\t<div class=\"elementor-element elementor-element-b40c342 elementor-widget elementor-widget-image\" data-id=\"b40c342\" data-element_type=\"widget\" data-widget_type=\"image.default\">\n\t\t\t\t<div class=\"elementor-widget-container\">\n\t\t\t\t\t<div class=\"elementor-image\">\n\t\t\t\t\t\t\t\t\t\t\t<a data-elementor-open-lightbox=\"default\" href=\"http:\/\/deco.com.pl\/wp-content\/uploads\/2020\/01\/meyer-holsen-piano-realizacja-scaled.jpg\">\n\t\t\t\t\t\t\t<img loading=\"lazy\" decoding=\"async\" width=\"2560\" height=\"1920\" src=\"https:\/\/deco.com.pl\/wp-content\/uploads\/2020\/01\/meyer-holsen-piano-realizacja-scaled.jpg\" class=\"attachment-full size-full\" alt=\"\" srcset=\"https:\/\/deco.com.pl\/wp-content\/uploads\/2020\/01\/meyer-holsen-piano-realizacja-scaled.jpg 2560w, https:\/\/deco.com.pl\/wp-content\/uploads\/2020\/01\/meyer-holsen-piano-realizacja-300x225.jpg 300w, https:\/\/deco.com.pl\/wp-content\/uploads\/2020\/01\/meyer-holsen-piano-realizacja-1024x768.jpg 1024w, https:\/\/deco.com.pl\/wp-content\/uploads\/2020\/01\/meyer-holsen-piano-realizacja-768x576.jpg 768w, https:\/\/deco.com.pl\/wp-content\/uploads\/2020\/01\/meyer-holsen-piano-realizacja-1536x1152.jpg 1536w, https:\/\/deco.com.pl\/wp-content\/uploads\/2020\/01\/meyer-holsen-piano-realizacja-2048x1536.jpg 2048w\" sizes=\"(max-width: 2560px) 100vw, 2560px\" \/>\t\t\t\t\t\t\t\t<\/a>\n\t\t\t\t\t\t\t\t\t\t\t<\/div>\n\t\t\t\t<\/div>\n\t\t\t\t<\/div>\n\t\t\t\t\t\t<\/div>\n\t\t\t<\/div>\n\t\t<\/div>\n\t\t\t\t\t\t<\/div>\n\t\t\t<\/div>\n\t\t<\/section>\n\t\t\t\t<section class=\"elementor-element elementor-element-8c93f5a elementor-section-boxed elementor-section-height-default elementor-section-height-default elementor-section elementor-top-section\" data-id=\"8c93f5a\" data-element_type=\"section\">\n\t\t\t\t\t\t<div class=\"elementor-container elementor-column-gap-default\">\n\t\t\t\t<div class=\"elementor-row\">\n\t\t\t\t<div class=\"elementor-element elementor-element-cb5617b elementor-column elementor-col-16 elementor-top-column\" data-id=\"cb5617b\" data-element_type=\"column\" data-settings=\"{&quot;background_background&quot;:&quot;classic&quot;}\">\n\t\t\t<div class=\"elementor-column-wrap  elementor-element-populated\">\n\t\t\t\t\t<div class=\"elementor-widget-wrap\">\n\t\t\t\t<div class=\"elementor-element elementor-element-12d7729 elementor-widget elementor-widget-image\" data-id=\"12d7729\" data-element_type=\"widget\" data-widget_type=\"image.default\">\n\t\t\t\t<div class=\"elementor-widget-container\">\n\t\t\t\t\t<div class=\"elementor-image\">\n\t\t\t\t\t\t\t\t\t\t\t<a data-elementor-open-lightbox=\"default\" href=\"http:\/\/deco.com.pl\/wp-content\/uploads\/2020\/01\/IMERYS-HP-10.png\">\n\t\t\t\t\t\t\t<img loading=\"lazy\" decoding=\"async\" width=\"222\" height=\"300\" src=\"https:\/\/deco.com.pl\/wp-content\/uploads\/2020\/01\/IMERYS-HP-10.png\" class=\"attachment-large size-large\" alt=\"\" \/>\t\t\t\t\t\t\t\t<\/a>\n\t\t\t\t\t\t\t\t\t\t\t<\/div>\n\t\t\t\t<\/div>\n\t\t\t\t<\/div>\n\t\t\t\t\t\t<\/div>\n\t\t\t<\/div>\n\t\t<\/div>\n\t\t\t\t<div class=\"elementor-element elementor-element-9009dbf elementor-column elementor-col-66 elementor-top-column\" data-id=\"9009dbf\" data-element_type=\"column\">\n\t\t\t<div class=\"elementor-column-wrap  elementor-element-populated\">\n\t\t\t\t\t<div class=\"elementor-widget-wrap\">\n\t\t\t\t<div class=\"elementor-element elementor-element-4857d3c elementor-widget elementor-widget-heading\" data-id=\"4857d3c\" data-element_type=\"widget\" data-widget_type=\"heading.default\">\n\t\t\t\t<div class=\"elementor-widget-container\">\n\t\t\t<h2 class=\"elementor-heading-title elementor-size-default\">Imerys HP 10<\/h2>\t\t<\/div>\n\t\t\t\t<\/div>\n\t\t\t\t<div class=\"elementor-element elementor-element-35c1b6f elementor-widget elementor-widget-text-editor\" data-id=\"35c1b6f\" data-element_type=\"widget\" data-widget_type=\"text-editor.default\">\n\t\t\t\t<div class=\"elementor-widget-container\">\n\t\t\t\t\t<div class=\"elementor-text-editor elementor-clearfix\"><p>Dach\u00f3wka HP 10 Huguenot to du\u017cy model o p\u0142askim wygl\u0105dzie. Jest to dach\u00f3wka ceramiczna produkowana we Francji, podobnie jak wszystkie modele z rodziny Imerys. Formuje si\u0119 j\u0105 i wypieka w zak\u0142adzie w Saint Germer de Fly w regionie Beauvaisis.<\/p><\/div>\n\t\t\t\t<\/div>\n\t\t\t\t<\/div>\n\t\t\t\t\t\t<\/div>\n\t\t\t<\/div>\n\t\t<\/div>\n\t\t\t\t<div class=\"elementor-element elementor-element-c092c4b elementor-column elementor-col-16 elementor-top-column\" data-id=\"c092c4b\" data-element_type=\"column\">\n\t\t\t<div class=\"elementor-column-wrap  elementor-element-populated\">\n\t\t\t\t\t<div class=\"elementor-widget-wrap\">\n\t\t\t\t<div class=\"elementor-element elementor-element-0b1ba75 elementor-widget elementor-widget-image\" data-id=\"0b1ba75\" data-element_type=\"widget\" data-widget_type=\"image.default\">\n\t\t\t\t<div class=\"elementor-widget-container\">\n\t\t\t\t\t<div class=\"elementor-image\">\n\t\t\t\t\t\t\t\t\t\t\t<a data-elementor-open-lightbox=\"default\" href=\"http:\/\/deco.com.pl\/wp-content\/uploads\/2020\/01\/imerys-hp-10-realizacja-scaled.jpg\">\n\t\t\t\t\t\t\t<img loading=\"lazy\" decoding=\"async\" width=\"2560\" height=\"1440\" src=\"https:\/\/deco.com.pl\/wp-content\/uploads\/2020\/01\/imerys-hp-10-realizacja-scaled.jpg\" class=\"attachment-full size-full\" alt=\"\" srcset=\"https:\/\/deco.com.pl\/wp-content\/uploads\/2020\/01\/imerys-hp-10-realizacja-scaled.jpg 2560w, https:\/\/deco.com.pl\/wp-content\/uploads\/2020\/01\/imerys-hp-10-realizacja-300x169.jpg 300w, https:\/\/deco.com.pl\/wp-content\/uploads\/2020\/01\/imerys-hp-10-realizacja-1024x576.jpg 1024w, https:\/\/deco.com.pl\/wp-content\/uploads\/2020\/01\/imerys-hp-10-realizacja-768x432.jpg 768w, https:\/\/deco.com.pl\/wp-content\/uploads\/2020\/01\/imerys-hp-10-realizacja-1536x864.jpg 1536w, https:\/\/deco.com.pl\/wp-content\/uploads\/2020\/01\/imerys-hp-10-realizacja-2048x1152.jpg 2048w\" sizes=\"(max-width: 2560px) 100vw, 2560px\" \/>\t\t\t\t\t\t\t\t<\/a>\n\t\t\t\t\t\t\t\t\t\t\t<\/div>\n\t\t\t\t<\/div>\n\t\t\t\t<\/div>\n\t\t\t\t\t\t<\/div>\n\t\t\t<\/div>\n\t\t<\/div>\n\t\t\t\t\t\t<\/div>\n\t\t\t<\/div>\n\t\t<\/section>\n\t\t\t\t<section class=\"elementor-element elementor-element-93b6042 elementor-section-boxed elementor-section-height-default elementor-section-height-default elementor-section elementor-top-section\" data-id=\"93b6042\" data-element_type=\"section\">\n\t\t\t\t\t\t<div class=\"elementor-container elementor-column-gap-default\">\n\t\t\t\t<div class=\"elementor-row\">\n\t\t\t\t<div class=\"elementor-element elementor-element-de21c2c elementor-column elementor-col-16 elementor-top-column\" data-id=\"de21c2c\" data-element_type=\"column\" data-settings=\"{&quot;background_background&quot;:&quot;classic&quot;}\">\n\t\t\t<div class=\"elementor-column-wrap  elementor-element-populated\">\n\t\t\t\t\t<div class=\"elementor-widget-wrap\">\n\t\t\t\t<div class=\"elementor-element elementor-element-2d5a365 elementor-widget elementor-widget-image\" data-id=\"2d5a365\" data-element_type=\"widget\" data-widget_type=\"image.default\">\n\t\t\t\t<div class=\"elementor-widget-container\">\n\t\t\t\t\t<div class=\"elementor-image\">\n\t\t\t\t\t\t\t\t\t\t\t<a data-elementor-open-lightbox=\"default\" href=\"http:\/\/deco.com.pl\/wp-content\/uploads\/2020\/01\/BERGAMO.png\">\n\t\t\t\t\t\t\t<img loading=\"lazy\" decoding=\"async\" width=\"360\" height=\"379\" src=\"https:\/\/deco.com.pl\/wp-content\/uploads\/2020\/01\/BERGAMO.png\" class=\"attachment-large size-large\" alt=\"\" srcset=\"https:\/\/deco.com.pl\/wp-content\/uploads\/2020\/01\/BERGAMO.png 360w, https:\/\/deco.com.pl\/wp-content\/uploads\/2020\/01\/BERGAMO-285x300.png 285w\" sizes=\"(max-width: 360px) 100vw, 360px\" \/>\t\t\t\t\t\t\t\t<\/a>\n\t\t\t\t\t\t\t\t\t\t\t<\/div>\n\t\t\t\t<\/div>\n\t\t\t\t<\/div>\n\t\t\t\t\t\t<\/div>\n\t\t\t<\/div>\n\t\t<\/div>\n\t\t\t\t<div class=\"elementor-element elementor-element-f132b0d elementor-column elementor-col-66 elementor-top-column\" data-id=\"f132b0d\" data-element_type=\"column\">\n\t\t\t<div class=\"elementor-column-wrap  elementor-element-populated\">\n\t\t\t\t\t<div class=\"elementor-widget-wrap\">\n\t\t\t\t<div class=\"elementor-element elementor-element-cf000c9 elementor-widget elementor-widget-heading\" data-id=\"cf000c9\" data-element_type=\"widget\" data-widget_type=\"heading.default\">\n\t\t\t\t<div class=\"elementor-widget-container\">\n\t\t\t<h2 class=\"elementor-heading-title elementor-size-default\">Roben Bergamo<\/h2>\t\t<\/div>\n\t\t\t\t<\/div>\n\t\t\t\t<div class=\"elementor-element elementor-element-7a6bec6 elementor-widget elementor-widget-text-editor\" data-id=\"7a6bec6\" data-element_type=\"widget\" data-widget_type=\"text-editor.default\">\n\t\t\t\t<div class=\"elementor-widget-container\">\n\t\t\t\t\t<div class=\"elementor-text-editor elementor-clearfix\"><p><span style=\"font-size: 14px;\">P\u0142aska dach\u00f3wka idealnie odpowiadaj\u0105ca aktualnym trendom budowlanym, preferuj\u0105cym minimalizm zwartych w formie budynk\u00f3w przykrytych nieskomplikowanym dachem, r\u00f3wnie prostym co ca\u0142o\u015b\u0107 bry\u0142y.<\/span><\/p><p>To w\u0142a\u015bnie kszta\u0142t dach\u00f3wki w po\u0142\u0105czeniu z uznanymi od wiek\u00f3w walorami ceramiki sprawia, \u017ce jest optymalnym wyborem dla tych inwestor\u00f3w, kt\u00f3rzy stawiaj\u0105 na nowoczesne budownictwo, ale nie rezygnuj\u0105 z wysokiej jako\u015bci.<\/p><\/div>\n\t\t\t\t<\/div>\n\t\t\t\t<\/div>\n\t\t\t\t\t\t<\/div>\n\t\t\t<\/div>\n\t\t<\/div>\n\t\t\t\t<div class=\"elementor-element elementor-element-ed2b067 elementor-column elementor-col-16 elementor-top-column\" data-id=\"ed2b067\" data-element_type=\"column\">\n\t\t\t<div class=\"elementor-column-wrap  elementor-element-populated\">\n\t\t\t\t\t<div class=\"elementor-widget-wrap\">\n\t\t\t\t<div class=\"elementor-element elementor-element-28a5087 elementor-widget elementor-widget-image\" data-id=\"28a5087\" data-element_type=\"widget\" data-widget_type=\"image.default\">\n\t\t\t\t<div class=\"elementor-widget-container\">\n\t\t\t\t\t<div class=\"elementor-image\">\n\t\t\t\t\t\t\t\t\t\t\t<a data-elementor-open-lightbox=\"default\" href=\"http:\/\/deco.com.pl\/wp-content\/uploads\/2020\/01\/bergamo-realizacja-scaled.jpg\">\n\t\t\t\t\t\t\t<img loading=\"lazy\" decoding=\"async\" width=\"2560\" height=\"1440\" src=\"https:\/\/deco.com.pl\/wp-content\/uploads\/2020\/01\/bergamo-realizacja-scaled.jpg\" class=\"attachment-full size-full\" alt=\"\" srcset=\"https:\/\/deco.com.pl\/wp-content\/uploads\/2020\/01\/bergamo-realizacja-scaled.jpg 2560w, https:\/\/deco.com.pl\/wp-content\/uploads\/2020\/01\/bergamo-realizacja-300x169.jpg 300w, https:\/\/deco.com.pl\/wp-content\/uploads\/2020\/01\/bergamo-realizacja-1024x576.jpg 1024w, https:\/\/deco.com.pl\/wp-content\/uploads\/2020\/01\/bergamo-realizacja-768x432.jpg 768w, https:\/\/deco.com.pl\/wp-content\/uploads\/2020\/01\/bergamo-realizacja-1536x864.jpg 1536w, https:\/\/deco.com.pl\/wp-content\/uploads\/2020\/01\/bergamo-realizacja-2048x1152.jpg 2048w\" sizes=\"(max-width: 2560px) 100vw, 2560px\" \/>\t\t\t\t\t\t\t\t<\/a>\n\t\t\t\t\t\t\t\t\t\t\t<\/div>\n\t\t\t\t<\/div>\n\t\t\t\t<\/div>\n\t\t\t\t\t\t<\/div>\n\t\t\t<\/div>\n\t\t<\/div>\n\t\t\t\t\t\t<\/div>\n\t\t\t<\/div>\n\t\t<\/section>\n\t\t\t\t<section class=\"elementor-element elementor-element-2413116 elementor-section-boxed elementor-section-height-default elementor-section-height-default elementor-section elementor-top-section\" data-id=\"2413116\" data-element_type=\"section\">\n\t\t\t\t\t\t<div class=\"elementor-container elementor-column-gap-default\">\n\t\t\t\t<div class=\"elementor-row\">\n\t\t\t\t<div class=\"elementor-element elementor-element-5b16d06 elementor-column elementor-col-16 elementor-top-column\" data-id=\"5b16d06\" data-element_type=\"column\" data-settings=\"{&quot;background_background&quot;:&quot;classic&quot;}\">\n\t\t\t<div class=\"elementor-column-wrap  elementor-element-populated\">\n\t\t\t\t\t<div class=\"elementor-widget-wrap\">\n\t\t\t\t<div class=\"elementor-element elementor-element-852d160 elementor-widget elementor-widget-image\" data-id=\"852d160\" data-element_type=\"widget\" data-widget_type=\"image.default\">\n\t\t\t\t<div class=\"elementor-widget-container\">\n\t\t\t\t\t<div class=\"elementor-image\">\n\t\t\t\t\t\t\t\t\t\t\t<a data-elementor-open-lightbox=\"default\" href=\"http:\/\/deco.com.pl\/wp-content\/uploads\/2020\/01\/OREA-9.png\">\n\t\t\t\t\t\t\t<img loading=\"lazy\" decoding=\"async\" width=\"298\" height=\"367\" src=\"https:\/\/deco.com.pl\/wp-content\/uploads\/2020\/01\/OREA-9.png\" class=\"attachment-large size-large\" alt=\"\" srcset=\"https:\/\/deco.com.pl\/wp-content\/uploads\/2020\/01\/OREA-9.png 298w, https:\/\/deco.com.pl\/wp-content\/uploads\/2020\/01\/OREA-9-244x300.png 244w\" sizes=\"(max-width: 298px) 100vw, 298px\" \/>\t\t\t\t\t\t\t\t<\/a>\n\t\t\t\t\t\t\t\t\t\t\t<\/div>\n\t\t\t\t<\/div>\n\t\t\t\t<\/div>\n\t\t\t\t\t\t<\/div>\n\t\t\t<\/div>\n\t\t<\/div>\n\t\t\t\t<div class=\"elementor-element elementor-element-f1f0ba6 elementor-column elementor-col-66 elementor-top-column\" data-id=\"f1f0ba6\" data-element_type=\"column\">\n\t\t\t<div class=\"elementor-column-wrap  elementor-element-populated\">\n\t\t\t\t\t<div class=\"elementor-widget-wrap\">\n\t\t\t\t<div class=\"elementor-element elementor-element-6d0b3bd elementor-widget elementor-widget-heading\" data-id=\"6d0b3bd\" data-element_type=\"widget\" data-widget_type=\"heading.default\">\n\t\t\t\t<div class=\"elementor-widget-container\">\n\t\t\t<h2 class=\"elementor-heading-title elementor-size-default\">Koramic Orea 9<\/h2>\t\t<\/div>\n\t\t\t\t<\/div>\n\t\t\t\t<div class=\"elementor-element elementor-element-6f6b979 elementor-widget elementor-widget-text-editor\" data-id=\"6f6b979\" data-element_type=\"widget\" data-widget_type=\"text-editor.default\">\n\t\t\t\t<div class=\"elementor-widget-container\">\n\t\t\t\t\t<div class=\"elementor-text-editor elementor-clearfix\"><p>Dach\u00f3wki Orea 9 swoj\u0105 p\u0142ask\u0105 i g\u0142adk\u0105 powierzchni\u0119 zawdzi\u0119czaj\u0105 specjalnej technologii produkcji. Proces wytwarzania dach\u00f3wki \u2013 ka\u017cda sztuka wypalana jest w oddzielnej formie \u2013 zapewnia doskona\u0142y, p\u0142aski kszta\u0142t, a tak\u017ce najwy\u017csz\u0105 trwa\u0142o\u015b\u0107 produktu. Koramic Orea 9 jest dost\u0119pna z pe\u0142n\u0105 gam\u0105 dodatk\u00f3w ceramicznych, kt\u00f3re umo\u017cliwiaj\u0105 prawid\u0142owe wykonanie dachu od strony technicznej oraz pomagaj\u0105 wyko\u0144czy\u0107 w estetyczny spos\u00f3b ka\u017cdy detal. Co wa\u017cne, dzi\u0119ki dost\u0119pno\u015bci dach\u00f3wki po\u0142\u00f3wkowej oraz po\u0142\u00f3wkowych dach\u00f3wek szczytowych, mo\u017cna uk\u0142ada\u0107 po\u0142a\u0107 na dwa sposoby: tradycyjnie oraz w u\u0142o\u017ceniu mijankowym, z przesuni\u0119ciem o po\u0142ow\u0119 w kolejnych rz\u0119dach.<\/p><\/div>\n\t\t\t\t<\/div>\n\t\t\t\t<\/div>\n\t\t\t\t\t\t<\/div>\n\t\t\t<\/div>\n\t\t<\/div>\n\t\t\t\t<div class=\"elementor-element elementor-element-c5a8a45 elementor-column elementor-col-16 elementor-top-column\" data-id=\"c5a8a45\" data-element_type=\"column\">\n\t\t\t<div class=\"elementor-column-wrap  elementor-element-populated\">\n\t\t\t\t\t<div class=\"elementor-widget-wrap\">\n\t\t\t\t<div class=\"elementor-element elementor-element-892bf59 elementor-widget elementor-widget-image\" data-id=\"892bf59\" data-element_type=\"widget\" data-widget_type=\"image.default\">\n\t\t\t\t<div class=\"elementor-widget-container\">\n\t\t\t\t\t<div class=\"elementor-image\">\n\t\t\t\t\t\t\t\t\t\t\t<a data-elementor-open-lightbox=\"default\" href=\"http:\/\/deco.com.pl\/wp-content\/uploads\/2020\/01\/orea-9-realizacja-scaled.jpg\">\n\t\t\t\t\t\t\t<img loading=\"lazy\" decoding=\"async\" width=\"2560\" height=\"1244\" src=\"https:\/\/deco.com.pl\/wp-content\/uploads\/2020\/01\/orea-9-realizacja-scaled.jpg\" class=\"attachment-full size-full\" alt=\"\" srcset=\"https:\/\/deco.com.pl\/wp-content\/uploads\/2020\/01\/orea-9-realizacja-scaled.jpg 2560w, https:\/\/deco.com.pl\/wp-content\/uploads\/2020\/01\/orea-9-realizacja-300x146.jpg 300w, https:\/\/deco.com.pl\/wp-content\/uploads\/2020\/01\/orea-9-realizacja-1024x498.jpg 1024w, https:\/\/deco.com.pl\/wp-content\/uploads\/2020\/01\/orea-9-realizacja-768x373.jpg 768w, https:\/\/deco.com.pl\/wp-content\/uploads\/2020\/01\/orea-9-realizacja-1536x747.jpg 1536w, https:\/\/deco.com.pl\/wp-content\/uploads\/2020\/01\/orea-9-realizacja-2048x996.jpg 2048w\" sizes=\"(max-width: 2560px) 100vw, 2560px\" \/>\t\t\t\t\t\t\t\t<\/a>\n\t\t\t\t\t\t\t\t\t\t\t<\/div>\n\t\t\t\t<\/div>\n\t\t\t\t<\/div>\n\t\t\t\t\t\t<\/div>\n\t\t\t<\/div>\n\t\t<\/div>\n\t\t\t\t\t\t<\/div>\n\t\t\t<\/div>\n\t\t<\/section>\n\t\t\t\t\t\t<\/div>\n\t\t\t<\/div>\n\t\t<\/div>\n\t\t","protected":false},"excerpt":{"rendered":"<p>Erlus Linea Erlus Linea jest najlepszym produktem w klasie dach\u00f3wek p\u0142askich, kilkukrotnie przewy\u017cszaj\u0105c normy europejskie. Jako jedyna dach\u00f3wka p\u0142aska posiada certyfikat odporno\u015bci na gradobicie. Jest to r\u00f3wnie\u017c jedyna dach\u00f3wka wypalana w temperaturze powy\u017cej 1200 C dzi\u0119ki czemu cechuje si\u0119 ekstremaln\u0105 mrozoodporno\u015bci\u0105 oraz nisk\u0105 nasi\u0105kliwo\u015bci\u0105. Proces wypalania nadaje Linei szczeg\u00f3ln\u0105 odporno\u015b\u0107 na warunki pogodowe. Dach\u00f3wka cechuje [&hellip;]<\/p>\n","protected":false},"author":1,"featured_media":0,"parent":0,"menu_order":0,"comment_status":"closed","ping_status":"closed","template":"","meta":{"ocean_post_layout":"","ocean_both_sidebars_style":"","ocean_both_sidebars_content_width":0,"ocean_both_sidebars_sidebars_width":0,"ocean_sidebar":"0","ocean_second_sidebar":"0","ocean_disable_margins":"enable","ocean_add_body_class":"","ocean_shortcode_before_top_bar":"","ocean_shortcode_after_top_bar":"","ocean_shortcode_before_header":"","ocean_shortcode_after_header":"","ocean_has_shortcode":"","ocean_shortcode_after_title":"","ocean_shortcode_before_footer_widgets":"","ocean_shortcode_after_footer_widgets":"","ocean_shortcode_before_footer_bottom":"","ocean_shortcode_after_footer_bottom":"","ocean_display_top_bar":"default","ocean_display_header":"default","ocean_header_style":"","ocean_center_header_left_menu":"0","ocean_custom_header_template":"0","ocean_custom_logo":0,"ocean_custom_retina_logo":0,"ocean_custom_logo_max_width":0,"ocean_custom_logo_tablet_max_width":0,"ocean_custom_logo_mobile_max_width":0,"ocean_custom_logo_max_height":0,"ocean_custom_logo_tablet_max_height":0,"ocean_custom_logo_mobile_max_height":0,"ocean_header_custom_menu":"0","ocean_menu_typo_font_family":"0","ocean_menu_typo_font_subset":"","ocean_menu_typo_font_size":0,"ocean_menu_typo_font_size_tablet":0,"ocean_menu_typo_font_size_mobile":0,"ocean_menu_typo_font_size_unit":"px","ocean_menu_typo_font_weight":"","ocean_menu_typo_font_weight_tablet":"","ocean_menu_typo_font_weight_mobile":"","ocean_menu_typo_transform":"","ocean_menu_typo_transform_tablet":"","ocean_menu_typo_transform_mobile":"","ocean_menu_typo_line_height":0,"ocean_menu_typo_line_height_tablet":0,"ocean_menu_typo_line_height_mobile":0,"ocean_menu_typo_line_height_unit":"","ocean_menu_typo_spacing":0,"ocean_menu_typo_spacing_tablet":0,"ocean_menu_typo_spacing_mobile":0,"ocean_menu_typo_spacing_unit":"","ocean_menu_link_color":"","ocean_menu_link_color_hover":"","ocean_menu_link_color_active":"","ocean_menu_link_background":"","ocean_menu_link_hover_background":"","ocean_menu_link_active_background":"","ocean_menu_social_links_bg":"","ocean_menu_social_hover_links_bg":"","ocean_menu_social_links_color":"","ocean_menu_social_hover_links_color":"","ocean_disable_title":"default","ocean_disable_heading":"default","ocean_post_title":"","ocean_post_subheading":"","ocean_post_title_style":"background-image","ocean_post_title_background_color":"","ocean_post_title_background":855,"ocean_post_title_bg_image_position":"","ocean_post_title_bg_image_attachment":"","ocean_post_title_bg_image_repeat":"","ocean_post_title_bg_image_size":"auto","ocean_post_title_height":0,"ocean_post_title_bg_overlay":0.5,"ocean_post_title_bg_overlay_color":"","ocean_disable_breadcrumbs":"default","ocean_breadcrumbs_color":"","ocean_breadcrumbs_separator_color":"","ocean_breadcrumbs_links_color":"","ocean_breadcrumbs_links_hover_color":"","ocean_display_footer_widgets":"default","ocean_display_footer_bottom":"default","ocean_custom_footer_template":"0","footnotes":""},"yoast_head":"<!-- This site is optimized with the Yoast SEO plugin v22.3 - https:\/\/yoast.com\/wordpress\/plugins\/seo\/ -->\n<title>DACH\u00d3WKI P\u0141ASKIE - Mamy wszystko na tw\u00f3j dach Erlus Linea<\/title>\n<meta name=\"robots\" content=\"index, follow, max-snippet:-1, max-image-preview:large, max-video-preview:-1\" \/>\n<link rel=\"canonical\" href=\"https:\/\/deco.com.pl\/index.php\/dachowki-plaskie\/\" \/>\n<meta property=\"og:locale\" content=\"pl_PL\" \/>\n<meta property=\"og:type\" content=\"article\" \/>\n<meta property=\"og:title\" content=\"DACH\u00d3WKI P\u0141ASKIE - Mamy wszystko na tw\u00f3j dach Erlus Linea\" \/>\n<meta property=\"og:description\" content=\"Erlus Linea Erlus Linea jest najlepszym produktem w klasie dach\u00f3wek p\u0142askich, kilkukrotnie przewy\u017cszaj\u0105c normy europejskie. Jako jedyna dach\u00f3wka p\u0142aska posiada certyfikat odporno\u015bci na gradobicie. Jest to r\u00f3wnie\u017c jedyna dach\u00f3wka wypalana w temperaturze powy\u017cej 1200 C dzi\u0119ki czemu cechuje si\u0119 ekstremaln\u0105 mrozoodporno\u015bci\u0105 oraz nisk\u0105 nasi\u0105kliwo\u015bci\u0105. Proces wypalania nadaje Linei szczeg\u00f3ln\u0105 odporno\u015b\u0107 na warunki pogodowe. Dach\u00f3wka cechuje [&hellip;]\" \/>\n<meta property=\"og:url\" content=\"https:\/\/deco.com.pl\/index.php\/dachowki-plaskie\/\" \/>\n<meta property=\"og:site_name\" content=\"Mamy wszystko na tw\u00f3j dach\" \/>\n<meta property=\"article:publisher\" content=\"https:\/\/www.facebook.com\/decodachy\" \/>\n<meta property=\"article:modified_time\" content=\"2023-10-13T09:49:00+00:00\" \/>\n<meta property=\"og:image\" content=\"http:\/\/deco.com.pl\/wp-content\/uploads\/2020\/01\/erlus-linea1.jpg\" \/>\n<meta name=\"twitter:card\" content=\"summary_large_image\" \/>\n<meta name=\"twitter:label1\" content=\"Szacowany czas czytania\" \/>\n\t<meta name=\"twitter:data1\" content=\"4 minuty\" \/>\n<script type=\"application\/ld+json\" class=\"yoast-schema-graph\">{\"@context\":\"https:\/\/schema.org\",\"@graph\":[{\"@type\":\"WebPage\",\"@id\":\"https:\/\/deco.com.pl\/index.php\/dachowki-plaskie\/\",\"url\":\"https:\/\/deco.com.pl\/index.php\/dachowki-plaskie\/\",\"name\":\"DACH\u00d3WKI P\u0141ASKIE - Mamy wszystko na tw\u00f3j dach Erlus Linea\",\"isPartOf\":{\"@id\":\"https:\/\/deco.com.pl\/#website\"},\"primaryImageOfPage\":{\"@id\":\"https:\/\/deco.com.pl\/index.php\/dachowki-plaskie\/#primaryimage\"},\"image\":{\"@id\":\"https:\/\/deco.com.pl\/index.php\/dachowki-plaskie\/#primaryimage\"},\"thumbnailUrl\":\"http:\/\/deco.com.pl\/wp-content\/uploads\/2020\/01\/erlus-linea1.jpg\",\"datePublished\":\"2020-01-28T15:40:34+00:00\",\"dateModified\":\"2023-10-13T09:49:00+00:00\",\"breadcrumb\":{\"@id\":\"https:\/\/deco.com.pl\/index.php\/dachowki-plaskie\/#breadcrumb\"},\"inLanguage\":\"pl-PL\",\"potentialAction\":[{\"@type\":\"ReadAction\",\"target\":[\"https:\/\/deco.com.pl\/index.php\/dachowki-plaskie\/\"]}]},{\"@type\":\"ImageObject\",\"inLanguage\":\"pl-PL\",\"@id\":\"https:\/\/deco.com.pl\/index.php\/dachowki-plaskie\/#primaryimage\",\"url\":\"http:\/\/deco.com.pl\/wp-content\/uploads\/2020\/01\/erlus-linea1.jpg\",\"contentUrl\":\"http:\/\/deco.com.pl\/wp-content\/uploads\/2020\/01\/erlus-linea1.jpg\"},{\"@type\":\"BreadcrumbList\",\"@id\":\"https:\/\/deco.com.pl\/index.php\/dachowki-plaskie\/#breadcrumb\",\"itemListElement\":[{\"@type\":\"ListItem\",\"position\":1,\"name\":\"Strona g\u0142\u00f3wna\",\"item\":\"https:\/\/deco.com.pl\/\"},{\"@type\":\"ListItem\",\"position\":2,\"name\":\"DACH\u00d3WKI P\u0141ASKIE\"}]},{\"@type\":\"WebSite\",\"@id\":\"https:\/\/deco.com.pl\/#website\",\"url\":\"https:\/\/deco.com.pl\/\",\"name\":\"Mamy wszystko na tw\u00f3j dach\",\"description\":\"DECO Pokrycia Dachowe\",\"publisher\":{\"@id\":\"https:\/\/deco.com.pl\/#organization\"},\"potentialAction\":[{\"@type\":\"SearchAction\",\"target\":{\"@type\":\"EntryPoint\",\"urlTemplate\":\"https:\/\/deco.com.pl\/?s={search_term_string}\"},\"query-input\":\"required name=search_term_string\"}],\"inLanguage\":\"pl-PL\"},{\"@type\":\"Organization\",\"@id\":\"https:\/\/deco.com.pl\/#organization\",\"name\":\"Mamy wszystko na tw\u00f3j dach\",\"url\":\"https:\/\/deco.com.pl\/\",\"logo\":{\"@type\":\"ImageObject\",\"inLanguage\":\"pl-PL\",\"@id\":\"https:\/\/deco.com.pl\/#\/schema\/logo\/image\/\",\"url\":\"https:\/\/deco.com.pl\/wp-content\/uploads\/2020\/01\/cropped-logotlo2.png\",\"contentUrl\":\"https:\/\/deco.com.pl\/wp-content\/uploads\/2020\/01\/cropped-logotlo2.png\",\"width\":1206,\"height\":330,\"caption\":\"Mamy wszystko na tw\u00f3j dach\"},\"image\":{\"@id\":\"https:\/\/deco.com.pl\/#\/schema\/logo\/image\/\"},\"sameAs\":[\"https:\/\/www.facebook.com\/decodachy\"]}]}<\/script>\n<!-- \/ Yoast SEO plugin. -->","yoast_head_json":{"title":"DACH\u00d3WKI P\u0141ASKIE - Mamy wszystko na tw\u00f3j dach Erlus Linea","robots":{"index":"index","follow":"follow","max-snippet":"max-snippet:-1","max-image-preview":"max-image-preview:large","max-video-preview":"max-video-preview:-1"},"canonical":"https:\/\/deco.com.pl\/index.php\/dachowki-plaskie\/","og_locale":"pl_PL","og_type":"article","og_title":"DACH\u00d3WKI P\u0141ASKIE - Mamy wszystko na tw\u00f3j dach Erlus Linea","og_description":"Erlus Linea Erlus Linea jest najlepszym produktem w klasie dach\u00f3wek p\u0142askich, kilkukrotnie przewy\u017cszaj\u0105c normy europejskie. Jako jedyna dach\u00f3wka p\u0142aska posiada certyfikat odporno\u015bci na gradobicie. Jest to r\u00f3wnie\u017c jedyna dach\u00f3wka wypalana w temperaturze powy\u017cej 1200 C dzi\u0119ki czemu cechuje si\u0119 ekstremaln\u0105 mrozoodporno\u015bci\u0105 oraz nisk\u0105 nasi\u0105kliwo\u015bci\u0105. Proces wypalania nadaje Linei szczeg\u00f3ln\u0105 odporno\u015b\u0107 na warunki pogodowe. Dach\u00f3wka cechuje [&hellip;]","og_url":"https:\/\/deco.com.pl\/index.php\/dachowki-plaskie\/","og_site_name":"Mamy wszystko na tw\u00f3j dach","article_publisher":"https:\/\/www.facebook.com\/decodachy","article_modified_time":"2023-10-13T09:49:00+00:00","og_image":[{"url":"http:\/\/deco.com.pl\/wp-content\/uploads\/2020\/01\/erlus-linea1.jpg"}],"twitter_card":"summary_large_image","twitter_misc":{"Szacowany czas czytania":"4 minuty"},"schema":{"@context":"https:\/\/schema.org","@graph":[{"@type":"WebPage","@id":"https:\/\/deco.com.pl\/index.php\/dachowki-plaskie\/","url":"https:\/\/deco.com.pl\/index.php\/dachowki-plaskie\/","name":"DACH\u00d3WKI P\u0141ASKIE - Mamy wszystko na tw\u00f3j dach Erlus Linea","isPartOf":{"@id":"https:\/\/deco.com.pl\/#website"},"primaryImageOfPage":{"@id":"https:\/\/deco.com.pl\/index.php\/dachowki-plaskie\/#primaryimage"},"image":{"@id":"https:\/\/deco.com.pl\/index.php\/dachowki-plaskie\/#primaryimage"},"thumbnailUrl":"http:\/\/deco.com.pl\/wp-content\/uploads\/2020\/01\/erlus-linea1.jpg","datePublished":"2020-01-28T15:40:34+00:00","dateModified":"2023-10-13T09:49:00+00:00","breadcrumb":{"@id":"https:\/\/deco.com.pl\/index.php\/dachowki-plaskie\/#breadcrumb"},"inLanguage":"pl-PL","potentialAction":[{"@type":"ReadAction","target":["https:\/\/deco.com.pl\/index.php\/dachowki-plaskie\/"]}]},{"@type":"ImageObject","inLanguage":"pl-PL","@id":"https:\/\/deco.com.pl\/index.php\/dachowki-plaskie\/#primaryimage","url":"http:\/\/deco.com.pl\/wp-content\/uploads\/2020\/01\/erlus-linea1.jpg","contentUrl":"http:\/\/deco.com.pl\/wp-content\/uploads\/2020\/01\/erlus-linea1.jpg"},{"@type":"BreadcrumbList","@id":"https:\/\/deco.com.pl\/index.php\/dachowki-plaskie\/#breadcrumb","itemListElement":[{"@type":"ListItem","position":1,"name":"Strona g\u0142\u00f3wna","item":"https:\/\/deco.com.pl\/"},{"@type":"ListItem","position":2,"name":"DACH\u00d3WKI P\u0141ASKIE"}]},{"@type":"WebSite","@id":"https:\/\/deco.com.pl\/#website","url":"https:\/\/deco.com.pl\/","name":"Mamy wszystko na tw\u00f3j dach","description":"DECO Pokrycia Dachowe","publisher":{"@id":"https:\/\/deco.com.pl\/#organization"},"potentialAction":[{"@type":"SearchAction","target":{"@type":"EntryPoint","urlTemplate":"https:\/\/deco.com.pl\/?s={search_term_string}"},"query-input":"required name=search_term_string"}],"inLanguage":"pl-PL"},{"@type":"Organization","@id":"https:\/\/deco.com.pl\/#organization","name":"Mamy wszystko na tw\u00f3j dach","url":"https:\/\/deco.com.pl\/","logo":{"@type":"ImageObject","inLanguage":"pl-PL","@id":"https:\/\/deco.com.pl\/#\/schema\/logo\/image\/","url":"https:\/\/deco.com.pl\/wp-content\/uploads\/2020\/01\/cropped-logotlo2.png","contentUrl":"https:\/\/deco.com.pl\/wp-content\/uploads\/2020\/01\/cropped-logotlo2.png","width":1206,"height":330,"caption":"Mamy wszystko na tw\u00f3j dach"},"image":{"@id":"https:\/\/deco.com.pl\/#\/schema\/logo\/image\/"},"sameAs":["https:\/\/www.facebook.com\/decodachy"]}]}},"_links":{"self":[{"href":"https:\/\/deco.com.pl\/index.php\/wp-json\/wp\/v2\/pages\/865"}],"collection":[{"href":"https:\/\/deco.com.pl\/index.php\/wp-json\/wp\/v2\/pages"}],"about":[{"href":"https:\/\/deco.com.pl\/index.php\/wp-json\/wp\/v2\/types\/page"}],"author":[{"embeddable":true,"href":"https:\/\/deco.com.pl\/index.php\/wp-json\/wp\/v2\/users\/1"}],"replies":[{"embeddable":true,"href":"https:\/\/deco.com.pl\/index.php\/wp-json\/wp\/v2\/comments?post=865"}],"version-history":[{"count":13,"href":"https:\/\/deco.com.pl\/index.php\/wp-json\/wp\/v2\/pages\/865\/revisions"}],"predecessor-version":[{"id":1327,"href":"https:\/\/deco.com.pl\/index.php\/wp-json\/wp\/v2\/pages\/865\/revisions\/1327"}],"wp:attachment":[{"href":"https:\/\/deco.com.pl\/index.php\/wp-json\/wp\/v2\/media?parent=865"}],"curies":[{"name":"wp","href":"https:\/\/api.w.org\/{rel}","templated":true}]}}